{"id":2893,"date":"2022-02-28T11:55:38","date_gmt":"2022-02-28T10:55:38","guid":{"rendered":"https:\/\/esztergom-anno.hu.webhost.v-comp.ch\/?page_id=2893"},"modified":"2022-03-06T11:42:57","modified_gmt":"2022-03-06T10:42:57","slug":"galeriak","status":"publish","type":"page","link":"https:\/\/esztergom-anno.hu.webhost.v-comp.ch\/?page_id=2893","title":{"rendered":"Gal\u00e9ri\u00e1k"},"content":{"rendered":"\n<div class=\"wp-block-columns is-layout-flex wp-container-core-columns-is-layout-9d6595d7 wp-block-columns-is-layout-flex\">\n<div class=\"wp-block-column is-layout-flow wp-block-column-is-layout-flow\" style=\"flex-basis:100%\"><\/div>\n<\/div>\n\n\n\n<div class=\"wp-block-columns is-layout-flex wp-container-core-columns-is-layout-9d6595d7 wp-block-columns-is-layout-flex\">\n<div class=\"wp-block-column is-layout-flow wp-block-column-is-layout-flow\" style=\"flex-basis:33.33%\"><nav class=\"items-justified-left is-vertical wp-block-navigation is-content-justification-left is-layout-flex wp-container-core-navigation-is-layout-c0ca7d81 wp-block-navigation-is-layout-flex\" aria-label=\"Gal\u00e9ri\u00e1k\"><ul class=\"wp-block-navigation__container items-justified-left is-vertical wp-block-navigation\"><li class=\" wp-block-navigation-item wp-block-navigation-link\"><a class=\"wp-block-navigation-item__content\"  href=\"https:\/\/esztergom-anno.hu.webhost.v-comp.ch\/?page_id=2847\"><span class=\"wp-block-navigation-item__label\">1000 \u00e9ves Esztergom<\/span><\/a><\/li><li class=\" wp-block-navigation-item wp-block-navigation-link\"><a class=\"wp-block-navigation-item__content\"  href=\"https:\/\/esztergom-anno.hu.webhost.v-comp.ch\/?page_id=2845\"><span class=\"wp-block-navigation-item__label\">Diafilm<\/span><\/a><\/li><li class=\" wp-block-navigation-item wp-block-navigation-link\"><a class=\"wp-block-navigation-item__content\"  href=\"https:\/\/esztergom-anno.hu.webhost.v-comp.ch\/?page_id=2843\"><span class=\"wp-block-navigation-item__label\">Egyh\u00e1zi szem\u00e9lyek<\/span><\/a><\/li><li class=\" wp-block-navigation-item wp-block-navigation-link\"><a class=\"wp-block-navigation-item__content\"  href=\"https:\/\/esztergom-anno.hu.webhost.v-comp.ch\/?page_id=2838\"><span class=\"wp-block-navigation-item__label\">Id\u00f6utaz\u00e1s<\/span><\/a><\/li><li class=\" wp-block-navigation-item wp-block-navigation-link\"><a class=\"wp-block-navigation-item__content\"  href=\"https:\/\/esztergom-anno.hu.webhost.v-comp.ch\/?page_id=2834\"><span class=\"wp-block-navigation-item__label\">Kar\u00e1csony Anno<\/span><\/a><\/li><li class=\" wp-block-navigation-item wp-block-navigation-link\"><a class=\"wp-block-navigation-item__content\"  href=\"https:\/\/esztergom-anno.hu.webhost.v-comp.ch\/?page_id=2832\"><span class=\"wp-block-navigation-item__label\">Keresztek<\/span><\/a><\/li><li class=\" wp-block-navigation-item wp-block-navigation-link\"><a class=\"wp-block-navigation-item__content\"  href=\"https:\/\/esztergom-anno.hu.webhost.v-comp.ch\/?page_id=2830\"><span class=\"wp-block-navigation-item__label\">N\u0151k Anno<\/span><\/a><\/li><li class=\" wp-block-navigation-item wp-block-navigation-link\"><a class=\"wp-block-navigation-item__content\"  href=\"https:\/\/esztergom-anno.hu.webhost.v-comp.ch\/?page_id=2827\"><span class=\"wp-block-navigation-item__label\">Pap\u00edr r\u00e9gis\u00e9gek<\/span><\/a><\/li><li class=\" wp-block-navigation-item wp-block-navigation-link\"><a class=\"wp-block-navigation-item__content\"  href=\"https:\/\/esztergom-anno.hu.webhost.v-comp.ch\/?page_id=2825\"><span class=\"wp-block-navigation-item__label\">Diashow<\/span><\/a><\/li><li class=\" wp-block-navigation-item wp-block-navigation-link\"><a class=\"wp-block-navigation-item__content\"  href=\"https:\/\/esztergom-anno.hu.webhost.v-comp.ch\/?page_id=2823\"><span class=\"wp-block-navigation-item__label\">Egy\u00e9b<\/span><\/a><\/li><li class=\" wp-block-navigation-item wp-block-navigation-link\"><a class=\"wp-block-navigation-item__content\"  href=\"https:\/\/esztergom-anno.hu.webhost.v-comp.ch\/?page_id=2821\"><span class=\"wp-block-navigation-item__label\">Festm\u00e9nyek<\/span><\/a><\/li><li class=\" wp-block-navigation-item wp-block-navigation-link\"><a class=\"wp-block-navigation-item__content\"  href=\"https:\/\/esztergom-anno.hu.webhost.v-comp.ch\/?page_id=2819\"><span class=\"wp-block-navigation-item__label\">Foly\u00f3iratok, \u00fajs\u00e1gok<\/span><\/a><\/li><li class=\" wp-block-navigation-item wp-block-navigation-link\"><a class=\"wp-block-navigation-item__content\"  href=\"https:\/\/esztergom-anno.hu.webhost.v-comp.ch\/?page_id=2816\"><span class=\"wp-block-navigation-item__label\">F\u00e9nyk\u00e9pek<\/span><\/a><\/li><\/ul><\/nav><\/div>\n\n\n\n<div class=\"wp-block-column is-layout-flow wp-block-column-is-layout-flow\" style=\"flex-basis:66.66%\"><nav class=\"items-justified-right is-vertical wp-block-navigation is-content-justification-right is-layout-flex wp-container-core-navigation-is-layout-b6c475e2 wp-block-navigation-is-layout-flex\" aria-label=\"K\u00e9peslap gal\u00e9ria\"><ul class=\"wp-block-navigation__container items-justified-right is-vertical wp-block-navigation\"><li class=\" wp-block-navigation-item wp-block-navigation-link\"><a class=\"wp-block-navigation-item__content\"  href=\"https:\/\/esztergom-anno.hu.webhost.v-comp.ch\/?page_id=2766\"><span class=\"wp-block-navigation-item__label\">Sz\u00fclet\u00e9snapi k\u00e9peslapok<\/span><\/a><\/li><li class=\" wp-block-navigation-item wp-block-navigation-link\"><a class=\"wp-block-navigation-item__content\"  href=\"https:\/\/esztergom-anno.hu.webhost.v-comp.ch\/?page_id=2768\"><span class=\"wp-block-navigation-item__label\">N\u00e9vnapi k\u00e9peslapok<\/span><\/a><\/li><li class=\" wp-block-navigation-item wp-block-navigation-link\"><a class=\"wp-block-navigation-item__content\"  href=\"https:\/\/esztergom-anno.hu.webhost.v-comp.ch\/?page_id=2841\"><span class=\"wp-block-navigation-item__label\">H\u00fasv\u00e9ti k\u00e9peslapok<\/span><\/a><\/li><li class=\" wp-block-navigation-item wp-block-navigation-link\"><a class=\"wp-block-navigation-item__content\"  href=\"https:\/\/esztergom-anno.hu.webhost.v-comp.ch\/?page_id=2782\"><span class=\"wp-block-navigation-item__label\">K\u00e9peslapok \/ Vegyes<\/span><\/a><\/li><li class=\" wp-block-navigation-item wp-block-navigation-link\"><a class=\"wp-block-navigation-item__content\"  href=\"https:\/\/esztergom-anno.hu.webhost.v-comp.ch\/?page_id=2802\"><span class=\"wp-block-navigation-item__label\">K\u00e9peslapok \/ Vaskapu mened\u00e9kh\u00e1z<\/span><\/a><\/li><li class=\" wp-block-navigation-item wp-block-navigation-link\"><a class=\"wp-block-navigation-item__content\"  href=\"https:\/\/esztergom-anno.hu.webhost.v-comp.ch\/?page_id=2806\"><span class=\"wp-block-navigation-item__label\">K\u00e9peslapok \/ Templomok, K\u00e1poln\u00e1k<\/span><\/a><\/li><li class=\" wp-block-navigation-item wp-block-navigation-link\"><a class=\"wp-block-navigation-item__content\"  href=\"https:\/\/esztergom-anno.hu.webhost.v-comp.ch\/?page_id=2788\"><span class=\"wp-block-navigation-item__label\">K\u00e9peslapok \/ Szent-Istv\u00e1n f\u00fcrd\u0151<\/span><\/a><\/li><li class=\" wp-block-navigation-item wp-block-navigation-link\"><a class=\"wp-block-navigation-item__content\"  href=\"https:\/\/esztergom-anno.hu.webhost.v-comp.ch\/?page_id=2798\"><span class=\"wp-block-navigation-item__label\">K\u00e9peslapok \/ Szent Anna (Kerek) templom<\/span><\/a><\/li><li class=\" wp-block-navigation-item wp-block-navigation-link\"><a class=\"wp-block-navigation-item__content\"  href=\"https:\/\/esztergom-anno.hu.webhost.v-comp.ch\/?page_id=2794\"><span class=\"wp-block-navigation-item__label\">K\u00e9peslapok \/ Sz\u00e9chenyi t\u00e9r<\/span><\/a><\/li><li class=\" wp-block-navigation-item wp-block-navigation-link\"><a class=\"wp-block-navigation-item__content\"  href=\"https:\/\/esztergom-anno.hu.webhost.v-comp.ch\/?page_id=2778\"><span class=\"wp-block-navigation-item__label\">K\u00e9peslapok \/ Oktat\u00e1si int\u00e9zm\u00e9nyek<\/span><\/a><\/li><li class=\" wp-block-navigation-item wp-block-navigation-link\"><a class=\"wp-block-navigation-item__content\"  href=\"https:\/\/esztergom-anno.hu.webhost.v-comp.ch\/?page_id=2814\"><span class=\"wp-block-navigation-item__label\">K\u00e9peslapok \/ M\u00e1ria-Val\u00e9ria h\u00edd<\/span><\/a><\/li><li class=\" wp-block-navigation-item wp-block-navigation-link\"><a class=\"wp-block-navigation-item__content\"  href=\"https:\/\/esztergom-anno.hu.webhost.v-comp.ch\/?page_id=2790\"><span class=\"wp-block-navigation-item__label\">K\u00e9peslapok \/ Bazilika<\/span><\/a><\/li><li class=\" wp-block-navigation-item wp-block-navigation-link\"><a class=\"wp-block-navigation-item__content\"  href=\"https:\/\/esztergom-anno.hu.webhost.v-comp.ch\/?page_id=2800\"><span class=\"wp-block-navigation-item__label\">K\u00e9peslapok \/ Ferencz J\u00f3zsef utza<\/span><\/a><\/li><li class=\" wp-block-navigation-item wp-block-navigation-link\"><a class=\"wp-block-navigation-item__content\"  href=\"https:\/\/esztergom-anno.hu.webhost.v-comp.ch\/?page_id=2774\"><span class=\"wp-block-navigation-item__label\">K\u00e9peslapok \/ Haj\u00f3\u00e1llom\u00e1s<\/span><\/a><\/li><li class=\" wp-block-navigation-item wp-block-navigation-link\"><a class=\"wp-block-navigation-item__content\"  href=\"https:\/\/esztergom-anno.hu.webhost.v-comp.ch\/?page_id=2810\"><span class=\"wp-block-navigation-item__label\">K\u00e9peslapok \/ Kir\u00e1lyi v\u00e1r<\/span><\/a><\/li><li class=\" wp-block-navigation-item wp-block-navigation-link\"><a class=\"wp-block-navigation-item__content\"  href=\"https:\/\/esztergom-anno.hu.webhost.v-comp.ch\/?page_id=2757\"><span class=\"wp-block-navigation-item__label\">K\u00e9peslapok \/ Kis-Duna part<\/span><\/a><\/li><li class=\" wp-block-navigation-item wp-block-navigation-link\"><a class=\"wp-block-navigation-item__content\"  href=\"https:\/\/esztergom-anno.hu.webhost.v-comp.ch\/?page_id=2804\"><span class=\"wp-block-navigation-item__label\">K\u00e9peslapok \/ K\u00f3rh\u00e1z<\/span><\/a><\/li><li class=\" wp-block-navigation-item wp-block-navigation-link\"><a class=\"wp-block-navigation-item__content\"  href=\"https:\/\/esztergom-anno.hu.webhost.v-comp.ch\/?page_id=2792\"><span class=\"wp-block-navigation-item__label\">K\u00e9peslapok \/ Kossuth Lajos utza<\/span><\/a><\/li><li class=\" wp-block-navigation-item wp-block-navigation-link\"><a class=\"wp-block-navigation-item__content\"  href=\"https:\/\/esztergom-anno.hu.webhost.v-comp.ch\/?page_id=2786\"><span class=\"wp-block-navigation-item__label\">K\u00e9peslapok \/ Kov\u00e1cspatak<\/span><\/a><\/li><li class=\" wp-block-navigation-item wp-block-navigation-link\"><a class=\"wp-block-navigation-item__content\"  href=\"https:\/\/esztergom-anno.hu.webhost.v-comp.ch\/?page_id=2812\"><span class=\"wp-block-navigation-item__label\">K\u00e9peslapok \/ K\u00f6zponti K\u00e1v\u00e9h\u00e1z<\/span><\/a><\/li><li class=\" wp-block-navigation-item wp-block-navigation-link\"><a class=\"wp-block-navigation-item__content\"  href=\"https:\/\/esztergom-anno.hu.webhost.v-comp.ch\/?page_id=2780\"><span class=\"wp-block-navigation-item__label\">K\u00e9peslapok \/ L\u00e1tk\u00e9p<\/span><\/a><\/li><li class=\" wp-block-navigation-item wp-block-navigation-link\"><a class=\"wp-block-navigation-item__content\"  href=\"https:\/\/esztergom-anno.hu.webhost.v-comp.ch\/?page_id=2776\"><span class=\"wp-block-navigation-item__label\">K\u00e9peslapok \/ L\u00f6rinz ucza<\/span><\/a><\/li><li class=\" wp-block-navigation-item wp-block-navigation-link\"><a class=\"wp-block-navigation-item__content\"  href=\"https:\/\/esztergom-anno.hu.webhost.v-comp.ch\/?page_id=2814\"><span class=\"wp-block-navigation-item__label\">K\u00e9peslapok \/ M\u00e1ria-Val\u00e9ria h\u00edd<\/span><\/a><\/li><li class=\" wp-block-navigation-item wp-block-navigation-link\"><a class=\"wp-block-navigation-item__content\"  href=\"https:\/\/esztergom-anno.hu.webhost.v-comp.ch\/?page_id=2778\"><span class=\"wp-block-navigation-item__label\">K\u00e9peslapok \/ Oktat\u00e1si int\u00e9zm\u00e9nyek<\/span><\/a><\/li><li class=\" wp-block-navigation-item wp-block-navigation-link\"><a class=\"wp-block-navigation-item__content\"  href=\"https:\/\/esztergom-anno.hu.webhost.v-comp.ch\/?page_id=2794\"><span class=\"wp-block-navigation-item__label\">K\u00e9peslapok \/ Sz\u00e9chenyi t\u00e9r<\/span><\/a><\/li><li class=\" wp-block-navigation-item wp-block-navigation-link\"><a class=\"wp-block-navigation-item__content\"  href=\"https:\/\/esztergom-anno.hu.webhost.v-comp.ch\/?page_id=2798\"><span class=\"wp-block-navigation-item__label\">K\u00e9peslapok \/ Szent Anna (Kerek) templom<\/span><\/a><\/li><li class=\" wp-block-navigation-item wp-block-navigation-link\"><a class=\"wp-block-navigation-item__content\"  href=\"https:\/\/esztergom-anno.hu.webhost.v-comp.ch\/?page_id=2788\"><span class=\"wp-block-navigation-item__label\">K\u00e9peslapok \/ Szent-Istv\u00e1n f\u00fcrd\u0151<\/span><\/a><\/li><li class=\" wp-block-navigation-item wp-block-navigation-link\"><a class=\"wp-block-navigation-item__content\"  href=\"https:\/\/esztergom-anno.hu.webhost.v-comp.ch\/?page_id=2806\"><span class=\"wp-block-navigation-item__label\">K\u00e9peslapok \/ Templomok, K\u00e1poln\u00e1k<\/span><\/a><\/li><li class=\" wp-block-navigation-item wp-block-navigation-link\"><a class=\"wp-block-navigation-item__content\"  href=\"https:\/\/esztergom-anno.hu.webhost.v-comp.ch\/?page_id=2802\"><span class=\"wp-block-navigation-item__label\">K\u00e9peslapok \/ Vaskapu mened\u00e9kh\u00e1z<\/span><\/a><\/li><li class=\" wp-block-navigation-item wp-block-navigation-link\"><a class=\"wp-block-navigation-item__content\"  href=\"https:\/\/esztergom-anno.hu.webhost.v-comp.ch\/?page_id=2782\"><span class=\"wp-block-navigation-item__label\">K\u00e9peslapok \/ Vegyes<\/span><\/a><\/li><\/ul><\/nav><\/div>\n<\/div>\n\n\n\n<div class=\"wp-block-columns is-layout-flex wp-container-core-columns-is-layout-9d6595d7 wp-block-columns-is-layout-flex\">\n<div class=\"wp-block-column is-layout-flow wp-block-column-is-layout-flow\"><\/div>\n\n\n\n<div class=\"wp-block-column is-layout-flow wp-block-column-is-layout-flow\"><\/div>\n<\/div>\n\n\n\n<p><\/p>\n","protected":false},"excerpt":{"rendered":"","protected":false},"author":1,"featured_media":0,"parent":0,"menu_order":0,"comment_status":"closed","ping_status":"closed","template":"","meta":{"footnotes":""},"class_list":["post-2893","page","type-page","status-publish","hentry"],"_links":{"self":[{"href":"https:\/\/esztergom-anno.hu.webhost.v-comp.ch\/index.php?rest_route=\/wp\/v2\/pages\/2893","targetHints":{"allow":["GET"]}}],"collection":[{"href":"https:\/\/esztergom-anno.hu.webhost.v-comp.ch\/index.php?rest_route=\/wp\/v2\/pages"}],"about":[{"href":"https:\/\/esztergom-anno.hu.webhost.v-comp.ch\/index.php?rest_route=\/wp\/v2\/types\/page"}],"author":[{"embeddable":true,"href":"https:\/\/esztergom-anno.hu.webhost.v-comp.ch\/index.php?rest_route=\/wp\/v2\/users\/1"}],"replies":[{"embeddable":true,"href":"https:\/\/esztergom-anno.hu.webhost.v-comp.ch\/index.php?rest_route=%2Fwp%2Fv2%2Fcomments&post=2893"}],"version-history":[{"count":14,"href":"https:\/\/esztergom-anno.hu.webhost.v-comp.ch\/index.php?rest_route=\/wp\/v2\/pages\/2893\/revisions"}],"predecessor-version":[{"id":3050,"href":"https:\/\/esztergom-anno.hu.webhost.v-comp.ch\/index.php?rest_route=\/wp\/v2\/pages\/2893\/revisions\/3050"}],"wp:attachment":[{"href":"https:\/\/esztergom-anno.hu.webhost.v-comp.ch\/index.php?rest_route=%2Fwp%2Fv2%2Fmedia&parent=2893"}],"curies":[{"name":"wp","href":"https:\/\/api.w.org\/{rel}","templated":true}]}}