{"id":2827,"date":"2022-02-25T12:16:59","date_gmt":"2022-02-25T11:16:59","guid":{"rendered":"https:\/\/esztergom-anno.hu.webhost.v-comp.ch\/?page_id=2827"},"modified":"2022-02-25T12:17:09","modified_gmt":"2022-02-25T11:17:09","slug":"papir-regisegek","status":"publish","type":"page","link":"https:\/\/esztergom-anno.hu.webhost.v-comp.ch\/?page_id=2827","title":{"rendered":"Pap\u00edr r\u00e9gis\u00e9gek"},"content":{"rendered":"\n<figure class=\"wp-block-gallery has-nested-images columns-4 is-cropped wp-block-gallery-1 is-layout-flex wp-block-gallery-is-layout-flex\">\n<figure class=\"wp-block-image size-large\"><a href=\"https:\/\/esztergom-anno.hu.webhost.v-comp.ch\/wp-content\/uploads\/2009\/03\/szorolap.jpg\"><img loading=\"lazy\" decoding=\"async\" width=\"640\" height=\"922\" data-id=\"901\" src=\"http:\/\/esztergom-anno.hu.webhost.v-comp.ch\/wp-content\/uploads\/2009\/03\/szorolap.jpg\" alt=\"\" class=\"wp-image-901\" srcset=\"https:\/\/esztergom-anno.hu.webhost.v-comp.ch\/wp-content\/uploads\/2009\/03\/szorolap.jpg 640w, https:\/\/esztergom-anno.hu.webhost.v-comp.ch\/wp-content\/uploads\/2009\/03\/szorolap-208x300.jpg 208w\" sizes=\"auto, (max-width: 640px) 85vw, 640px\" \/><\/a><\/figure>\n\n\n\n<figure class=\"wp-block-image size-large\"><a href=\"https:\/\/esztergom-anno.hu.webhost.v-comp.ch\/wp-content\/uploads\/2009\/03\/takarekbetetkonyv..jpg\"><img loading=\"lazy\" decoding=\"async\" width=\"640\" height=\"485\" data-id=\"902\" src=\"http:\/\/esztergom-anno.hu.webhost.v-comp.ch\/wp-content\/uploads\/2009\/03\/takarekbetetkonyv..jpg\" alt=\"\" class=\"wp-image-902\" srcset=\"https:\/\/esztergom-anno.hu.webhost.v-comp.ch\/wp-content\/uploads\/2009\/03\/takarekbetetkonyv..jpg 640w, https:\/\/esztergom-anno.hu.webhost.v-comp.ch\/wp-content\/uploads\/2009\/03\/takarekbetetkonyv.-300x227.jpg 300w\" sizes=\"auto, (max-width: 640px) 85vw, 640px\" \/><\/a><\/figure>\n\n\n\n<figure class=\"wp-block-image size-large\"><a href=\"https:\/\/esztergom-anno.hu.webhost.v-comp.ch\/wp-content\/uploads\/2009\/03\/takarekbetetkonyv.jpg\"><img loading=\"lazy\" decoding=\"async\" width=\"640\" height=\"486\" data-id=\"903\" src=\"http:\/\/esztergom-anno.hu.webhost.v-comp.ch\/wp-content\/uploads\/2009\/03\/takarekbetetkonyv.jpg\" alt=\"\" class=\"wp-image-903\" srcset=\"https:\/\/esztergom-anno.hu.webhost.v-comp.ch\/wp-content\/uploads\/2009\/03\/takarekbetetkonyv.jpg 640w, https:\/\/esztergom-anno.hu.webhost.v-comp.ch\/wp-content\/uploads\/2009\/03\/takarekbetetkonyv-300x228.jpg 300w\" sizes=\"auto, (max-width: 640px) 85vw, 640px\" \/><\/a><\/figure>\n\n\n\n<figure class=\"wp-block-image size-large\"><a href=\"https:\/\/esztergom-anno.hu.webhost.v-comp.ch\/wp-content\/uploads\/2007\/11\/hotel-furdo..jpg\"><img loading=\"lazy\" decoding=\"async\" width=\"338\" height=\"480\" data-id=\"850\" src=\"http:\/\/esztergom-anno.hu.webhost.v-comp.ch\/wp-content\/uploads\/2007\/11\/hotel-furdo..jpg\" alt=\"\" class=\"wp-image-850\" srcset=\"https:\/\/esztergom-anno.hu.webhost.v-comp.ch\/wp-content\/uploads\/2007\/11\/hotel-furdo..jpg 338w, https:\/\/esztergom-anno.hu.webhost.v-comp.ch\/wp-content\/uploads\/2007\/11\/hotel-furdo.-211x300.jpg 211w\" sizes=\"auto, (max-width: 338px) 85vw, 338px\" \/><\/a><\/figure>\n\n\n\n<figure class=\"wp-block-image size-large\"><a href=\"https:\/\/esztergom-anno.hu.webhost.v-comp.ch\/wp-content\/uploads\/2007\/11\/hiv.tuzmester.jpg\"><img loading=\"lazy\" decoding=\"async\" width=\"768\" height=\"576\" data-id=\"849\" src=\"http:\/\/esztergom-anno.hu.webhost.v-comp.ch\/wp-content\/uploads\/2007\/11\/hiv.tuzmester.jpg\" alt=\"\" class=\"wp-image-849\" srcset=\"https:\/\/esztergom-anno.hu.webhost.v-comp.ch\/wp-content\/uploads\/2007\/11\/hiv.tuzmester.jpg 768w, https:\/\/esztergom-anno.hu.webhost.v-comp.ch\/wp-content\/uploads\/2007\/11\/hiv.tuzmester-300x225.jpg 300w\" sizes=\"auto, (max-width: 768px) 85vw, 768px\" \/><\/a><\/figure>\n\n\n\n<figure class=\"wp-block-image size-large\"><a href=\"https:\/\/esztergom-anno.hu.webhost.v-comp.ch\/wp-content\/uploads\/2007\/11\/szamlasaskaszarnya.jpg\"><img loading=\"lazy\" decoding=\"async\" width=\"576\" height=\"768\" data-id=\"900\" src=\"http:\/\/esztergom-anno.hu.webhost.v-comp.ch\/wp-content\/uploads\/2007\/11\/szamlasaskaszarnya.jpg\" alt=\"\" class=\"wp-image-900\" srcset=\"https:\/\/esztergom-anno.hu.webhost.v-comp.ch\/wp-content\/uploads\/2007\/11\/szamlasaskaszarnya.jpg 576w, https:\/\/esztergom-anno.hu.webhost.v-comp.ch\/wp-content\/uploads\/2007\/11\/szamlasaskaszarnya-225x300.jpg 225w\" sizes=\"auto, (max-width: 576px) 85vw, 576px\" \/><\/a><\/figure>\n\n\n\n<figure class=\"wp-block-image size-large\"><a href=\"https:\/\/esztergom-anno.hu.webhost.v-comp.ch\/wp-content\/uploads\/2007\/11\/szamlasaskaszarnya-2.jpg\"><img loading=\"lazy\" decoding=\"async\" width=\"576\" height=\"768\" data-id=\"899\" src=\"http:\/\/esztergom-anno.hu.webhost.v-comp.ch\/wp-content\/uploads\/2007\/11\/szamlasaskaszarnya-2.jpg\" alt=\"\" class=\"wp-image-899\" srcset=\"https:\/\/esztergom-anno.hu.webhost.v-comp.ch\/wp-content\/uploads\/2007\/11\/szamlasaskaszarnya-2.jpg 576w, https:\/\/esztergom-anno.hu.webhost.v-comp.ch\/wp-content\/uploads\/2007\/11\/szamlasaskaszarnya-2-225x300.jpg 225w\" sizes=\"auto, (max-width: 576px) 85vw, 576px\" \/><\/a><\/figure>\n\n\n\n<figure class=\"wp-block-image size-large\"><a href=\"https:\/\/esztergom-anno.hu.webhost.v-comp.ch\/wp-content\/uploads\/2007\/11\/kozmunka.jpg\"><img loading=\"lazy\" decoding=\"async\" width=\"576\" height=\"768\" data-id=\"871\" src=\"http:\/\/esztergom-anno.hu.webhost.v-comp.ch\/wp-content\/uploads\/2007\/11\/kozmunka.jpg\" alt=\"\" class=\"wp-image-871\" srcset=\"https:\/\/esztergom-anno.hu.webhost.v-comp.ch\/wp-content\/uploads\/2007\/11\/kozmunka.jpg 576w, https:\/\/esztergom-anno.hu.webhost.v-comp.ch\/wp-content\/uploads\/2007\/11\/kozmunka-225x300.jpg 225w\" sizes=\"auto, (max-width: 576px) 85vw, 576px\" \/><\/a><\/figure>\n\n\n\n<figure class=\"wp-block-image size-large\"><a href=\"https:\/\/esztergom-anno.hu.webhost.v-comp.ch\/wp-content\/uploads\/2007\/11\/komeves-legeny.jpg\"><img loading=\"lazy\" decoding=\"async\" width=\"576\" height=\"768\" data-id=\"870\" src=\"http:\/\/esztergom-anno.hu.webhost.v-comp.ch\/wp-content\/uploads\/2007\/11\/komeves-legeny.jpg\" alt=\"\" class=\"wp-image-870\" srcset=\"https:\/\/esztergom-anno.hu.webhost.v-comp.ch\/wp-content\/uploads\/2007\/11\/komeves-legeny.jpg 576w, https:\/\/esztergom-anno.hu.webhost.v-comp.ch\/wp-content\/uploads\/2007\/11\/komeves-legeny-225x300.jpg 225w\" sizes=\"auto, (max-width: 576px) 85vw, 576px\" \/><\/a><\/figure>\n\n\n\n<figure class=\"wp-block-image size-large\"><a href=\"https:\/\/esztergom-anno.hu.webhost.v-comp.ch\/wp-content\/uploads\/2007\/11\/komeves-legeny-3.jpg\"><img loading=\"lazy\" decoding=\"async\" width=\"576\" height=\"768\" data-id=\"869\" src=\"http:\/\/esztergom-anno.hu.webhost.v-comp.ch\/wp-content\/uploads\/2007\/11\/komeves-legeny-3.jpg\" alt=\"\" class=\"wp-image-869\" srcset=\"https:\/\/esztergom-anno.hu.webhost.v-comp.ch\/wp-content\/uploads\/2007\/11\/komeves-legeny-3.jpg 576w, https:\/\/esztergom-anno.hu.webhost.v-comp.ch\/wp-content\/uploads\/2007\/11\/komeves-legeny-3-225x300.jpg 225w\" sizes=\"auto, (max-width: 576px) 85vw, 576px\" \/><\/a><\/figure>\n\n\n\n<figure class=\"wp-block-image size-large\"><a href=\"https:\/\/esztergom-anno.hu.webhost.v-comp.ch\/wp-content\/uploads\/2007\/11\/komeves-legeny-2.jpg\"><img loading=\"lazy\" decoding=\"async\" width=\"576\" height=\"768\" data-id=\"868\" src=\"http:\/\/esztergom-anno.hu.webhost.v-comp.ch\/wp-content\/uploads\/2007\/11\/komeves-legeny-2.jpg\" alt=\"\" class=\"wp-image-868\" srcset=\"https:\/\/esztergom-anno.hu.webhost.v-comp.ch\/wp-content\/uploads\/2007\/11\/komeves-legeny-2.jpg 576w, https:\/\/esztergom-anno.hu.webhost.v-comp.ch\/wp-content\/uploads\/2007\/11\/komeves-legeny-2-225x300.jpg 225w\" sizes=\"auto, (max-width: 576px) 85vw, 576px\" \/><\/a><\/figure>\n\n\n\n<figure class=\"wp-block-image size-large\"><a href=\"https:\/\/esztergom-anno.hu.webhost.v-comp.ch\/wp-content\/uploads\/2007\/11\/komeves-legeny-1.jpg\"><img loading=\"lazy\" decoding=\"async\" width=\"576\" height=\"768\" data-id=\"867\" src=\"http:\/\/esztergom-anno.hu.webhost.v-comp.ch\/wp-content\/uploads\/2007\/11\/komeves-legeny-1.jpg\" alt=\"\" class=\"wp-image-867\" srcset=\"https:\/\/esztergom-anno.hu.webhost.v-comp.ch\/wp-content\/uploads\/2007\/11\/komeves-legeny-1.jpg 576w, https:\/\/esztergom-anno.hu.webhost.v-comp.ch\/wp-content\/uploads\/2007\/11\/komeves-legeny-1-225x300.jpg 225w\" sizes=\"auto, (max-width: 576px) 85vw, 576px\" \/><\/a><\/figure>\n\n\n\n<figure class=\"wp-block-image size-large\"><a href=\"https:\/\/esztergom-anno.hu.webhost.v-comp.ch\/wp-content\/uploads\/2007\/11\/korhazigyogydijtart.-3.jpg\"><img loading=\"lazy\" decoding=\"async\" width=\"576\" height=\"768\" data-id=\"865\" src=\"http:\/\/esztergom-anno.hu.webhost.v-comp.ch\/wp-content\/uploads\/2007\/11\/korhazigyogydijtart.-3.jpg\" alt=\"\" class=\"wp-image-865\" srcset=\"https:\/\/esztergom-anno.hu.webhost.v-comp.ch\/wp-content\/uploads\/2007\/11\/korhazigyogydijtart.-3.jpg 576w, https:\/\/esztergom-anno.hu.webhost.v-comp.ch\/wp-content\/uploads\/2007\/11\/korhazigyogydijtart.-3-225x300.jpg 225w\" sizes=\"auto, (max-width: 576px) 85vw, 576px\" \/><\/a><\/figure>\n\n\n\n<figure class=\"wp-block-image size-large\"><a href=\"https:\/\/esztergom-anno.hu.webhost.v-comp.ch\/wp-content\/uploads\/2007\/11\/korhazigyogydijtart.-2.jpg\"><img loading=\"lazy\" decoding=\"async\" width=\"576\" height=\"768\" data-id=\"864\" src=\"http:\/\/esztergom-anno.hu.webhost.v-comp.ch\/wp-content\/uploads\/2007\/11\/korhazigyogydijtart.-2.jpg\" alt=\"\" class=\"wp-image-864\" srcset=\"https:\/\/esztergom-anno.hu.webhost.v-comp.ch\/wp-content\/uploads\/2007\/11\/korhazigyogydijtart.-2.jpg 576w, https:\/\/esztergom-anno.hu.webhost.v-comp.ch\/wp-content\/uploads\/2007\/11\/korhazigyogydijtart.-2-225x300.jpg 225w\" sizes=\"auto, (max-width: 576px) 85vw, 576px\" \/><\/a><\/figure>\n\n\n\n<figure class=\"wp-block-image size-large\"><a href=\"https:\/\/esztergom-anno.hu.webhost.v-comp.ch\/wp-content\/uploads\/2007\/11\/korhazigyogydijtart.-1.jpg\"><img loading=\"lazy\" decoding=\"async\" width=\"768\" height=\"576\" data-id=\"863\" src=\"http:\/\/esztergom-anno.hu.webhost.v-comp.ch\/wp-content\/uploads\/2007\/11\/korhazigyogydijtart.-1.jpg\" alt=\"\" class=\"wp-image-863\" srcset=\"https:\/\/esztergom-anno.hu.webhost.v-comp.ch\/wp-content\/uploads\/2007\/11\/korhazigyogydijtart.-1.jpg 768w, https:\/\/esztergom-anno.hu.webhost.v-comp.ch\/wp-content\/uploads\/2007\/11\/korhazigyogydijtart.-1-300x225.jpg 300w\" sizes=\"auto, (max-width: 768px) 85vw, 768px\" \/><\/a><\/figure>\n\n\n\n<figure class=\"wp-block-image size-large\"><a href=\"https:\/\/esztergom-anno.hu.webhost.v-comp.ch\/wp-content\/uploads\/2007\/11\/kiralyialjbiro.jpg\"><img loading=\"lazy\" decoding=\"async\" width=\"576\" height=\"768\" data-id=\"858\" src=\"http:\/\/esztergom-anno.hu.webhost.v-comp.ch\/wp-content\/uploads\/2007\/11\/kiralyialjbiro.jpg\" alt=\"\" class=\"wp-image-858\" srcset=\"https:\/\/esztergom-anno.hu.webhost.v-comp.ch\/wp-content\/uploads\/2007\/11\/kiralyialjbiro.jpg 576w, https:\/\/esztergom-anno.hu.webhost.v-comp.ch\/wp-content\/uploads\/2007\/11\/kiralyialjbiro-225x300.jpg 225w\" sizes=\"auto, (max-width: 576px) 85vw, 576px\" \/><\/a><\/figure>\n\n\n\n<figure class=\"wp-block-image size-large\"><a href=\"https:\/\/esztergom-anno.hu.webhost.v-comp.ch\/wp-content\/uploads\/2007\/11\/kiralyialjbiro-1.jpg\"><img loading=\"lazy\" decoding=\"async\" width=\"576\" height=\"768\" data-id=\"857\" src=\"http:\/\/esztergom-anno.hu.webhost.v-comp.ch\/wp-content\/uploads\/2007\/11\/kiralyialjbiro-1.jpg\" alt=\"\" class=\"wp-image-857\" srcset=\"https:\/\/esztergom-anno.hu.webhost.v-comp.ch\/wp-content\/uploads\/2007\/11\/kiralyialjbiro-1.jpg 576w, https:\/\/esztergom-anno.hu.webhost.v-comp.ch\/wp-content\/uploads\/2007\/11\/kiralyialjbiro-1-225x300.jpg 225w\" sizes=\"auto, (max-width: 576px) 85vw, 576px\" \/><\/a><\/figure>\n\n\n\n<figure class=\"wp-block-image size-large\"><a href=\"https:\/\/esztergom-anno.hu.webhost.v-comp.ch\/wp-content\/uploads\/2007\/11\/egymarekbuzat.jpg\"><img loading=\"lazy\" decoding=\"async\" width=\"768\" height=\"576\" data-id=\"844\" src=\"http:\/\/esztergom-anno.hu.webhost.v-comp.ch\/wp-content\/uploads\/2007\/11\/egymarekbuzat.jpg\" alt=\"\" class=\"wp-image-844\" srcset=\"https:\/\/esztergom-anno.hu.webhost.v-comp.ch\/wp-content\/uploads\/2007\/11\/egymarekbuzat.jpg 768w, https:\/\/esztergom-anno.hu.webhost.v-comp.ch\/wp-content\/uploads\/2007\/11\/egymarekbuzat-300x225.jpg 300w\" sizes=\"auto, (max-width: 768px) 85vw, 768px\" \/><\/a><\/figure>\n\n\n\n<figure class=\"wp-block-image size-large\"><a href=\"https:\/\/esztergom-anno.hu.webhost.v-comp.ch\/wp-content\/uploads\/2007\/11\/egommegyealispanjatol.jpg\"><img loading=\"lazy\" decoding=\"async\" width=\"576\" height=\"768\" data-id=\"843\" src=\"http:\/\/esztergom-anno.hu.webhost.v-comp.ch\/wp-content\/uploads\/2007\/11\/egommegyealispanjatol.jpg\" alt=\"\" class=\"wp-image-843\" srcset=\"https:\/\/esztergom-anno.hu.webhost.v-comp.ch\/wp-content\/uploads\/2007\/11\/egommegyealispanjatol.jpg 576w, https:\/\/esztergom-anno.hu.webhost.v-comp.ch\/wp-content\/uploads\/2007\/11\/egommegyealispanjatol-225x300.jpg 225w\" sizes=\"auto, (max-width: 576px) 85vw, 576px\" \/><\/a><\/figure>\n\n\n\n<figure class=\"wp-block-image size-large\"><a href=\"https:\/\/esztergom-anno.hu.webhost.v-comp.ch\/wp-content\/uploads\/2007\/11\/egommegyealispanjatol-1.jpg\"><img loading=\"lazy\" decoding=\"async\" width=\"576\" height=\"768\" data-id=\"842\" src=\"http:\/\/esztergom-anno.hu.webhost.v-comp.ch\/wp-content\/uploads\/2007\/11\/egommegyealispanjatol-1.jpg\" alt=\"\" class=\"wp-image-842\" srcset=\"https:\/\/esztergom-anno.hu.webhost.v-comp.ch\/wp-content\/uploads\/2007\/11\/egommegyealispanjatol-1.jpg 576w, https:\/\/esztergom-anno.hu.webhost.v-comp.ch\/wp-content\/uploads\/2007\/11\/egommegyealispanjatol-1-225x300.jpg 225w\" sizes=\"auto, (max-width: 576px) 85vw, 576px\" \/><\/a><\/figure>\n\n\n\n<figure class=\"wp-block-image size-large\"><a href=\"https:\/\/esztergom-anno.hu.webhost.v-comp.ch\/wp-content\/uploads\/2007\/11\/drfehergyula.jpg\"><img loading=\"lazy\" decoding=\"async\" width=\"768\" height=\"576\" data-id=\"841\" src=\"http:\/\/esztergom-anno.hu.webhost.v-comp.ch\/wp-content\/uploads\/2007\/11\/drfehergyula.jpg\" alt=\"\" class=\"wp-image-841\" srcset=\"https:\/\/esztergom-anno.hu.webhost.v-comp.ch\/wp-content\/uploads\/2007\/11\/drfehergyula.jpg 768w, https:\/\/esztergom-anno.hu.webhost.v-comp.ch\/wp-content\/uploads\/2007\/11\/drfehergyula-300x225.jpg 300w\" sizes=\"auto, (max-width: 768px) 85vw, 768px\" \/><\/a><\/figure>\n\n\n\n<figure class=\"wp-block-image size-large\"><a href=\"https:\/\/esztergom-anno.hu.webhost.v-comp.ch\/wp-content\/uploads\/2007\/11\/drfehergyula-1.jpg\"><img loading=\"lazy\" decoding=\"async\" width=\"768\" height=\"576\" data-id=\"840\" src=\"http:\/\/esztergom-anno.hu.webhost.v-comp.ch\/wp-content\/uploads\/2007\/11\/drfehergyula-1.jpg\" alt=\"\" class=\"wp-image-840\" srcset=\"https:\/\/esztergom-anno.hu.webhost.v-comp.ch\/wp-content\/uploads\/2007\/11\/drfehergyula-1.jpg 768w, https:\/\/esztergom-anno.hu.webhost.v-comp.ch\/wp-content\/uploads\/2007\/11\/drfehergyula-1-300x225.jpg 300w\" sizes=\"auto, (max-width: 768px) 85vw, 768px\" \/><\/a><\/figure>\n\n\n\n<figure class=\"wp-block-image size-large\"><a href=\"https:\/\/esztergom-anno.hu.webhost.v-comp.ch\/wp-content\/uploads\/2007\/11\/beszamolo-a-parkanyi-harcokrol.jpg\"><img loading=\"lazy\" decoding=\"async\" width=\"576\" height=\"768\" data-id=\"835\" src=\"http:\/\/esztergom-anno.hu.webhost.v-comp.ch\/wp-content\/uploads\/2007\/11\/beszamolo-a-parkanyi-harcokrol.jpg\" alt=\"\" class=\"wp-image-835\" srcset=\"https:\/\/esztergom-anno.hu.webhost.v-comp.ch\/wp-content\/uploads\/2007\/11\/beszamolo-a-parkanyi-harcokrol.jpg 576w, https:\/\/esztergom-anno.hu.webhost.v-comp.ch\/wp-content\/uploads\/2007\/11\/beszamolo-a-parkanyi-harcokrol-225x300.jpg 225w\" sizes=\"auto, (max-width: 576px) 85vw, 576px\" \/><\/a><\/figure>\n\n\n\n<figure class=\"wp-block-image size-large\"><a href=\"https:\/\/esztergom-anno.hu.webhost.v-comp.ch\/wp-content\/uploads\/2007\/11\/beszamolo-a-parkanyi-harcokrol-1.jpg\"><img loading=\"lazy\" decoding=\"async\" width=\"576\" height=\"768\" data-id=\"834\" src=\"http:\/\/esztergom-anno.hu.webhost.v-comp.ch\/wp-content\/uploads\/2007\/11\/beszamolo-a-parkanyi-harcokrol-1.jpg\" alt=\"\" class=\"wp-image-834\" srcset=\"https:\/\/esztergom-anno.hu.webhost.v-comp.ch\/wp-content\/uploads\/2007\/11\/beszamolo-a-parkanyi-harcokrol-1.jpg 576w, https:\/\/esztergom-anno.hu.webhost.v-comp.ch\/wp-content\/uploads\/2007\/11\/beszamolo-a-parkanyi-harcokrol-1-225x300.jpg 225w\" sizes=\"auto, (max-width: 576px) 85vw, 576px\" \/><\/a><\/figure>\n\n\n\n<figure class=\"wp-block-image size-large\"><a href=\"https:\/\/esztergom-anno.hu.webhost.v-comp.ch\/wp-content\/uploads\/2007\/11\/tuzoltoaltisztibiz.jpg\"><img loading=\"lazy\" decoding=\"async\" width=\"576\" height=\"768\" data-id=\"905\" src=\"http:\/\/esztergom-anno.hu.webhost.v-comp.ch\/wp-content\/uploads\/2007\/11\/tuzoltoaltisztibiz.jpg\" alt=\"\" class=\"wp-image-905\" srcset=\"https:\/\/esztergom-anno.hu.webhost.v-comp.ch\/wp-content\/uploads\/2007\/11\/tuzoltoaltisztibiz.jpg 576w, https:\/\/esztergom-anno.hu.webhost.v-comp.ch\/wp-content\/uploads\/2007\/11\/tuzoltoaltisztibiz-225x300.jpg 225w\" sizes=\"auto, (max-width: 576px) 85vw, 576px\" \/><\/a><\/figure>\n\n\n\n<figure class=\"wp-block-image size-large\"><a href=\"https:\/\/esztergom-anno.hu.webhost.v-comp.ch\/wp-content\/uploads\/2007\/11\/komiveslegeny-levele.jpg\"><img loading=\"lazy\" decoding=\"async\" width=\"1057\" height=\"600\" data-id=\"866\" src=\"http:\/\/esztergom-anno.hu.webhost.v-comp.ch\/wp-content\/uploads\/2007\/11\/komiveslegeny-levele.jpg\" alt=\"\" class=\"wp-image-866\" srcset=\"https:\/\/esztergom-anno.hu.webhost.v-comp.ch\/wp-content\/uploads\/2007\/11\/komiveslegeny-levele.jpg 1057w, https:\/\/esztergom-anno.hu.webhost.v-comp.ch\/wp-content\/uploads\/2007\/11\/komiveslegeny-levele-300x170.jpg 300w, https:\/\/esztergom-anno.hu.webhost.v-comp.ch\/wp-content\/uploads\/2007\/11\/komiveslegeny-levele-1024x581.jpg 1024w, https:\/\/esztergom-anno.hu.webhost.v-comp.ch\/wp-content\/uploads\/2007\/11\/komiveslegeny-levele-768x436.jpg 768w\" sizes=\"auto, (max-width: 709px) 85vw, (max-width: 909px) 67vw, (max-width: 1362px) 62vw, 840px\" \/><\/a><\/figure>\n\n\n\n<figure class=\"wp-block-image size-large\"><a href=\"https:\/\/esztergom-anno.hu.webhost.v-comp.ch\/wp-content\/uploads\/2007\/10\/3_big1h.jpg\"><img loading=\"lazy\" decoding=\"async\" width=\"923\" height=\"623\" data-id=\"827\" src=\"http:\/\/esztergom-anno.hu.webhost.v-comp.ch\/wp-content\/uploads\/2007\/10\/3_big1h.jpg\" alt=\"\" class=\"wp-image-827\" srcset=\"https:\/\/esztergom-anno.hu.webhost.v-comp.ch\/wp-content\/uploads\/2007\/10\/3_big1h.jpg 923w, https:\/\/esztergom-anno.hu.webhost.v-comp.ch\/wp-content\/uploads\/2007\/10\/3_big1h-300x202.jpg 300w, https:\/\/esztergom-anno.hu.webhost.v-comp.ch\/wp-content\/uploads\/2007\/10\/3_big1h-768x518.jpg 768w\" sizes=\"auto, (max-width: 709px) 85vw, (max-width: 909px) 67vw, (max-width: 1362px) 62vw, 840px\" \/><\/a><\/figure>\n\n\n\n<figure class=\"wp-block-image size-large\"><a href=\"https:\/\/esztergom-anno.hu.webhost.v-comp.ch\/wp-content\/uploads\/2007\/10\/1_big3n.jpg\"><img loading=\"lazy\" decoding=\"async\" width=\"510\" height=\"645\" data-id=\"826\" src=\"http:\/\/esztergom-anno.hu.webhost.v-comp.ch\/wp-content\/uploads\/2007\/10\/1_big3n.jpg\" alt=\"\" class=\"wp-image-826\" srcset=\"https:\/\/esztergom-anno.hu.webhost.v-comp.ch\/wp-content\/uploads\/2007\/10\/1_big3n.jpg 510w, https:\/\/esztergom-anno.hu.webhost.v-comp.ch\/wp-content\/uploads\/2007\/10\/1_big3n-237x300.jpg 237w\" sizes=\"auto, (max-width: 510px) 85vw, 510px\" \/><\/a><\/figure>\n\n\n\n<figure class=\"wp-block-image size-large\"><a href=\"https:\/\/esztergom-anno.hu.webhost.v-comp.ch\/wp-content\/uploads\/2007\/10\/1_big22.jpg\"><img loading=\"lazy\" decoding=\"async\" width=\"615\" height=\"307\" data-id=\"823\" src=\"http:\/\/esztergom-anno.hu.webhost.v-comp.ch\/wp-content\/uploads\/2007\/10\/1_big22.jpg\" alt=\"\" class=\"wp-image-823\" srcset=\"https:\/\/esztergom-anno.hu.webhost.v-comp.ch\/wp-content\/uploads\/2007\/10\/1_big22.jpg 615w, https:\/\/esztergom-anno.hu.webhost.v-comp.ch\/wp-content\/uploads\/2007\/10\/1_big22-300x150.jpg 300w\" sizes=\"auto, (max-width: 615px) 85vw, 615px\" \/><\/a><\/figure>\n\n\n\n<figure class=\"wp-block-image size-large\"><a href=\"https:\/\/esztergom-anno.hu.webhost.v-comp.ch\/wp-content\/uploads\/2007\/09\/barca1.jpg\"><img loading=\"lazy\" decoding=\"async\" width=\"837\" height=\"624\" data-id=\"839\" src=\"http:\/\/esztergom-anno.hu.webhost.v-comp.ch\/wp-content\/uploads\/2007\/09\/barca1.jpg\" alt=\"\" class=\"wp-image-839\" srcset=\"https:\/\/esztergom-anno.hu.webhost.v-comp.ch\/wp-content\/uploads\/2007\/09\/barca1.jpg 837w, https:\/\/esztergom-anno.hu.webhost.v-comp.ch\/wp-content\/uploads\/2007\/09\/barca1-300x224.jpg 300w, https:\/\/esztergom-anno.hu.webhost.v-comp.ch\/wp-content\/uploads\/2007\/09\/barca1-768x573.jpg 768w\" sizes=\"auto, (max-width: 837px) 85vw, 837px\" \/><\/a><\/figure>\n\n\n\n<figure class=\"wp-block-image size-large\"><a href=\"https:\/\/esztergom-anno.hu.webhost.v-comp.ch\/wp-content\/uploads\/2007\/09\/barca.2jpg.jpg\"><img loading=\"lazy\" decoding=\"async\" width=\"551\" height=\"729\" data-id=\"837\" src=\"http:\/\/esztergom-anno.hu.webhost.v-comp.ch\/wp-content\/uploads\/2007\/09\/barca.2jpg.jpg\" alt=\"\" class=\"wp-image-837\" srcset=\"https:\/\/esztergom-anno.hu.webhost.v-comp.ch\/wp-content\/uploads\/2007\/09\/barca.2jpg.jpg 551w, https:\/\/esztergom-anno.hu.webhost.v-comp.ch\/wp-content\/uploads\/2007\/09\/barca.2jpg-227x300.jpg 227w\" sizes=\"auto, (max-width: 551px) 85vw, 551px\" \/><\/a><\/figure>\n\n\n\n<figure class=\"wp-block-image size-large\"><a href=\"https:\/\/esztergom-anno.hu.webhost.v-comp.ch\/wp-content\/uploads\/2007\/09\/barca.jpg\"><img loading=\"lazy\" decoding=\"async\" width=\"768\" height=\"614\" data-id=\"838\" src=\"http:\/\/esztergom-anno.hu.webhost.v-comp.ch\/wp-content\/uploads\/2007\/09\/barca.jpg\" alt=\"\" class=\"wp-image-838\" srcset=\"https:\/\/esztergom-anno.hu.webhost.v-comp.ch\/wp-content\/uploads\/2007\/09\/barca.jpg 768w, https:\/\/esztergom-anno.hu.webhost.v-comp.ch\/wp-content\/uploads\/2007\/09\/barca-300x240.jpg 300w\" sizes=\"auto, (max-width: 768px) 85vw, 768px\" \/><\/a><\/figure>\n\n\n\n<figure class=\"wp-block-image size-large\"><a href=\"https:\/\/esztergom-anno.hu.webhost.v-comp.ch\/wp-content\/uploads\/2007\/09\/1_big3.jpg\"><img loading=\"lazy\" decoding=\"async\" width=\"311\" height=\"618\" data-id=\"825\" src=\"http:\/\/esztergom-anno.hu.webhost.v-comp.ch\/wp-content\/uploads\/2007\/09\/1_big3.jpg\" alt=\"\" class=\"wp-image-825\" srcset=\"https:\/\/esztergom-anno.hu.webhost.v-comp.ch\/wp-content\/uploads\/2007\/09\/1_big3.jpg 311w, https:\/\/esztergom-anno.hu.webhost.v-comp.ch\/wp-content\/uploads\/2007\/09\/1_big3-151x300.jpg 151w\" sizes=\"auto, (max-width: 311px) 85vw, 311px\" \/><\/a><\/figure>\n\n\n\n<figure class=\"wp-block-image size-large\"><a href=\"https:\/\/esztergom-anno.hu.webhost.v-comp.ch\/wp-content\/uploads\/2007\/09\/1_big2.jpg\"><img loading=\"lazy\" decoding=\"async\" width=\"615\" height=\"307\" data-id=\"824\" src=\"http:\/\/esztergom-anno.hu.webhost.v-comp.ch\/wp-content\/uploads\/2007\/09\/1_big2.jpg\" alt=\"\" class=\"wp-image-824\" srcset=\"https:\/\/esztergom-anno.hu.webhost.v-comp.ch\/wp-content\/uploads\/2007\/09\/1_big2.jpg 615w, https:\/\/esztergom-anno.hu.webhost.v-comp.ch\/wp-content\/uploads\/2007\/09\/1_big2-300x150.jpg 300w\" sizes=\"auto, (max-width: 615px) 85vw, 615px\" \/><\/a><\/figure>\n\n\n\n<figure class=\"wp-block-image size-large\"><a href=\"https:\/\/esztergom-anno.hu.webhost.v-comp.ch\/wp-content\/uploads\/2007\/07\/13..jpg\"><img loading=\"lazy\" decoding=\"async\" width=\"918\" height=\"646\" data-id=\"816\" src=\"http:\/\/esztergom-anno.hu.webhost.v-comp.ch\/wp-content\/uploads\/2007\/07\/13..jpg\" alt=\"\" class=\"wp-image-816\" srcset=\"https:\/\/esztergom-anno.hu.webhost.v-comp.ch\/wp-content\/uploads\/2007\/07\/13..jpg 918w, https:\/\/esztergom-anno.hu.webhost.v-comp.ch\/wp-content\/uploads\/2007\/07\/13.-300x211.jpg 300w, https:\/\/esztergom-anno.hu.webhost.v-comp.ch\/wp-content\/uploads\/2007\/07\/13.-768x540.jpg 768w\" sizes=\"auto, (max-width: 709px) 85vw, (max-width: 909px) 67vw, (max-width: 1362px) 62vw, 840px\" \/><\/a><\/figure>\n\n\n\n<figure class=\"wp-block-image size-large\"><a href=\"https:\/\/esztergom-anno.hu.webhost.v-comp.ch\/wp-content\/uploads\/2007\/07\/esztergom19190610_1K_f1.jpg\"><img loading=\"lazy\" decoding=\"async\" width=\"694\" height=\"420\" data-id=\"846\" src=\"http:\/\/esztergom-anno.hu.webhost.v-comp.ch\/wp-content\/uploads\/2007\/07\/esztergom19190610_1K_f1.jpg\" alt=\"\" class=\"wp-image-846\" srcset=\"https:\/\/esztergom-anno.hu.webhost.v-comp.ch\/wp-content\/uploads\/2007\/07\/esztergom19190610_1K_f1.jpg 694w, https:\/\/esztergom-anno.hu.webhost.v-comp.ch\/wp-content\/uploads\/2007\/07\/esztergom19190610_1K_f1-300x182.jpg 300w\" sizes=\"auto, (max-width: 694px) 85vw, 694px\" \/><\/a><\/figure>\n\n\n\n<figure class=\"wp-block-image size-large\"><a href=\"https:\/\/esztergom-anno.hu.webhost.v-comp.ch\/wp-content\/uploads\/2007\/07\/esztergom19190610_1K_b1.jpg\"><img loading=\"lazy\" decoding=\"async\" width=\"694\" height=\"424\" data-id=\"845\" src=\"http:\/\/esztergom-anno.hu.webhost.v-comp.ch\/wp-content\/uploads\/2007\/07\/esztergom19190610_1K_b1.jpg\" alt=\"\" class=\"wp-image-845\" srcset=\"https:\/\/esztergom-anno.hu.webhost.v-comp.ch\/wp-content\/uploads\/2007\/07\/esztergom19190610_1K_b1.jpg 694w, https:\/\/esztergom-anno.hu.webhost.v-comp.ch\/wp-content\/uploads\/2007\/07\/esztergom19190610_1K_b1-300x183.jpg 300w\" sizes=\"auto, (max-width: 694px) 85vw, 694px\" \/><\/a><\/figure>\n\n\n\n<figure class=\"wp-block-image size-large\"><a href=\"https:\/\/esztergom-anno.hu.webhost.v-comp.ch\/wp-content\/uploads\/2007\/06\/ujsag6.jpg\"><img loading=\"lazy\" decoding=\"async\" width=\"637\" height=\"877\" data-id=\"911\" src=\"http:\/\/esztergom-anno.hu.webhost.v-comp.ch\/wp-content\/uploads\/2007\/06\/ujsag6.jpg\" alt=\"\" class=\"wp-image-911\" srcset=\"https:\/\/esztergom-anno.hu.webhost.v-comp.ch\/wp-content\/uploads\/2007\/06\/ujsag6.jpg 637w, https:\/\/esztergom-anno.hu.webhost.v-comp.ch\/wp-content\/uploads\/2007\/06\/ujsag6-218x300.jpg 218w\" sizes=\"auto, (max-width: 637px) 85vw, 637px\" \/><\/a><\/figure>\n\n\n\n<figure class=\"wp-block-image size-large\"><a href=\"https:\/\/esztergom-anno.hu.webhost.v-comp.ch\/wp-content\/uploads\/2007\/06\/ujsag5.jpg\"><img loading=\"lazy\" decoding=\"async\" width=\"637\" height=\"877\" data-id=\"910\" src=\"http:\/\/esztergom-anno.hu.webhost.v-comp.ch\/wp-content\/uploads\/2007\/06\/ujsag5.jpg\" alt=\"\" class=\"wp-image-910\" srcset=\"https:\/\/esztergom-anno.hu.webhost.v-comp.ch\/wp-content\/uploads\/2007\/06\/ujsag5.jpg 637w, https:\/\/esztergom-anno.hu.webhost.v-comp.ch\/wp-content\/uploads\/2007\/06\/ujsag5-218x300.jpg 218w\" sizes=\"auto, (max-width: 637px) 85vw, 637px\" \/><\/a><\/figure>\n\n\n\n<figure class=\"wp-block-image size-large\"><a href=\"https:\/\/esztergom-anno.hu.webhost.v-comp.ch\/wp-content\/uploads\/2007\/06\/ujsag4.jpg\"><img loading=\"lazy\" decoding=\"async\" width=\"637\" height=\"877\" data-id=\"909\" src=\"http:\/\/esztergom-anno.hu.webhost.v-comp.ch\/wp-content\/uploads\/2007\/06\/ujsag4.jpg\" alt=\"\" class=\"wp-image-909\" srcset=\"https:\/\/esztergom-anno.hu.webhost.v-comp.ch\/wp-content\/uploads\/2007\/06\/ujsag4.jpg 637w, https:\/\/esztergom-anno.hu.webhost.v-comp.ch\/wp-content\/uploads\/2007\/06\/ujsag4-218x300.jpg 218w\" sizes=\"auto, (max-width: 637px) 85vw, 637px\" \/><\/a><\/figure>\n\n\n\n<figure class=\"wp-block-image size-large\"><a href=\"https:\/\/esztergom-anno.hu.webhost.v-comp.ch\/wp-content\/uploads\/2007\/06\/ujsag3.jpg\"><img loading=\"lazy\" decoding=\"async\" width=\"637\" height=\"875\" data-id=\"908\" src=\"http:\/\/esztergom-anno.hu.webhost.v-comp.ch\/wp-content\/uploads\/2007\/06\/ujsag3.jpg\" alt=\"\" class=\"wp-image-908\" srcset=\"https:\/\/esztergom-anno.hu.webhost.v-comp.ch\/wp-content\/uploads\/2007\/06\/ujsag3.jpg 637w, https:\/\/esztergom-anno.hu.webhost.v-comp.ch\/wp-content\/uploads\/2007\/06\/ujsag3-218x300.jpg 218w\" sizes=\"auto, (max-width: 637px) 85vw, 637px\" \/><\/a><\/figure>\n\n\n\n<figure class=\"wp-block-image size-large\"><a href=\"https:\/\/esztergom-anno.hu.webhost.v-comp.ch\/wp-content\/uploads\/2007\/06\/ujsag2.jpg\"><img loading=\"lazy\" decoding=\"async\" width=\"637\" height=\"877\" data-id=\"907\" src=\"http:\/\/esztergom-anno.hu.webhost.v-comp.ch\/wp-content\/uploads\/2007\/06\/ujsag2.jpg\" alt=\"\" class=\"wp-image-907\" srcset=\"https:\/\/esztergom-anno.hu.webhost.v-comp.ch\/wp-content\/uploads\/2007\/06\/ujsag2.jpg 637w, https:\/\/esztergom-anno.hu.webhost.v-comp.ch\/wp-content\/uploads\/2007\/06\/ujsag2-218x300.jpg 218w\" sizes=\"auto, (max-width: 637px) 85vw, 637px\" \/><\/a><\/figure>\n\n\n\n<figure class=\"wp-block-image size-large\"><a href=\"https:\/\/esztergom-anno.hu.webhost.v-comp.ch\/wp-content\/uploads\/2007\/06\/ujsag1.jpg\"><img loading=\"lazy\" decoding=\"async\" width=\"637\" height=\"877\" data-id=\"906\" src=\"http:\/\/esztergom-anno.hu.webhost.v-comp.ch\/wp-content\/uploads\/2007\/06\/ujsag1.jpg\" alt=\"\" class=\"wp-image-906\" srcset=\"https:\/\/esztergom-anno.hu.webhost.v-comp.ch\/wp-content\/uploads\/2007\/06\/ujsag1.jpg 637w, https:\/\/esztergom-anno.hu.webhost.v-comp.ch\/wp-content\/uploads\/2007\/06\/ujsag1-218x300.jpg 218w\" sizes=\"auto, (max-width: 637px) 85vw, 637px\" \/><\/a><\/figure>\n\n\n\n<figure class=\"wp-block-image size-large\"><a href=\"https:\/\/esztergom-anno.hu.webhost.v-comp.ch\/wp-content\/uploads\/2007\/06\/tajekoztato.jpg\"><img loading=\"lazy\" decoding=\"async\" width=\"605\" height=\"436\" data-id=\"904\" src=\"http:\/\/esztergom-anno.hu.webhost.v-comp.ch\/wp-content\/uploads\/2007\/06\/tajekoztato.jpg\" alt=\"\" class=\"wp-image-904\" srcset=\"https:\/\/esztergom-anno.hu.webhost.v-comp.ch\/wp-content\/uploads\/2007\/06\/tajekoztato.jpg 605w, https:\/\/esztergom-anno.hu.webhost.v-comp.ch\/wp-content\/uploads\/2007\/06\/tajekoztato-300x216.jpg 300w\" sizes=\"auto, (max-width: 605px) 85vw, 605px\" \/><\/a><\/figure>\n\n\n\n<figure class=\"wp-block-image size-large\"><a href=\"https:\/\/esztergom-anno.hu.webhost.v-comp.ch\/wp-content\/uploads\/2007\/06\/sorozasi-igazolvany.jpg\"><img loading=\"lazy\" decoding=\"async\" width=\"1014\" height=\"605\" data-id=\"898\" src=\"http:\/\/esztergom-anno.hu.webhost.v-comp.ch\/wp-content\/uploads\/2007\/06\/sorozasi-igazolvany.jpg\" alt=\"\" class=\"wp-image-898\" srcset=\"https:\/\/esztergom-anno.hu.webhost.v-comp.ch\/wp-content\/uploads\/2007\/06\/sorozasi-igazolvany.jpg 1014w, https:\/\/esztergom-anno.hu.webhost.v-comp.ch\/wp-content\/uploads\/2007\/06\/sorozasi-igazolvany-300x179.jpg 300w, https:\/\/esztergom-anno.hu.webhost.v-comp.ch\/wp-content\/uploads\/2007\/06\/sorozasi-igazolvany-768x458.jpg 768w\" sizes=\"auto, (max-width: 709px) 85vw, (max-width: 909px) 67vw, (max-width: 1362px) 62vw, 840px\" \/><\/a><\/figure>\n\n\n\n<figure class=\"wp-block-image size-large\"><a href=\"https:\/\/esztergom-anno.hu.webhost.v-comp.ch\/wp-content\/uploads\/2007\/06\/oldal7.jpg\"><img loading=\"lazy\" decoding=\"async\" width=\"623\" height=\"877\" data-id=\"897\" src=\"http:\/\/esztergom-anno.hu.webhost.v-comp.ch\/wp-content\/uploads\/2007\/06\/oldal7.jpg\" alt=\"\" class=\"wp-image-897\" srcset=\"https:\/\/esztergom-anno.hu.webhost.v-comp.ch\/wp-content\/uploads\/2007\/06\/oldal7.jpg 623w, https:\/\/esztergom-anno.hu.webhost.v-comp.ch\/wp-content\/uploads\/2007\/06\/oldal7-213x300.jpg 213w\" sizes=\"auto, (max-width: 623px) 85vw, 623px\" \/><\/a><\/figure>\n\n\n\n<figure class=\"wp-block-image size-large\"><a href=\"https:\/\/esztergom-anno.hu.webhost.v-comp.ch\/wp-content\/uploads\/2007\/06\/oldal6.jpg\"><img loading=\"lazy\" decoding=\"async\" width=\"624\" height=\"870\" data-id=\"896\" src=\"http:\/\/esztergom-anno.hu.webhost.v-comp.ch\/wp-content\/uploads\/2007\/06\/oldal6.jpg\" alt=\"\" class=\"wp-image-896\" srcset=\"https:\/\/esztergom-anno.hu.webhost.v-comp.ch\/wp-content\/uploads\/2007\/06\/oldal6.jpg 624w, https:\/\/esztergom-anno.hu.webhost.v-comp.ch\/wp-content\/uploads\/2007\/06\/oldal6-215x300.jpg 215w\" sizes=\"auto, (max-width: 624px) 85vw, 624px\" \/><\/a><\/figure>\n\n\n\n<figure class=\"wp-block-image size-large\"><a href=\"https:\/\/esztergom-anno.hu.webhost.v-comp.ch\/wp-content\/uploads\/2007\/06\/oldal5.jpg\"><img loading=\"lazy\" decoding=\"async\" width=\"1274\" height=\"1753\" data-id=\"895\" src=\"http:\/\/esztergom-anno.hu.webhost.v-comp.ch\/wp-content\/uploads\/2007\/06\/oldal5.jpg\" alt=\"\" class=\"wp-image-895\" srcset=\"https:\/\/esztergom-anno.hu.webhost.v-comp.ch\/wp-content\/uploads\/2007\/06\/oldal5.jpg 1274w, https:\/\/esztergom-anno.hu.webhost.v-comp.ch\/wp-content\/uploads\/2007\/06\/oldal5-218x300.jpg 218w, https:\/\/esztergom-anno.hu.webhost.v-comp.ch\/wp-content\/uploads\/2007\/06\/oldal5-744x1024.jpg 744w, https:\/\/esztergom-anno.hu.webhost.v-comp.ch\/wp-content\/uploads\/2007\/06\/oldal5-768x1057.jpg 768w, https:\/\/esztergom-anno.hu.webhost.v-comp.ch\/wp-content\/uploads\/2007\/06\/oldal5-1116x1536.jpg 1116w\" sizes=\"auto, (max-width: 709px) 85vw, (max-width: 909px) 67vw, (max-width: 1362px) 62vw, 840px\" \/><\/a><\/figure>\n\n\n\n<figure class=\"wp-block-image size-large\"><a href=\"https:\/\/esztergom-anno.hu.webhost.v-comp.ch\/wp-content\/uploads\/2007\/06\/oldal4.jpg\"><img loading=\"lazy\" decoding=\"async\" width=\"637\" height=\"877\" data-id=\"894\" src=\"http:\/\/esztergom-anno.hu.webhost.v-comp.ch\/wp-content\/uploads\/2007\/06\/oldal4.jpg\" alt=\"\" class=\"wp-image-894\" srcset=\"https:\/\/esztergom-anno.hu.webhost.v-comp.ch\/wp-content\/uploads\/2007\/06\/oldal4.jpg 637w, https:\/\/esztergom-anno.hu.webhost.v-comp.ch\/wp-content\/uploads\/2007\/06\/oldal4-218x300.jpg 218w\" sizes=\"auto, (max-width: 637px) 85vw, 637px\" \/><\/a><\/figure>\n\n\n\n<figure class=\"wp-block-image size-large\"><a href=\"https:\/\/esztergom-anno.hu.webhost.v-comp.ch\/wp-content\/uploads\/2007\/06\/oldal3.jpg\"><img loading=\"lazy\" decoding=\"async\" width=\"637\" height=\"877\" data-id=\"893\" src=\"http:\/\/esztergom-anno.hu.webhost.v-comp.ch\/wp-content\/uploads\/2007\/06\/oldal3.jpg\" alt=\"\" class=\"wp-image-893\" srcset=\"https:\/\/esztergom-anno.hu.webhost.v-comp.ch\/wp-content\/uploads\/2007\/06\/oldal3.jpg 637w, https:\/\/esztergom-anno.hu.webhost.v-comp.ch\/wp-content\/uploads\/2007\/06\/oldal3-218x300.jpg 218w\" sizes=\"auto, (max-width: 637px) 85vw, 637px\" \/><\/a><\/figure>\n\n\n\n<figure class=\"wp-block-image size-large\"><a href=\"https:\/\/esztergom-anno.hu.webhost.v-comp.ch\/wp-content\/uploads\/2007\/06\/oldal2.jpg\"><img loading=\"lazy\" decoding=\"async\" width=\"637\" height=\"877\" data-id=\"892\" src=\"http:\/\/esztergom-anno.hu.webhost.v-comp.ch\/wp-content\/uploads\/2007\/06\/oldal2.jpg\" alt=\"\" class=\"wp-image-892\" srcset=\"https:\/\/esztergom-anno.hu.webhost.v-comp.ch\/wp-content\/uploads\/2007\/06\/oldal2.jpg 637w, https:\/\/esztergom-anno.hu.webhost.v-comp.ch\/wp-content\/uploads\/2007\/06\/oldal2-218x300.jpg 218w\" sizes=\"auto, (max-width: 637px) 85vw, 637px\" \/><\/a><\/figure>\n\n\n\n<figure class=\"wp-block-image size-large\"><a href=\"https:\/\/esztergom-anno.hu.webhost.v-comp.ch\/wp-content\/uploads\/2007\/06\/oldal.jpg\"><img loading=\"lazy\" decoding=\"async\" width=\"637\" height=\"877\" data-id=\"891\" src=\"http:\/\/esztergom-anno.hu.webhost.v-comp.ch\/wp-content\/uploads\/2007\/06\/oldal.jpg\" alt=\"\" class=\"wp-image-891\" srcset=\"https:\/\/esztergom-anno.hu.webhost.v-comp.ch\/wp-content\/uploads\/2007\/06\/oldal.jpg 637w, https:\/\/esztergom-anno.hu.webhost.v-comp.ch\/wp-content\/uploads\/2007\/06\/oldal-218x300.jpg 218w\" sizes=\"auto, (max-width: 637px) 85vw, 637px\" \/><\/a><\/figure>\n\n\n\n<figure class=\"wp-block-image size-large\"><a href=\"https:\/\/esztergom-anno.hu.webhost.v-comp.ch\/wp-content\/uploads\/2007\/06\/nyilvantartas.jpg\"><img loading=\"lazy\" decoding=\"async\" width=\"614\" height=\"873\" data-id=\"890\" src=\"http:\/\/esztergom-anno.hu.webhost.v-comp.ch\/wp-content\/uploads\/2007\/06\/nyilvantartas.jpg\" alt=\"\" class=\"wp-image-890\" srcset=\"https:\/\/esztergom-anno.hu.webhost.v-comp.ch\/wp-content\/uploads\/2007\/06\/nyilvantartas.jpg 614w, https:\/\/esztergom-anno.hu.webhost.v-comp.ch\/wp-content\/uploads\/2007\/06\/nyilvantartas-211x300.jpg 211w\" sizes=\"auto, (max-width: 614px) 85vw, 614px\" \/><\/a><\/figure>\n\n\n\n<figure class=\"wp-block-image size-large\"><a href=\"https:\/\/esztergom-anno.hu.webhost.v-comp.ch\/wp-content\/uploads\/2007\/06\/meghivo5.jpg\"><img loading=\"lazy\" decoding=\"async\" width=\"877\" height=\"638\" data-id=\"889\" src=\"http:\/\/esztergom-anno.hu.webhost.v-comp.ch\/wp-content\/uploads\/2007\/06\/meghivo5.jpg\" alt=\"\" class=\"wp-image-889\" srcset=\"https:\/\/esztergom-anno.hu.webhost.v-comp.ch\/wp-content\/uploads\/2007\/06\/meghivo5.jpg 877w, https:\/\/esztergom-anno.hu.webhost.v-comp.ch\/wp-content\/uploads\/2007\/06\/meghivo5-300x218.jpg 300w, https:\/\/esztergom-anno.hu.webhost.v-comp.ch\/wp-content\/uploads\/2007\/06\/meghivo5-768x559.jpg 768w\" sizes=\"auto, (max-width: 709px) 85vw, (max-width: 909px) 67vw, (max-width: 1362px) 62vw, 840px\" \/><\/a><\/figure>\n\n\n\n<figure class=\"wp-block-image size-large\"><a href=\"https:\/\/esztergom-anno.hu.webhost.v-comp.ch\/wp-content\/uploads\/2007\/06\/meghivo4.jpg\"><img loading=\"lazy\" decoding=\"async\" width=\"753\" height=\"539\" data-id=\"888\" src=\"http:\/\/esztergom-anno.hu.webhost.v-comp.ch\/wp-content\/uploads\/2007\/06\/meghivo4.jpg\" alt=\"\" class=\"wp-image-888\" srcset=\"https:\/\/esztergom-anno.hu.webhost.v-comp.ch\/wp-content\/uploads\/2007\/06\/meghivo4.jpg 753w, https:\/\/esztergom-anno.hu.webhost.v-comp.ch\/wp-content\/uploads\/2007\/06\/meghivo4-300x215.jpg 300w\" sizes=\"auto, (max-width: 753px) 85vw, 753px\" \/><\/a><\/figure>\n\n\n\n<figure class=\"wp-block-image size-large\"><a href=\"https:\/\/esztergom-anno.hu.webhost.v-comp.ch\/wp-content\/uploads\/2007\/06\/meghivo3.jpg\"><img loading=\"lazy\" decoding=\"async\" width=\"875\" height=\"606\" data-id=\"887\" src=\"http:\/\/esztergom-anno.hu.webhost.v-comp.ch\/wp-content\/uploads\/2007\/06\/meghivo3.jpg\" alt=\"\" class=\"wp-image-887\" srcset=\"https:\/\/esztergom-anno.hu.webhost.v-comp.ch\/wp-content\/uploads\/2007\/06\/meghivo3.jpg 875w, https:\/\/esztergom-anno.hu.webhost.v-comp.ch\/wp-content\/uploads\/2007\/06\/meghivo3-300x208.jpg 300w, https:\/\/esztergom-anno.hu.webhost.v-comp.ch\/wp-content\/uploads\/2007\/06\/meghivo3-768x532.jpg 768w\" sizes=\"auto, (max-width: 709px) 85vw, (max-width: 909px) 67vw, (max-width: 1362px) 62vw, 840px\" \/><\/a><\/figure>\n\n\n\n<figure class=\"wp-block-image size-large\"><a href=\"https:\/\/esztergom-anno.hu.webhost.v-comp.ch\/wp-content\/uploads\/2007\/06\/meghivo2.jpg\"><img loading=\"lazy\" decoding=\"async\" width=\"876\" height=\"304\" data-id=\"886\" src=\"http:\/\/esztergom-anno.hu.webhost.v-comp.ch\/wp-content\/uploads\/2007\/06\/meghivo2.jpg\" alt=\"\" class=\"wp-image-886\" srcset=\"https:\/\/esztergom-anno.hu.webhost.v-comp.ch\/wp-content\/uploads\/2007\/06\/meghivo2.jpg 876w, https:\/\/esztergom-anno.hu.webhost.v-comp.ch\/wp-content\/uploads\/2007\/06\/meghivo2-300x104.jpg 300w, https:\/\/esztergom-anno.hu.webhost.v-comp.ch\/wp-content\/uploads\/2007\/06\/meghivo2-768x267.jpg 768w\" sizes=\"auto, (max-width: 709px) 85vw, (max-width: 909px) 67vw, (max-width: 1362px) 62vw, 840px\" \/><\/a><\/figure>\n\n\n\n<figure class=\"wp-block-image size-large\"><a href=\"https:\/\/esztergom-anno.hu.webhost.v-comp.ch\/wp-content\/uploads\/2007\/06\/meghivo.jpg\"><img loading=\"lazy\" decoding=\"async\" width=\"594\" height=\"389\" data-id=\"885\" src=\"http:\/\/esztergom-anno.hu.webhost.v-comp.ch\/wp-content\/uploads\/2007\/06\/meghivo.jpg\" alt=\"\" class=\"wp-image-885\" srcset=\"https:\/\/esztergom-anno.hu.webhost.v-comp.ch\/wp-content\/uploads\/2007\/06\/meghivo.jpg 594w, https:\/\/esztergom-anno.hu.webhost.v-comp.ch\/wp-content\/uploads\/2007\/06\/meghivo-300x196.jpg 300w\" sizes=\"auto, (max-width: 594px) 85vw, 594px\" \/><\/a><\/figure>\n\n\n\n<figure class=\"wp-block-image size-large\"><a href=\"https:\/\/esztergom-anno.hu.webhost.v-comp.ch\/wp-content\/uploads\/2007\/06\/levelezolap2.jpg\"><img loading=\"lazy\" decoding=\"async\" width=\"872\" height=\"612\" data-id=\"875\" src=\"http:\/\/esztergom-anno.hu.webhost.v-comp.ch\/wp-content\/uploads\/2007\/06\/levelezolap2.jpg\" alt=\"\" class=\"wp-image-875\" srcset=\"https:\/\/esztergom-anno.hu.webhost.v-comp.ch\/wp-content\/uploads\/2007\/06\/levelezolap2.jpg 872w, https:\/\/esztergom-anno.hu.webhost.v-comp.ch\/wp-content\/uploads\/2007\/06\/levelezolap2-300x211.jpg 300w, https:\/\/esztergom-anno.hu.webhost.v-comp.ch\/wp-content\/uploads\/2007\/06\/levelezolap2-768x539.jpg 768w\" sizes=\"auto, (max-width: 709px) 85vw, (max-width: 909px) 67vw, (max-width: 1362px) 62vw, 840px\" \/><\/a><\/figure>\n\n\n\n<figure class=\"wp-block-image size-large\"><a href=\"https:\/\/esztergom-anno.hu.webhost.v-comp.ch\/wp-content\/uploads\/2007\/06\/levelezolap.jpg\"><img loading=\"lazy\" decoding=\"async\" width=\"868\" height=\"610\" data-id=\"874\" src=\"http:\/\/esztergom-anno.hu.webhost.v-comp.ch\/wp-content\/uploads\/2007\/06\/levelezolap.jpg\" alt=\"\" class=\"wp-image-874\" srcset=\"https:\/\/esztergom-anno.hu.webhost.v-comp.ch\/wp-content\/uploads\/2007\/06\/levelezolap.jpg 868w, https:\/\/esztergom-anno.hu.webhost.v-comp.ch\/wp-content\/uploads\/2007\/06\/levelezolap-300x211.jpg 300w, https:\/\/esztergom-anno.hu.webhost.v-comp.ch\/wp-content\/uploads\/2007\/06\/levelezolap-768x540.jpg 768w\" sizes=\"auto, (max-width: 709px) 85vw, (max-width: 909px) 67vw, (max-width: 1362px) 62vw, 840px\" \/><\/a><\/figure>\n\n\n\n<figure class=\"wp-block-image size-large\"><a href=\"https:\/\/esztergom-anno.hu.webhost.v-comp.ch\/wp-content\/uploads\/2007\/06\/level2.jpg\"><img loading=\"lazy\" decoding=\"async\" width=\"434\" height=\"461\" data-id=\"884\" src=\"http:\/\/esztergom-anno.hu.webhost.v-comp.ch\/wp-content\/uploads\/2007\/06\/level2.jpg\" alt=\"\" class=\"wp-image-884\" srcset=\"https:\/\/esztergom-anno.hu.webhost.v-comp.ch\/wp-content\/uploads\/2007\/06\/level2.jpg 434w, https:\/\/esztergom-anno.hu.webhost.v-comp.ch\/wp-content\/uploads\/2007\/06\/level2-282x300.jpg 282w\" sizes=\"auto, (max-width: 434px) 85vw, 434px\" \/><\/a><\/figure>\n\n\n\n<figure class=\"wp-block-image size-large\"><a href=\"https:\/\/esztergom-anno.hu.webhost.v-comp.ch\/wp-content\/uploads\/2007\/06\/level.jpg\"><img loading=\"lazy\" decoding=\"async\" width=\"618\" height=\"417\" data-id=\"876\" src=\"http:\/\/esztergom-anno.hu.webhost.v-comp.ch\/wp-content\/uploads\/2007\/06\/level.jpg\" alt=\"\" class=\"wp-image-876\" srcset=\"https:\/\/esztergom-anno.hu.webhost.v-comp.ch\/wp-content\/uploads\/2007\/06\/level.jpg 618w, https:\/\/esztergom-anno.hu.webhost.v-comp.ch\/wp-content\/uploads\/2007\/06\/level-300x202.jpg 300w\" sizes=\"auto, (max-width: 618px) 85vw, 618px\" \/><\/a><\/figure>\n\n\n\n<figure class=\"wp-block-image size-large\"><a href=\"https:\/\/esztergom-anno.hu.webhost.v-comp.ch\/wp-content\/uploads\/2007\/06\/lap2.jpg\"><img loading=\"lazy\" decoding=\"async\" width=\"735\" height=\"490\" data-id=\"873\" src=\"http:\/\/esztergom-anno.hu.webhost.v-comp.ch\/wp-content\/uploads\/2007\/06\/lap2.jpg\" alt=\"\" class=\"wp-image-873\" srcset=\"https:\/\/esztergom-anno.hu.webhost.v-comp.ch\/wp-content\/uploads\/2007\/06\/lap2.jpg 735w, https:\/\/esztergom-anno.hu.webhost.v-comp.ch\/wp-content\/uploads\/2007\/06\/lap2-300x200.jpg 300w\" sizes=\"auto, (max-width: 735px) 85vw, 735px\" \/><\/a><\/figure>\n\n\n\n<figure class=\"wp-block-image size-large\"><a href=\"https:\/\/esztergom-anno.hu.webhost.v-comp.ch\/wp-content\/uploads\/2007\/06\/lap.jpg\"><img loading=\"lazy\" decoding=\"async\" width=\"690\" height=\"475\" data-id=\"872\" src=\"http:\/\/esztergom-anno.hu.webhost.v-comp.ch\/wp-content\/uploads\/2007\/06\/lap.jpg\" alt=\"\" class=\"wp-image-872\" srcset=\"https:\/\/esztergom-anno.hu.webhost.v-comp.ch\/wp-content\/uploads\/2007\/06\/lap.jpg 690w, https:\/\/esztergom-anno.hu.webhost.v-comp.ch\/wp-content\/uploads\/2007\/06\/lap-300x207.jpg 300w\" sizes=\"auto, (max-width: 690px) 85vw, 690px\" \/><\/a><\/figure>\n\n\n\n<figure class=\"wp-block-image size-large\"><a href=\"https:\/\/esztergom-anno.hu.webhost.v-comp.ch\/wp-content\/uploads\/2007\/06\/kimutatas.jpg\"><img loading=\"lazy\" decoding=\"async\" width=\"620\" height=\"656\" data-id=\"856\" src=\"http:\/\/esztergom-anno.hu.webhost.v-comp.ch\/wp-content\/uploads\/2007\/06\/kimutatas.jpg\" alt=\"\" class=\"wp-image-856\" srcset=\"https:\/\/esztergom-anno.hu.webhost.v-comp.ch\/wp-content\/uploads\/2007\/06\/kimutatas.jpg 620w, https:\/\/esztergom-anno.hu.webhost.v-comp.ch\/wp-content\/uploads\/2007\/06\/kimutatas-284x300.jpg 284w\" sizes=\"auto, (max-width: 620px) 85vw, 620px\" \/><\/a><\/figure>\n\n\n\n<figure class=\"wp-block-image size-large\"><a href=\"https:\/\/esztergom-anno.hu.webhost.v-comp.ch\/wp-content\/uploads\/2007\/06\/kep6.jpg\"><img loading=\"lazy\" decoding=\"async\" width=\"348\" height=\"512\" data-id=\"862\" src=\"http:\/\/esztergom-anno.hu.webhost.v-comp.ch\/wp-content\/uploads\/2007\/06\/kep6.jpg\" alt=\"\" class=\"wp-image-862\" srcset=\"https:\/\/esztergom-anno.hu.webhost.v-comp.ch\/wp-content\/uploads\/2007\/06\/kep6.jpg 348w, https:\/\/esztergom-anno.hu.webhost.v-comp.ch\/wp-content\/uploads\/2007\/06\/kep6-204x300.jpg 204w\" sizes=\"auto, (max-width: 348px) 85vw, 348px\" \/><\/a><\/figure>\n\n\n\n<figure class=\"wp-block-image size-large\"><a href=\"https:\/\/esztergom-anno.hu.webhost.v-comp.ch\/wp-content\/uploads\/2007\/06\/kartya3.jpg\"><img loading=\"lazy\" decoding=\"async\" width=\"729\" height=\"412\" data-id=\"861\" src=\"http:\/\/esztergom-anno.hu.webhost.v-comp.ch\/wp-content\/uploads\/2007\/06\/kartya3.jpg\" alt=\"\" class=\"wp-image-861\" srcset=\"https:\/\/esztergom-anno.hu.webhost.v-comp.ch\/wp-content\/uploads\/2007\/06\/kartya3.jpg 729w, https:\/\/esztergom-anno.hu.webhost.v-comp.ch\/wp-content\/uploads\/2007\/06\/kartya3-300x170.jpg 300w\" sizes=\"auto, (max-width: 729px) 85vw, 729px\" \/><\/a><\/figure>\n\n\n\n<figure class=\"wp-block-image size-large\"><a href=\"https:\/\/esztergom-anno.hu.webhost.v-comp.ch\/wp-content\/uploads\/2007\/06\/kartya2.jpg\"><img loading=\"lazy\" decoding=\"async\" width=\"729\" height=\"412\" data-id=\"860\" src=\"http:\/\/esztergom-anno.hu.webhost.v-comp.ch\/wp-content\/uploads\/2007\/06\/kartya2.jpg\" alt=\"\" class=\"wp-image-860\" srcset=\"https:\/\/esztergom-anno.hu.webhost.v-comp.ch\/wp-content\/uploads\/2007\/06\/kartya2.jpg 729w, https:\/\/esztergom-anno.hu.webhost.v-comp.ch\/wp-content\/uploads\/2007\/06\/kartya2-300x170.jpg 300w\" sizes=\"auto, (max-width: 729px) 85vw, 729px\" \/><\/a><\/figure>\n\n\n\n<figure class=\"wp-block-image size-large\"><a href=\"https:\/\/esztergom-anno.hu.webhost.v-comp.ch\/wp-content\/uploads\/2007\/06\/kartya.jpg\"><img loading=\"lazy\" decoding=\"async\" width=\"638\" height=\"425\" data-id=\"859\" src=\"http:\/\/esztergom-anno.hu.webhost.v-comp.ch\/wp-content\/uploads\/2007\/06\/kartya.jpg\" alt=\"\" class=\"wp-image-859\" srcset=\"https:\/\/esztergom-anno.hu.webhost.v-comp.ch\/wp-content\/uploads\/2007\/06\/kartya.jpg 638w, https:\/\/esztergom-anno.hu.webhost.v-comp.ch\/wp-content\/uploads\/2007\/06\/kartya-300x200.jpg 300w\" sizes=\"auto, (max-width: 638px) 85vw, 638px\" \/><\/a><\/figure>\n\n\n\n<figure class=\"wp-block-image size-large\"><a href=\"https:\/\/esztergom-anno.hu.webhost.v-comp.ch\/wp-content\/uploads\/2007\/06\/igazolvany5.jpg\"><img loading=\"lazy\" decoding=\"async\" width=\"439\" height=\"694\" data-id=\"855\" src=\"http:\/\/esztergom-anno.hu.webhost.v-comp.ch\/wp-content\/uploads\/2007\/06\/igazolvany5.jpg\" alt=\"\" class=\"wp-image-855\" srcset=\"https:\/\/esztergom-anno.hu.webhost.v-comp.ch\/wp-content\/uploads\/2007\/06\/igazolvany5.jpg 439w, https:\/\/esztergom-anno.hu.webhost.v-comp.ch\/wp-content\/uploads\/2007\/06\/igazolvany5-190x300.jpg 190w\" sizes=\"auto, (max-width: 439px) 85vw, 439px\" \/><\/a><\/figure>\n\n\n\n<figure class=\"wp-block-image size-large\"><a href=\"https:\/\/esztergom-anno.hu.webhost.v-comp.ch\/wp-content\/uploads\/2007\/06\/igazolvany4.jpg\"><img loading=\"lazy\" decoding=\"async\" width=\"965\" height=\"707\" data-id=\"854\" src=\"http:\/\/esztergom-anno.hu.webhost.v-comp.ch\/wp-content\/uploads\/2007\/06\/igazolvany4.jpg\" alt=\"\" class=\"wp-image-854\" srcset=\"https:\/\/esztergom-anno.hu.webhost.v-comp.ch\/wp-content\/uploads\/2007\/06\/igazolvany4.jpg 965w, https:\/\/esztergom-anno.hu.webhost.v-comp.ch\/wp-content\/uploads\/2007\/06\/igazolvany4-300x220.jpg 300w, https:\/\/esztergom-anno.hu.webhost.v-comp.ch\/wp-content\/uploads\/2007\/06\/igazolvany4-768x563.jpg 768w\" sizes=\"auto, (max-width: 709px) 85vw, (max-width: 909px) 67vw, (max-width: 1362px) 62vw, 840px\" \/><\/a><\/figure>\n\n\n\n<figure class=\"wp-block-image size-large\"><a href=\"https:\/\/esztergom-anno.hu.webhost.v-comp.ch\/wp-content\/uploads\/2007\/06\/igazolvany3.jpg\"><img loading=\"lazy\" decoding=\"async\" width=\"713\" height=\"981\" data-id=\"853\" src=\"http:\/\/esztergom-anno.hu.webhost.v-comp.ch\/wp-content\/uploads\/2007\/06\/igazolvany3.jpg\" alt=\"\" class=\"wp-image-853\" srcset=\"https:\/\/esztergom-anno.hu.webhost.v-comp.ch\/wp-content\/uploads\/2007\/06\/igazolvany3.jpg 713w, https:\/\/esztergom-anno.hu.webhost.v-comp.ch\/wp-content\/uploads\/2007\/06\/igazolvany3-218x300.jpg 218w\" sizes=\"auto, (max-width: 713px) 85vw, 713px\" \/><\/a><\/figure>\n\n\n\n<figure class=\"wp-block-image size-large\"><a href=\"https:\/\/esztergom-anno.hu.webhost.v-comp.ch\/wp-content\/uploads\/2007\/06\/igazolvany2.jpg\"><img loading=\"lazy\" decoding=\"async\" width=\"748\" height=\"637\" data-id=\"852\" src=\"http:\/\/esztergom-anno.hu.webhost.v-comp.ch\/wp-content\/uploads\/2007\/06\/igazolvany2.jpg\" alt=\"\" class=\"wp-image-852\" srcset=\"https:\/\/esztergom-anno.hu.webhost.v-comp.ch\/wp-content\/uploads\/2007\/06\/igazolvany2.jpg 748w, https:\/\/esztergom-anno.hu.webhost.v-comp.ch\/wp-content\/uploads\/2007\/06\/igazolvany2-300x255.jpg 300w\" sizes=\"auto, (max-width: 748px) 85vw, 748px\" \/><\/a><\/figure>\n\n\n\n<figure class=\"wp-block-image size-large\"><a href=\"https:\/\/esztergom-anno.hu.webhost.v-comp.ch\/wp-content\/uploads\/2007\/06\/igazolvany.jpg\"><img loading=\"lazy\" decoding=\"async\" width=\"507\" height=\"303\" data-id=\"851\" src=\"http:\/\/esztergom-anno.hu.webhost.v-comp.ch\/wp-content\/uploads\/2007\/06\/igazolvany.jpg\" alt=\"\" class=\"wp-image-851\" srcset=\"https:\/\/esztergom-anno.hu.webhost.v-comp.ch\/wp-content\/uploads\/2007\/06\/igazolvany.jpg 507w, https:\/\/esztergom-anno.hu.webhost.v-comp.ch\/wp-content\/uploads\/2007\/06\/igazolvany-300x179.jpg 300w\" sizes=\"auto, (max-width: 507px) 85vw, 507px\" \/><\/a><\/figure>\n\n\n\n<figure class=\"wp-block-image size-large\"><a href=\"https:\/\/esztergom-anno.hu.webhost.v-comp.ch\/wp-content\/uploads\/2007\/06\/hirdetmeny.jpg\"><img loading=\"lazy\" decoding=\"async\" width=\"626\" height=\"429\" data-id=\"848\" src=\"http:\/\/esztergom-anno.hu.webhost.v-comp.ch\/wp-content\/uploads\/2007\/06\/hirdetmeny.jpg\" alt=\"\" class=\"wp-image-848\" srcset=\"https:\/\/esztergom-anno.hu.webhost.v-comp.ch\/wp-content\/uploads\/2007\/06\/hirdetmeny.jpg 626w, https:\/\/esztergom-anno.hu.webhost.v-comp.ch\/wp-content\/uploads\/2007\/06\/hirdetmeny-300x206.jpg 300w\" sizes=\"auto, (max-width: 626px) 85vw, 626px\" \/><\/a><\/figure>\n\n\n\n<figure class=\"wp-block-image size-large\"><a href=\"https:\/\/esztergom-anno.hu.webhost.v-comp.ch\/wp-content\/uploads\/2007\/06\/hatarozat.jpg\"><img loading=\"lazy\" decoding=\"async\" width=\"619\" height=\"874\" data-id=\"847\" src=\"http:\/\/esztergom-anno.hu.webhost.v-comp.ch\/wp-content\/uploads\/2007\/06\/hatarozat.jpg\" alt=\"\" class=\"wp-image-847\" srcset=\"https:\/\/esztergom-anno.hu.webhost.v-comp.ch\/wp-content\/uploads\/2007\/06\/hatarozat.jpg 619w, https:\/\/esztergom-anno.hu.webhost.v-comp.ch\/wp-content\/uploads\/2007\/06\/hatarozat-212x300.jpg 212w\" sizes=\"auto, (max-width: 619px) 85vw, 619px\" \/><\/a><\/figure>\n\n\n\n<figure class=\"wp-block-image size-large\"><a href=\"https:\/\/esztergom-anno.hu.webhost.v-comp.ch\/wp-content\/uploads\/2007\/06\/bizonyitvany-scaled.jpg\"><img loading=\"lazy\" decoding=\"async\" width=\"1817\" height=\"2560\" data-id=\"836\" src=\"http:\/\/esztergom-anno.hu.webhost.v-comp.ch\/wp-content\/uploads\/2007\/06\/bizonyitvany-scaled.jpg\" alt=\"\" class=\"wp-image-836\" srcset=\"https:\/\/esztergom-anno.hu.webhost.v-comp.ch\/wp-content\/uploads\/2007\/06\/bizonyitvany-scaled.jpg 1817w, https:\/\/esztergom-anno.hu.webhost.v-comp.ch\/wp-content\/uploads\/2007\/06\/bizonyitvany-213x300.jpg 213w, https:\/\/esztergom-anno.hu.webhost.v-comp.ch\/wp-content\/uploads\/2007\/06\/bizonyitvany-727x1024.jpg 727w, https:\/\/esztergom-anno.hu.webhost.v-comp.ch\/wp-content\/uploads\/2007\/06\/bizonyitvany-768x1082.jpg 768w, https:\/\/esztergom-anno.hu.webhost.v-comp.ch\/wp-content\/uploads\/2007\/06\/bizonyitvany-1090x1536.jpg 1090w, https:\/\/esztergom-anno.hu.webhost.v-comp.ch\/wp-content\/uploads\/2007\/06\/bizonyitvany-1454x2048.jpg 1454w\" sizes=\"auto, (max-width: 709px) 85vw, (max-width: 909px) 67vw, (max-width: 1362px) 62vw, 840px\" \/><\/a><\/figure>\n\n\n\n<figure class=\"wp-block-image size-large\"><a href=\"https:\/\/esztergom-anno.hu.webhost.v-comp.ch\/wp-content\/uploads\/2007\/06\/111.jpg\"><img loading=\"lazy\" decoding=\"async\" width=\"610\" height=\"403\" data-id=\"822\" src=\"http:\/\/esztergom-anno.hu.webhost.v-comp.ch\/wp-content\/uploads\/2007\/06\/111.jpg\" alt=\"\" class=\"wp-image-822\" srcset=\"https:\/\/esztergom-anno.hu.webhost.v-comp.ch\/wp-content\/uploads\/2007\/06\/111.jpg 610w, https:\/\/esztergom-anno.hu.webhost.v-comp.ch\/wp-content\/uploads\/2007\/06\/111-300x198.jpg 300w\" sizes=\"auto, (max-width: 610px) 85vw, 610px\" \/><\/a><\/figure>\n\n\n\n<figure class=\"wp-block-image size-large\"><a href=\"https:\/\/esztergom-anno.hu.webhost.v-comp.ch\/wp-content\/uploads\/2007\/04\/Az-esztergomi-101-42.-sz.-munkasszazad-legenysegenek-nevjegyzeke-az-1942.-julius-27.-es-1943.-februar-20.-kozotti-idoszakbol-214-nevvel.jpg\"><img loading=\"lazy\" decoding=\"async\" width=\"365\" height=\"613\" data-id=\"829\" src=\"http:\/\/esztergom-anno.hu.webhost.v-comp.ch\/wp-content\/uploads\/2007\/04\/Az-esztergomi-101-42.-sz.-munkasszazad-legenysegenek-nevjegyzeke-az-1942.-julius-27.-es-1943.-februar-20.-kozotti-idoszakbol-214-nevvel.jpg\" alt=\"\" class=\"wp-image-829\" srcset=\"https:\/\/esztergom-anno.hu.webhost.v-comp.ch\/wp-content\/uploads\/2007\/04\/Az-esztergomi-101-42.-sz.-munkasszazad-legenysegenek-nevjegyzeke-az-1942.-julius-27.-es-1943.-februar-20.-kozotti-idoszakbol-214-nevvel.jpg 365w, https:\/\/esztergom-anno.hu.webhost.v-comp.ch\/wp-content\/uploads\/2007\/04\/Az-esztergomi-101-42.-sz.-munkasszazad-legenysegenek-nevjegyzeke-az-1942.-julius-27.-es-1943.-februar-20.-kozotti-idoszakbol-214-nevvel-179x300.jpg 179w\" sizes=\"auto, (max-width: 365px) 85vw, 365px\" \/><\/a><\/figure>\n\n\n\n<figure class=\"wp-block-image size-large\"><a href=\"https:\/\/esztergom-anno.hu.webhost.v-comp.ch\/wp-content\/uploads\/2007\/04\/Az-Esztergomi-Takarekpenztar-otven-eves-tortenete-1844-tol.jpg\"><img loading=\"lazy\" decoding=\"async\" width=\"269\" height=\"425\" data-id=\"828\" src=\"http:\/\/esztergom-anno.hu.webhost.v-comp.ch\/wp-content\/uploads\/2007\/04\/Az-Esztergomi-Takarekpenztar-otven-eves-tortenete-1844-tol.jpg\" alt=\"\" class=\"wp-image-828\" srcset=\"https:\/\/esztergom-anno.hu.webhost.v-comp.ch\/wp-content\/uploads\/2007\/04\/Az-Esztergomi-Takarekpenztar-otven-eves-tortenete-1844-tol.jpg 269w, https:\/\/esztergom-anno.hu.webhost.v-comp.ch\/wp-content\/uploads\/2007\/04\/Az-Esztergomi-Takarekpenztar-otven-eves-tortenete-1844-tol-190x300.jpg 190w\" sizes=\"auto, (max-width: 269px) 85vw, 269px\" \/><\/a><\/figure>\n\n\n\n<figure class=\"wp-block-image size-large\"><a href=\"https:\/\/esztergom-anno.hu.webhost.v-comp.ch\/wp-content\/uploads\/2007\/04\/Babits-Mihalyne.jpg\"><img loading=\"lazy\" decoding=\"async\" width=\"450\" height=\"291\" data-id=\"830\" src=\"http:\/\/esztergom-anno.hu.webhost.v-comp.ch\/wp-content\/uploads\/2007\/04\/Babits-Mihalyne.jpg\" alt=\"\" class=\"wp-image-830\" srcset=\"https:\/\/esztergom-anno.hu.webhost.v-comp.ch\/wp-content\/uploads\/2007\/04\/Babits-Mihalyne.jpg 450w, https:\/\/esztergom-anno.hu.webhost.v-comp.ch\/wp-content\/uploads\/2007\/04\/Babits-Mihalyne-300x194.jpg 300w\" sizes=\"auto, (max-width: 450px) 85vw, 450px\" \/><\/a><\/figure>\n\n\n\n<figure class=\"wp-block-image size-large\"><a href=\"https:\/\/esztergom-anno.hu.webhost.v-comp.ch\/wp-content\/uploads\/2007\/04\/Kopacsy-Jozsef-1775-1847-esztergomi-ersek-hercegprimas-tintaval-irt-alairt-levele-grof-Zichy-Ferrari-Mano-cs-kir-Aranykulcsosnak.jpg\"><img loading=\"lazy\" decoding=\"async\" width=\"600\" height=\"206\" data-id=\"831\" src=\"http:\/\/esztergom-anno.hu.webhost.v-comp.ch\/wp-content\/uploads\/2007\/04\/Kopacsy-Jozsef-1775-1847-esztergomi-ersek-hercegprimas-tintaval-irt-alairt-levele-grof-Zichy-Ferrari-Mano-cs-kir-Aranykulcsosnak.jpg\" alt=\"\" class=\"wp-image-831\" srcset=\"https:\/\/esztergom-anno.hu.webhost.v-comp.ch\/wp-content\/uploads\/2007\/04\/Kopacsy-Jozsef-1775-1847-esztergomi-ersek-hercegprimas-tintaval-irt-alairt-levele-grof-Zichy-Ferrari-Mano-cs-kir-Aranykulcsosnak.jpg 600w, https:\/\/esztergom-anno.hu.webhost.v-comp.ch\/wp-content\/uploads\/2007\/04\/Kopacsy-Jozsef-1775-1847-esztergomi-ersek-hercegprimas-tintaval-irt-alairt-levele-grof-Zichy-Ferrari-Mano-cs-kir-Aranykulcsosnak-300x103.jpg 300w\" sizes=\"auto, (max-width: 600px) 85vw, 600px\" \/><\/a><figcaption>OLYMPUS DIGITAL CAMERA<\/figcaption><\/figure>\n\n\n\n<figure class=\"wp-block-image size-large\"><a href=\"https:\/\/esztergom-anno.hu.webhost.v-comp.ch\/wp-content\/uploads\/2007\/04\/Kopacsy-Jozsef-esztergomi-ersek.jpg\"><img loading=\"lazy\" decoding=\"async\" width=\"425\" height=\"328\" data-id=\"832\" src=\"http:\/\/esztergom-anno.hu.webhost.v-comp.ch\/wp-content\/uploads\/2007\/04\/Kopacsy-Jozsef-esztergomi-ersek.jpg\" alt=\"\" class=\"wp-image-832\" srcset=\"https:\/\/esztergom-anno.hu.webhost.v-comp.ch\/wp-content\/uploads\/2007\/04\/Kopacsy-Jozsef-esztergomi-ersek.jpg 425w, https:\/\/esztergom-anno.hu.webhost.v-comp.ch\/wp-content\/uploads\/2007\/04\/Kopacsy-Jozsef-esztergomi-ersek-300x232.jpg 300w\" sizes=\"auto, (max-width: 425px) 85vw, 425px\" \/><\/a><\/figure>\n\n\n\n<figure class=\"wp-block-image size-large\"><a href=\"https:\/\/esztergom-anno.hu.webhost.v-comp.ch\/wp-content\/uploads\/2007\/04\/Pazmany-Peter-esztergomi-ersek-sajatkezuleg-alairt-magyar-nyelvu-levele-Veer-Gyorgyhoz.jpg\"><img loading=\"lazy\" decoding=\"async\" width=\"413\" height=\"573\" data-id=\"833\" src=\"http:\/\/esztergom-anno.hu.webhost.v-comp.ch\/wp-content\/uploads\/2007\/04\/Pazmany-Peter-esztergomi-ersek-sajatkezuleg-alairt-magyar-nyelvu-levele-Veer-Gyorgyhoz.jpg\" alt=\"\" class=\"wp-image-833\" srcset=\"https:\/\/esztergom-anno.hu.webhost.v-comp.ch\/wp-content\/uploads\/2007\/04\/Pazmany-Peter-esztergomi-ersek-sajatkezuleg-alairt-magyar-nyelvu-levele-Veer-Gyorgyhoz.jpg 413w, https:\/\/esztergom-anno.hu.webhost.v-comp.ch\/wp-content\/uploads\/2007\/04\/Pazmany-Peter-esztergomi-ersek-sajatkezuleg-alairt-magyar-nyelvu-levele-Veer-Gyorgyhoz-216x300.jpg 216w\" sizes=\"auto, (max-width: 413px) 85vw, 413px\" \/><\/a><\/figure>\n\n\n\n<figure class=\"wp-block-image size-large\"><a href=\"https:\/\/esztergom-anno.hu.webhost.v-comp.ch\/wp-content\/uploads\/2007\/03\/level01.jpg\"><img loading=\"lazy\" decoding=\"async\" width=\"768\" height=\"1024\" data-id=\"877\" src=\"http:\/\/esztergom-anno.hu.webhost.v-comp.ch\/wp-content\/uploads\/2007\/03\/level01.jpg\" alt=\"\" class=\"wp-image-877\" srcset=\"https:\/\/esztergom-anno.hu.webhost.v-comp.ch\/wp-content\/uploads\/2007\/03\/level01.jpg 768w, https:\/\/esztergom-anno.hu.webhost.v-comp.ch\/wp-content\/uploads\/2007\/03\/level01-225x300.jpg 225w\" sizes=\"auto, (max-width: 768px) 85vw, 768px\" \/><\/a><\/figure>\n\n\n\n<figure class=\"wp-block-image size-large\"><a href=\"https:\/\/esztergom-anno.hu.webhost.v-comp.ch\/wp-content\/uploads\/2007\/03\/level03.jpg\"><img loading=\"lazy\" decoding=\"async\" width=\"768\" height=\"1024\" data-id=\"878\" src=\"http:\/\/esztergom-anno.hu.webhost.v-comp.ch\/wp-content\/uploads\/2007\/03\/level03.jpg\" alt=\"\" class=\"wp-image-878\" srcset=\"https:\/\/esztergom-anno.hu.webhost.v-comp.ch\/wp-content\/uploads\/2007\/03\/level03.jpg 768w, https:\/\/esztergom-anno.hu.webhost.v-comp.ch\/wp-content\/uploads\/2007\/03\/level03-225x300.jpg 225w\" sizes=\"auto, (max-width: 768px) 85vw, 768px\" \/><\/a><\/figure>\n\n\n\n<figure class=\"wp-block-image size-large\"><a href=\"https:\/\/esztergom-anno.hu.webhost.v-comp.ch\/wp-content\/uploads\/2007\/03\/level04.jpg\"><img loading=\"lazy\" decoding=\"async\" width=\"768\" height=\"1024\" data-id=\"879\" src=\"http:\/\/esztergom-anno.hu.webhost.v-comp.ch\/wp-content\/uploads\/2007\/03\/level04.jpg\" alt=\"\" class=\"wp-image-879\" srcset=\"https:\/\/esztergom-anno.hu.webhost.v-comp.ch\/wp-content\/uploads\/2007\/03\/level04.jpg 768w, https:\/\/esztergom-anno.hu.webhost.v-comp.ch\/wp-content\/uploads\/2007\/03\/level04-225x300.jpg 225w\" sizes=\"auto, (max-width: 768px) 85vw, 768px\" \/><\/a><\/figure>\n\n\n\n<figure class=\"wp-block-image size-large\"><a href=\"https:\/\/esztergom-anno.hu.webhost.v-comp.ch\/wp-content\/uploads\/2007\/03\/level05.jpg\"><img loading=\"lazy\" decoding=\"async\" width=\"768\" height=\"1024\" data-id=\"880\" src=\"http:\/\/esztergom-anno.hu.webhost.v-comp.ch\/wp-content\/uploads\/2007\/03\/level05.jpg\" alt=\"\" class=\"wp-image-880\" srcset=\"https:\/\/esztergom-anno.hu.webhost.v-comp.ch\/wp-content\/uploads\/2007\/03\/level05.jpg 768w, https:\/\/esztergom-anno.hu.webhost.v-comp.ch\/wp-content\/uploads\/2007\/03\/level05-225x300.jpg 225w\" sizes=\"auto, (max-width: 768px) 85vw, 768px\" \/><\/a><\/figure>\n\n\n\n<figure class=\"wp-block-image size-large\"><a href=\"https:\/\/esztergom-anno.hu.webhost.v-comp.ch\/wp-content\/uploads\/2007\/03\/level06.jpg\"><img loading=\"lazy\" decoding=\"async\" width=\"768\" height=\"1024\" data-id=\"881\" src=\"http:\/\/esztergom-anno.hu.webhost.v-comp.ch\/wp-content\/uploads\/2007\/03\/level06.jpg\" alt=\"\" class=\"wp-image-881\" srcset=\"https:\/\/esztergom-anno.hu.webhost.v-comp.ch\/wp-content\/uploads\/2007\/03\/level06.jpg 768w, https:\/\/esztergom-anno.hu.webhost.v-comp.ch\/wp-content\/uploads\/2007\/03\/level06-225x300.jpg 225w\" sizes=\"auto, (max-width: 768px) 85vw, 768px\" \/><\/a><\/figure>\n\n\n\n<figure class=\"wp-block-image size-large\"><a href=\"https:\/\/esztergom-anno.hu.webhost.v-comp.ch\/wp-content\/uploads\/2007\/03\/level07.jpg\"><img loading=\"lazy\" decoding=\"async\" width=\"768\" height=\"1024\" data-id=\"882\" src=\"http:\/\/esztergom-anno.hu.webhost.v-comp.ch\/wp-content\/uploads\/2007\/03\/level07.jpg\" alt=\"\" class=\"wp-image-882\" srcset=\"https:\/\/esztergom-anno.hu.webhost.v-comp.ch\/wp-content\/uploads\/2007\/03\/level07.jpg 768w, https:\/\/esztergom-anno.hu.webhost.v-comp.ch\/wp-content\/uploads\/2007\/03\/level07-225x300.jpg 225w\" sizes=\"auto, (max-width: 768px) 85vw, 768px\" \/><\/a><\/figure>\n\n\n\n<figure class=\"wp-block-image size-large\"><a href=\"https:\/\/esztergom-anno.hu.webhost.v-comp.ch\/wp-content\/uploads\/2007\/03\/level1.jpg\"><img loading=\"lazy\" decoding=\"async\" width=\"1024\" height=\"768\" data-id=\"883\" src=\"http:\/\/esztergom-anno.hu.webhost.v-comp.ch\/wp-content\/uploads\/2007\/03\/level1.jpg\" alt=\"\" class=\"wp-image-883\" srcset=\"https:\/\/esztergom-anno.hu.webhost.v-comp.ch\/wp-content\/uploads\/2007\/03\/level1.jpg 1024w, https:\/\/esztergom-anno.hu.webhost.v-comp.ch\/wp-content\/uploads\/2007\/03\/level1-300x225.jpg 300w, https:\/\/esztergom-anno.hu.webhost.v-comp.ch\/wp-content\/uploads\/2007\/03\/level1-768x576.jpg 768w\" sizes=\"auto, (max-width: 709px) 85vw, (max-width: 909px) 67vw, (max-width: 1362px) 62vw, 840px\" \/><\/a><\/figure>\n\n\n\n<figure class=\"wp-block-image size-large\"><a href=\"https:\/\/esztergom-anno.hu.webhost.v-comp.ch\/wp-content\/uploads\/2007\/03\/001.jpg\"><img loading=\"lazy\" decoding=\"async\" width=\"1600\" height=\"1100\" data-id=\"788\" src=\"http:\/\/esztergom-anno.hu.webhost.v-comp.ch\/wp-content\/uploads\/2007\/03\/001.jpg\" alt=\"\" class=\"wp-image-788\" srcset=\"https:\/\/esztergom-anno.hu.webhost.v-comp.ch\/wp-content\/uploads\/2007\/03\/001.jpg 1600w, https:\/\/esztergom-anno.hu.webhost.v-comp.ch\/wp-content\/uploads\/2007\/03\/001-300x206.jpg 300w, https:\/\/esztergom-anno.hu.webhost.v-comp.ch\/wp-content\/uploads\/2007\/03\/001-1024x704.jpg 1024w, https:\/\/esztergom-anno.hu.webhost.v-comp.ch\/wp-content\/uploads\/2007\/03\/001-768x528.jpg 768w, https:\/\/esztergom-anno.hu.webhost.v-comp.ch\/wp-content\/uploads\/2007\/03\/001-1536x1056.jpg 1536w\" sizes=\"auto, (max-width: 709px) 85vw, (max-width: 909px) 67vw, (max-width: 1362px) 62vw, 840px\" \/><\/a><\/figure>\n\n\n\n<figure class=\"wp-block-image size-large\"><a href=\"https:\/\/esztergom-anno.hu.webhost.v-comp.ch\/wp-content\/uploads\/2007\/03\/01.jpg\"><img loading=\"lazy\" decoding=\"async\" width=\"2332\" height=\"1464\" data-id=\"789\" src=\"http:\/\/esztergom-anno.hu.webhost.v-comp.ch\/wp-content\/uploads\/2007\/03\/01.jpg\" alt=\"\" class=\"wp-image-789\" srcset=\"https:\/\/esztergom-anno.hu.webhost.v-comp.ch\/wp-content\/uploads\/2007\/03\/01.jpg 2332w, https:\/\/esztergom-anno.hu.webhost.v-comp.ch\/wp-content\/uploads\/2007\/03\/01-300x188.jpg 300w, https:\/\/esztergom-anno.hu.webhost.v-comp.ch\/wp-content\/uploads\/2007\/03\/01-1024x643.jpg 1024w, https:\/\/esztergom-anno.hu.webhost.v-comp.ch\/wp-content\/uploads\/2007\/03\/01-768x482.jpg 768w, https:\/\/esztergom-anno.hu.webhost.v-comp.ch\/wp-content\/uploads\/2007\/03\/01-1536x964.jpg 1536w, https:\/\/esztergom-anno.hu.webhost.v-comp.ch\/wp-content\/uploads\/2007\/03\/01-2048x1286.jpg 2048w\" sizes=\"auto, (max-width: 709px) 85vw, (max-width: 909px) 67vw, (max-width: 1362px) 62vw, 840px\" \/><\/a><\/figure>\n\n\n\n<figure class=\"wp-block-image size-large\"><a href=\"https:\/\/esztergom-anno.hu.webhost.v-comp.ch\/wp-content\/uploads\/2007\/03\/010.jpg\"><img loading=\"lazy\" decoding=\"async\" width=\"1848\" height=\"1228\" data-id=\"790\" src=\"http:\/\/esztergom-anno.hu.webhost.v-comp.ch\/wp-content\/uploads\/2007\/03\/010.jpg\" alt=\"\" class=\"wp-image-790\" srcset=\"https:\/\/esztergom-anno.hu.webhost.v-comp.ch\/wp-content\/uploads\/2007\/03\/010.jpg 1848w, https:\/\/esztergom-anno.hu.webhost.v-comp.ch\/wp-content\/uploads\/2007\/03\/010-300x199.jpg 300w, https:\/\/esztergom-anno.hu.webhost.v-comp.ch\/wp-content\/uploads\/2007\/03\/010-1024x680.jpg 1024w, https:\/\/esztergom-anno.hu.webhost.v-comp.ch\/wp-content\/uploads\/2007\/03\/010-768x510.jpg 768w, https:\/\/esztergom-anno.hu.webhost.v-comp.ch\/wp-content\/uploads\/2007\/03\/010-1536x1021.jpg 1536w\" sizes=\"auto, (max-width: 709px) 85vw, (max-width: 909px) 67vw, (max-width: 1362px) 62vw, 840px\" \/><\/a><\/figure>\n\n\n\n<figure class=\"wp-block-image size-large\"><a href=\"https:\/\/esztergom-anno.hu.webhost.v-comp.ch\/wp-content\/uploads\/2007\/03\/010a.jpg\"><img loading=\"lazy\" decoding=\"async\" width=\"1844\" height=\"1228\" data-id=\"791\" src=\"http:\/\/esztergom-anno.hu.webhost.v-comp.ch\/wp-content\/uploads\/2007\/03\/010a.jpg\" alt=\"\" class=\"wp-image-791\" srcset=\"https:\/\/esztergom-anno.hu.webhost.v-comp.ch\/wp-content\/uploads\/2007\/03\/010a.jpg 1844w, https:\/\/esztergom-anno.hu.webhost.v-comp.ch\/wp-content\/uploads\/2007\/03\/010a-300x200.jpg 300w, https:\/\/esztergom-anno.hu.webhost.v-comp.ch\/wp-content\/uploads\/2007\/03\/010a-1024x682.jpg 1024w, https:\/\/esztergom-anno.hu.webhost.v-comp.ch\/wp-content\/uploads\/2007\/03\/010a-768x511.jpg 768w, https:\/\/esztergom-anno.hu.webhost.v-comp.ch\/wp-content\/uploads\/2007\/03\/010a-1536x1023.jpg 1536w\" sizes=\"auto, (max-width: 709px) 85vw, (max-width: 909px) 67vw, (max-width: 1362px) 62vw, 840px\" \/><\/a><\/figure>\n\n\n\n<figure class=\"wp-block-image size-large\"><a href=\"https:\/\/esztergom-anno.hu.webhost.v-comp.ch\/wp-content\/uploads\/2007\/03\/011.jpg\"><img loading=\"lazy\" decoding=\"async\" width=\"1732\" height=\"1240\" data-id=\"792\" src=\"http:\/\/esztergom-anno.hu.webhost.v-comp.ch\/wp-content\/uploads\/2007\/03\/011.jpg\" alt=\"\" class=\"wp-image-792\" srcset=\"https:\/\/esztergom-anno.hu.webhost.v-comp.ch\/wp-content\/uploads\/2007\/03\/011.jpg 1732w, https:\/\/esztergom-anno.hu.webhost.v-comp.ch\/wp-content\/uploads\/2007\/03\/011-300x215.jpg 300w, https:\/\/esztergom-anno.hu.webhost.v-comp.ch\/wp-content\/uploads\/2007\/03\/011-1024x733.jpg 1024w, https:\/\/esztergom-anno.hu.webhost.v-comp.ch\/wp-content\/uploads\/2007\/03\/011-768x550.jpg 768w, https:\/\/esztergom-anno.hu.webhost.v-comp.ch\/wp-content\/uploads\/2007\/03\/011-1536x1100.jpg 1536w\" sizes=\"auto, (max-width: 709px) 85vw, (max-width: 909px) 67vw, (max-width: 1362px) 62vw, 840px\" \/><\/a><\/figure>\n\n\n\n<figure class=\"wp-block-image size-large\"><a href=\"https:\/\/esztergom-anno.hu.webhost.v-comp.ch\/wp-content\/uploads\/2007\/03\/011a.jpg\"><img loading=\"lazy\" decoding=\"async\" width=\"1720\" height=\"1244\" data-id=\"793\" src=\"http:\/\/esztergom-anno.hu.webhost.v-comp.ch\/wp-content\/uploads\/2007\/03\/011a.jpg\" alt=\"\" class=\"wp-image-793\" srcset=\"https:\/\/esztergom-anno.hu.webhost.v-comp.ch\/wp-content\/uploads\/2007\/03\/011a.jpg 1720w, https:\/\/esztergom-anno.hu.webhost.v-comp.ch\/wp-content\/uploads\/2007\/03\/011a-300x217.jpg 300w, https:\/\/esztergom-anno.hu.webhost.v-comp.ch\/wp-content\/uploads\/2007\/03\/011a-1024x741.jpg 1024w, https:\/\/esztergom-anno.hu.webhost.v-comp.ch\/wp-content\/uploads\/2007\/03\/011a-768x555.jpg 768w, https:\/\/esztergom-anno.hu.webhost.v-comp.ch\/wp-content\/uploads\/2007\/03\/011a-1536x1111.jpg 1536w\" sizes=\"auto, (max-width: 709px) 85vw, (max-width: 909px) 67vw, (max-width: 1362px) 62vw, 840px\" \/><\/a><\/figure>\n\n\n\n<figure class=\"wp-block-image size-large\"><a href=\"https:\/\/esztergom-anno.hu.webhost.v-comp.ch\/wp-content\/uploads\/2007\/03\/01a.jpg\"><img loading=\"lazy\" decoding=\"async\" width=\"2328\" height=\"1472\" data-id=\"794\" src=\"http:\/\/esztergom-anno.hu.webhost.v-comp.ch\/wp-content\/uploads\/2007\/03\/01a.jpg\" alt=\"\" class=\"wp-image-794\" srcset=\"https:\/\/esztergom-anno.hu.webhost.v-comp.ch\/wp-content\/uploads\/2007\/03\/01a.jpg 2328w, https:\/\/esztergom-anno.hu.webhost.v-comp.ch\/wp-content\/uploads\/2007\/03\/01a-300x190.jpg 300w, https:\/\/esztergom-anno.hu.webhost.v-comp.ch\/wp-content\/uploads\/2007\/03\/01a-1024x647.jpg 1024w, https:\/\/esztergom-anno.hu.webhost.v-comp.ch\/wp-content\/uploads\/2007\/03\/01a-768x486.jpg 768w, https:\/\/esztergom-anno.hu.webhost.v-comp.ch\/wp-content\/uploads\/2007\/03\/01a-1536x971.jpg 1536w, https:\/\/esztergom-anno.hu.webhost.v-comp.ch\/wp-content\/uploads\/2007\/03\/01a-2048x1295.jpg 2048w\" sizes=\"auto, (max-width: 709px) 85vw, (max-width: 909px) 67vw, (max-width: 1362px) 62vw, 840px\" \/><\/a><\/figure>\n\n\n\n<figure class=\"wp-block-image size-large\"><a href=\"https:\/\/esztergom-anno.hu.webhost.v-comp.ch\/wp-content\/uploads\/2007\/03\/02.jpg\"><img loading=\"lazy\" decoding=\"async\" width=\"1740\" height=\"1212\" data-id=\"795\" src=\"http:\/\/esztergom-anno.hu.webhost.v-comp.ch\/wp-content\/uploads\/2007\/03\/02.jpg\" alt=\"\" class=\"wp-image-795\" srcset=\"https:\/\/esztergom-anno.hu.webhost.v-comp.ch\/wp-content\/uploads\/2007\/03\/02.jpg 1740w, https:\/\/esztergom-anno.hu.webhost.v-comp.ch\/wp-content\/uploads\/2007\/03\/02-300x209.jpg 300w, https:\/\/esztergom-anno.hu.webhost.v-comp.ch\/wp-content\/uploads\/2007\/03\/02-1024x713.jpg 1024w, https:\/\/esztergom-anno.hu.webhost.v-comp.ch\/wp-content\/uploads\/2007\/03\/02-768x535.jpg 768w, https:\/\/esztergom-anno.hu.webhost.v-comp.ch\/wp-content\/uploads\/2007\/03\/02-1536x1070.jpg 1536w\" sizes=\"auto, (max-width: 709px) 85vw, (max-width: 909px) 67vw, (max-width: 1362px) 62vw, 840px\" \/><\/a><\/figure>\n\n\n\n<figure class=\"wp-block-image size-large\"><a href=\"https:\/\/esztergom-anno.hu.webhost.v-comp.ch\/wp-content\/uploads\/2007\/03\/02a.jpg\"><img loading=\"lazy\" decoding=\"async\" width=\"1748\" height=\"1216\" data-id=\"796\" src=\"http:\/\/esztergom-anno.hu.webhost.v-comp.ch\/wp-content\/uploads\/2007\/03\/02a.jpg\" alt=\"\" class=\"wp-image-796\" srcset=\"https:\/\/esztergom-anno.hu.webhost.v-comp.ch\/wp-content\/uploads\/2007\/03\/02a.jpg 1748w, https:\/\/esztergom-anno.hu.webhost.v-comp.ch\/wp-content\/uploads\/2007\/03\/02a-300x209.jpg 300w, https:\/\/esztergom-anno.hu.webhost.v-comp.ch\/wp-content\/uploads\/2007\/03\/02a-1024x712.jpg 1024w, https:\/\/esztergom-anno.hu.webhost.v-comp.ch\/wp-content\/uploads\/2007\/03\/02a-768x534.jpg 768w, https:\/\/esztergom-anno.hu.webhost.v-comp.ch\/wp-content\/uploads\/2007\/03\/02a-1536x1069.jpg 1536w\" sizes=\"auto, (max-width: 709px) 85vw, (max-width: 909px) 67vw, (max-width: 1362px) 62vw, 840px\" \/><\/a><\/figure>\n\n\n\n<figure class=\"wp-block-image size-large\"><a href=\"https:\/\/esztergom-anno.hu.webhost.v-comp.ch\/wp-content\/uploads\/2007\/03\/03.jpg\"><img loading=\"lazy\" decoding=\"async\" width=\"1800\" height=\"1200\" data-id=\"797\" src=\"http:\/\/esztergom-anno.hu.webhost.v-comp.ch\/wp-content\/uploads\/2007\/03\/03.jpg\" alt=\"\" class=\"wp-image-797\" srcset=\"https:\/\/esztergom-anno.hu.webhost.v-comp.ch\/wp-content\/uploads\/2007\/03\/03.jpg 1800w, https:\/\/esztergom-anno.hu.webhost.v-comp.ch\/wp-content\/uploads\/2007\/03\/03-300x200.jpg 300w, https:\/\/esztergom-anno.hu.webhost.v-comp.ch\/wp-content\/uploads\/2007\/03\/03-1024x683.jpg 1024w, https:\/\/esztergom-anno.hu.webhost.v-comp.ch\/wp-content\/uploads\/2007\/03\/03-768x512.jpg 768w, https:\/\/esztergom-anno.hu.webhost.v-comp.ch\/wp-content\/uploads\/2007\/03\/03-1536x1024.jpg 1536w\" sizes=\"auto, (max-width: 709px) 85vw, (max-width: 909px) 67vw, (max-width: 1362px) 62vw, 840px\" \/><\/a><\/figure>\n\n\n\n<figure class=\"wp-block-image size-large\"><a href=\"https:\/\/esztergom-anno.hu.webhost.v-comp.ch\/wp-content\/uploads\/2007\/03\/03a.jpg\"><img loading=\"lazy\" decoding=\"async\" width=\"1812\" height=\"1200\" data-id=\"798\" src=\"http:\/\/esztergom-anno.hu.webhost.v-comp.ch\/wp-content\/uploads\/2007\/03\/03a.jpg\" alt=\"\" class=\"wp-image-798\" srcset=\"https:\/\/esztergom-anno.hu.webhost.v-comp.ch\/wp-content\/uploads\/2007\/03\/03a.jpg 1812w, https:\/\/esztergom-anno.hu.webhost.v-comp.ch\/wp-content\/uploads\/2007\/03\/03a-300x199.jpg 300w, https:\/\/esztergom-anno.hu.webhost.v-comp.ch\/wp-content\/uploads\/2007\/03\/03a-1024x678.jpg 1024w, https:\/\/esztergom-anno.hu.webhost.v-comp.ch\/wp-content\/uploads\/2007\/03\/03a-768x509.jpg 768w, https:\/\/esztergom-anno.hu.webhost.v-comp.ch\/wp-content\/uploads\/2007\/03\/03a-1536x1017.jpg 1536w\" sizes=\"auto, (max-width: 709px) 85vw, (max-width: 909px) 67vw, (max-width: 1362px) 62vw, 840px\" \/><\/a><\/figure>\n\n\n\n<figure class=\"wp-block-image size-large\"><a href=\"https:\/\/esztergom-anno.hu.webhost.v-comp.ch\/wp-content\/uploads\/2007\/03\/04.jpg\"><img loading=\"lazy\" decoding=\"async\" width=\"1812\" height=\"1212\" data-id=\"799\" src=\"http:\/\/esztergom-anno.hu.webhost.v-comp.ch\/wp-content\/uploads\/2007\/03\/04.jpg\" alt=\"\" class=\"wp-image-799\" srcset=\"https:\/\/esztergom-anno.hu.webhost.v-comp.ch\/wp-content\/uploads\/2007\/03\/04.jpg 1812w, https:\/\/esztergom-anno.hu.webhost.v-comp.ch\/wp-content\/uploads\/2007\/03\/04-300x201.jpg 300w, https:\/\/esztergom-anno.hu.webhost.v-comp.ch\/wp-content\/uploads\/2007\/03\/04-1024x685.jpg 1024w, https:\/\/esztergom-anno.hu.webhost.v-comp.ch\/wp-content\/uploads\/2007\/03\/04-768x514.jpg 768w, https:\/\/esztergom-anno.hu.webhost.v-comp.ch\/wp-content\/uploads\/2007\/03\/04-1536x1027.jpg 1536w\" sizes=\"auto, (max-width: 709px) 85vw, (max-width: 909px) 67vw, (max-width: 1362px) 62vw, 840px\" \/><\/a><\/figure>\n\n\n\n<figure class=\"wp-block-image size-large\"><a href=\"https:\/\/esztergom-anno.hu.webhost.v-comp.ch\/wp-content\/uploads\/2007\/03\/049.jpg\"><img loading=\"lazy\" decoding=\"async\" width=\"864\" height=\"606\" data-id=\"800\" src=\"http:\/\/esztergom-anno.hu.webhost.v-comp.ch\/wp-content\/uploads\/2007\/03\/049.jpg\" alt=\"\" class=\"wp-image-800\" srcset=\"https:\/\/esztergom-anno.hu.webhost.v-comp.ch\/wp-content\/uploads\/2007\/03\/049.jpg 864w, https:\/\/esztergom-anno.hu.webhost.v-comp.ch\/wp-content\/uploads\/2007\/03\/049-300x210.jpg 300w, https:\/\/esztergom-anno.hu.webhost.v-comp.ch\/wp-content\/uploads\/2007\/03\/049-768x539.jpg 768w\" sizes=\"auto, (max-width: 709px) 85vw, (max-width: 909px) 67vw, (max-width: 1362px) 62vw, 840px\" \/><\/a><\/figure>\n\n\n\n<figure class=\"wp-block-image size-large\"><a href=\"https:\/\/esztergom-anno.hu.webhost.v-comp.ch\/wp-content\/uploads\/2007\/03\/04a.jpg\"><img loading=\"lazy\" decoding=\"async\" width=\"1820\" height=\"1212\" data-id=\"801\" src=\"http:\/\/esztergom-anno.hu.webhost.v-comp.ch\/wp-content\/uploads\/2007\/03\/04a.jpg\" alt=\"\" class=\"wp-image-801\" srcset=\"https:\/\/esztergom-anno.hu.webhost.v-comp.ch\/wp-content\/uploads\/2007\/03\/04a.jpg 1820w, https:\/\/esztergom-anno.hu.webhost.v-comp.ch\/wp-content\/uploads\/2007\/03\/04a-300x200.jpg 300w, https:\/\/esztergom-anno.hu.webhost.v-comp.ch\/wp-content\/uploads\/2007\/03\/04a-1024x682.jpg 1024w, https:\/\/esztergom-anno.hu.webhost.v-comp.ch\/wp-content\/uploads\/2007\/03\/04a-768x511.jpg 768w, https:\/\/esztergom-anno.hu.webhost.v-comp.ch\/wp-content\/uploads\/2007\/03\/04a-1536x1023.jpg 1536w\" sizes=\"auto, (max-width: 709px) 85vw, (max-width: 909px) 67vw, (max-width: 1362px) 62vw, 840px\" \/><\/a><\/figure>\n\n\n\n<figure class=\"wp-block-image size-large\"><a href=\"https:\/\/esztergom-anno.hu.webhost.v-comp.ch\/wp-content\/uploads\/2007\/03\/05.jpg\"><img loading=\"lazy\" decoding=\"async\" width=\"1784\" height=\"1228\" data-id=\"802\" src=\"http:\/\/esztergom-anno.hu.webhost.v-comp.ch\/wp-content\/uploads\/2007\/03\/05.jpg\" alt=\"\" class=\"wp-image-802\" srcset=\"https:\/\/esztergom-anno.hu.webhost.v-comp.ch\/wp-content\/uploads\/2007\/03\/05.jpg 1784w, https:\/\/esztergom-anno.hu.webhost.v-comp.ch\/wp-content\/uploads\/2007\/03\/05-300x207.jpg 300w, https:\/\/esztergom-anno.hu.webhost.v-comp.ch\/wp-content\/uploads\/2007\/03\/05-1024x705.jpg 1024w, https:\/\/esztergom-anno.hu.webhost.v-comp.ch\/wp-content\/uploads\/2007\/03\/05-768x529.jpg 768w, https:\/\/esztergom-anno.hu.webhost.v-comp.ch\/wp-content\/uploads\/2007\/03\/05-1536x1057.jpg 1536w\" sizes=\"auto, (max-width: 709px) 85vw, (max-width: 909px) 67vw, (max-width: 1362px) 62vw, 840px\" \/><\/a><\/figure>\n\n\n\n<figure class=\"wp-block-image size-large\"><a href=\"https:\/\/esztergom-anno.hu.webhost.v-comp.ch\/wp-content\/uploads\/2007\/03\/050.jpg\"><img loading=\"lazy\" decoding=\"async\" width=\"1730\" height=\"1240\" data-id=\"803\" src=\"http:\/\/esztergom-anno.hu.webhost.v-comp.ch\/wp-content\/uploads\/2007\/03\/050.jpg\" alt=\"\" class=\"wp-image-803\" srcset=\"https:\/\/esztergom-anno.hu.webhost.v-comp.ch\/wp-content\/uploads\/2007\/03\/050.jpg 1730w, https:\/\/esztergom-anno.hu.webhost.v-comp.ch\/wp-content\/uploads\/2007\/03\/050-300x215.jpg 300w, https:\/\/esztergom-anno.hu.webhost.v-comp.ch\/wp-content\/uploads\/2007\/03\/050-1024x734.jpg 1024w, https:\/\/esztergom-anno.hu.webhost.v-comp.ch\/wp-content\/uploads\/2007\/03\/050-768x550.jpg 768w, https:\/\/esztergom-anno.hu.webhost.v-comp.ch\/wp-content\/uploads\/2007\/03\/050-1536x1101.jpg 1536w\" sizes=\"auto, (max-width: 709px) 85vw, (max-width: 909px) 67vw, (max-width: 1362px) 62vw, 840px\" \/><\/a><\/figure>\n\n\n\n<figure class=\"wp-block-image size-large\"><a href=\"https:\/\/esztergom-anno.hu.webhost.v-comp.ch\/wp-content\/uploads\/2007\/03\/051.jpg\"><img loading=\"lazy\" decoding=\"async\" width=\"1228\" height=\"1840\" data-id=\"804\" src=\"http:\/\/esztergom-anno.hu.webhost.v-comp.ch\/wp-content\/uploads\/2007\/03\/051.jpg\" alt=\"\" class=\"wp-image-804\" srcset=\"https:\/\/esztergom-anno.hu.webhost.v-comp.ch\/wp-content\/uploads\/2007\/03\/051.jpg 1228w, https:\/\/esztergom-anno.hu.webhost.v-comp.ch\/wp-content\/uploads\/2007\/03\/051-200x300.jpg 200w, https:\/\/esztergom-anno.hu.webhost.v-comp.ch\/wp-content\/uploads\/2007\/03\/051-683x1024.jpg 683w, https:\/\/esztergom-anno.hu.webhost.v-comp.ch\/wp-content\/uploads\/2007\/03\/051-768x1151.jpg 768w, https:\/\/esztergom-anno.hu.webhost.v-comp.ch\/wp-content\/uploads\/2007\/03\/051-1025x1536.jpg 1025w\" sizes=\"auto, (max-width: 709px) 85vw, (max-width: 909px) 67vw, (max-width: 1362px) 62vw, 840px\" \/><\/a><\/figure>\n\n\n\n<figure class=\"wp-block-image size-large\"><a href=\"https:\/\/esztergom-anno.hu.webhost.v-comp.ch\/wp-content\/uploads\/2007\/03\/06.jpg\"><img loading=\"lazy\" decoding=\"async\" width=\"1744\" height=\"1208\" data-id=\"805\" src=\"http:\/\/esztergom-anno.hu.webhost.v-comp.ch\/wp-content\/uploads\/2007\/03\/06.jpg\" alt=\"\" class=\"wp-image-805\" srcset=\"https:\/\/esztergom-anno.hu.webhost.v-comp.ch\/wp-content\/uploads\/2007\/03\/06.jpg 1744w, https:\/\/esztergom-anno.hu.webhost.v-comp.ch\/wp-content\/uploads\/2007\/03\/06-300x208.jpg 300w, https:\/\/esztergom-anno.hu.webhost.v-comp.ch\/wp-content\/uploads\/2007\/03\/06-1024x709.jpg 1024w, https:\/\/esztergom-anno.hu.webhost.v-comp.ch\/wp-content\/uploads\/2007\/03\/06-768x532.jpg 768w, https:\/\/esztergom-anno.hu.webhost.v-comp.ch\/wp-content\/uploads\/2007\/03\/06-1536x1064.jpg 1536w\" sizes=\"auto, (max-width: 709px) 85vw, (max-width: 909px) 67vw, (max-width: 1362px) 62vw, 840px\" \/><\/a><\/figure>\n\n\n\n<figure class=\"wp-block-image size-large\"><a href=\"https:\/\/esztergom-anno.hu.webhost.v-comp.ch\/wp-content\/uploads\/2007\/03\/07.jpg\"><img loading=\"lazy\" decoding=\"async\" width=\"1832\" height=\"1256\" data-id=\"806\" src=\"http:\/\/esztergom-anno.hu.webhost.v-comp.ch\/wp-content\/uploads\/2007\/03\/07.jpg\" alt=\"\" class=\"wp-image-806\" srcset=\"https:\/\/esztergom-anno.hu.webhost.v-comp.ch\/wp-content\/uploads\/2007\/03\/07.jpg 1832w, https:\/\/esztergom-anno.hu.webhost.v-comp.ch\/wp-content\/uploads\/2007\/03\/07-300x206.jpg 300w, https:\/\/esztergom-anno.hu.webhost.v-comp.ch\/wp-content\/uploads\/2007\/03\/07-1024x702.jpg 1024w, https:\/\/esztergom-anno.hu.webhost.v-comp.ch\/wp-content\/uploads\/2007\/03\/07-768x527.jpg 768w, https:\/\/esztergom-anno.hu.webhost.v-comp.ch\/wp-content\/uploads\/2007\/03\/07-1536x1053.jpg 1536w\" sizes=\"auto, (max-width: 709px) 85vw, (max-width: 909px) 67vw, (max-width: 1362px) 62vw, 840px\" \/><\/a><\/figure>\n\n\n\n<figure class=\"wp-block-image size-large\"><a href=\"https:\/\/esztergom-anno.hu.webhost.v-comp.ch\/wp-content\/uploads\/2007\/03\/073.jpg\"><img loading=\"lazy\" decoding=\"async\" width=\"1732\" height=\"1216\" data-id=\"807\" src=\"http:\/\/esztergom-anno.hu.webhost.v-comp.ch\/wp-content\/uploads\/2007\/03\/073.jpg\" alt=\"\" class=\"wp-image-807\" srcset=\"https:\/\/esztergom-anno.hu.webhost.v-comp.ch\/wp-content\/uploads\/2007\/03\/073.jpg 1732w, https:\/\/esztergom-anno.hu.webhost.v-comp.ch\/wp-content\/uploads\/2007\/03\/073-300x211.jpg 300w, https:\/\/esztergom-anno.hu.webhost.v-comp.ch\/wp-content\/uploads\/2007\/03\/073-1024x719.jpg 1024w, https:\/\/esztergom-anno.hu.webhost.v-comp.ch\/wp-content\/uploads\/2007\/03\/073-768x539.jpg 768w, https:\/\/esztergom-anno.hu.webhost.v-comp.ch\/wp-content\/uploads\/2007\/03\/073-1536x1078.jpg 1536w\" sizes=\"auto, (max-width: 709px) 85vw, (max-width: 909px) 67vw, (max-width: 1362px) 62vw, 840px\" \/><\/a><\/figure>\n\n\n\n<figure class=\"wp-block-image size-large\"><a href=\"https:\/\/esztergom-anno.hu.webhost.v-comp.ch\/wp-content\/uploads\/2007\/03\/074.jpg\"><img loading=\"lazy\" decoding=\"async\" width=\"1779\" height=\"1248\" data-id=\"808\" src=\"http:\/\/esztergom-anno.hu.webhost.v-comp.ch\/wp-content\/uploads\/2007\/03\/074.jpg\" alt=\"\" class=\"wp-image-808\" srcset=\"https:\/\/esztergom-anno.hu.webhost.v-comp.ch\/wp-content\/uploads\/2007\/03\/074.jpg 1779w, https:\/\/esztergom-anno.hu.webhost.v-comp.ch\/wp-content\/uploads\/2007\/03\/074-300x210.jpg 300w, https:\/\/esztergom-anno.hu.webhost.v-comp.ch\/wp-content\/uploads\/2007\/03\/074-1024x718.jpg 1024w, https:\/\/esztergom-anno.hu.webhost.v-comp.ch\/wp-content\/uploads\/2007\/03\/074-768x539.jpg 768w, https:\/\/esztergom-anno.hu.webhost.v-comp.ch\/wp-content\/uploads\/2007\/03\/074-1536x1078.jpg 1536w\" sizes=\"auto, (max-width: 709px) 85vw, (max-width: 909px) 67vw, (max-width: 1362px) 62vw, 840px\" \/><\/a><\/figure>\n\n\n\n<figure class=\"wp-block-image size-large\"><a href=\"https:\/\/esztergom-anno.hu.webhost.v-comp.ch\/wp-content\/uploads\/2007\/03\/075.jpg\"><img loading=\"lazy\" decoding=\"async\" width=\"1756\" height=\"1212\" data-id=\"809\" src=\"http:\/\/esztergom-anno.hu.webhost.v-comp.ch\/wp-content\/uploads\/2007\/03\/075.jpg\" alt=\"\" class=\"wp-image-809\" srcset=\"https:\/\/esztergom-anno.hu.webhost.v-comp.ch\/wp-content\/uploads\/2007\/03\/075.jpg 1756w, https:\/\/esztergom-anno.hu.webhost.v-comp.ch\/wp-content\/uploads\/2007\/03\/075-300x207.jpg 300w, https:\/\/esztergom-anno.hu.webhost.v-comp.ch\/wp-content\/uploads\/2007\/03\/075-1024x707.jpg 1024w, https:\/\/esztergom-anno.hu.webhost.v-comp.ch\/wp-content\/uploads\/2007\/03\/075-768x530.jpg 768w, https:\/\/esztergom-anno.hu.webhost.v-comp.ch\/wp-content\/uploads\/2007\/03\/075-1536x1060.jpg 1536w\" sizes=\"auto, (max-width: 709px) 85vw, (max-width: 909px) 67vw, (max-width: 1362px) 62vw, 840px\" \/><\/a><\/figure>\n\n\n\n<figure class=\"wp-block-image size-large\"><a href=\"https:\/\/esztergom-anno.hu.webhost.v-comp.ch\/wp-content\/uploads\/2007\/03\/077.jpg\"><img loading=\"lazy\" decoding=\"async\" width=\"1748\" height=\"1168\" data-id=\"810\" src=\"http:\/\/esztergom-anno.hu.webhost.v-comp.ch\/wp-content\/uploads\/2007\/03\/077.jpg\" alt=\"\" class=\"wp-image-810\" srcset=\"https:\/\/esztergom-anno.hu.webhost.v-comp.ch\/wp-content\/uploads\/2007\/03\/077.jpg 1748w, https:\/\/esztergom-anno.hu.webhost.v-comp.ch\/wp-content\/uploads\/2007\/03\/077-300x200.jpg 300w, https:\/\/esztergom-anno.hu.webhost.v-comp.ch\/wp-content\/uploads\/2007\/03\/077-1024x684.jpg 1024w, https:\/\/esztergom-anno.hu.webhost.v-comp.ch\/wp-content\/uploads\/2007\/03\/077-768x513.jpg 768w, https:\/\/esztergom-anno.hu.webhost.v-comp.ch\/wp-content\/uploads\/2007\/03\/077-1536x1026.jpg 1536w\" sizes=\"auto, (max-width: 709px) 85vw, (max-width: 909px) 67vw, (max-width: 1362px) 62vw, 840px\" \/><\/a><\/figure>\n\n\n\n<figure class=\"wp-block-image size-large\"><a href=\"https:\/\/esztergom-anno.hu.webhost.v-comp.ch\/wp-content\/uploads\/2007\/03\/07a.jpg\"><img loading=\"lazy\" decoding=\"async\" width=\"1836\" height=\"1260\" data-id=\"811\" src=\"http:\/\/esztergom-anno.hu.webhost.v-comp.ch\/wp-content\/uploads\/2007\/03\/07a.jpg\" alt=\"\" class=\"wp-image-811\" srcset=\"https:\/\/esztergom-anno.hu.webhost.v-comp.ch\/wp-content\/uploads\/2007\/03\/07a.jpg 1836w, https:\/\/esztergom-anno.hu.webhost.v-comp.ch\/wp-content\/uploads\/2007\/03\/07a-300x206.jpg 300w, https:\/\/esztergom-anno.hu.webhost.v-comp.ch\/wp-content\/uploads\/2007\/03\/07a-1024x703.jpg 1024w, https:\/\/esztergom-anno.hu.webhost.v-comp.ch\/wp-content\/uploads\/2007\/03\/07a-768x527.jpg 768w, https:\/\/esztergom-anno.hu.webhost.v-comp.ch\/wp-content\/uploads\/2007\/03\/07a-1536x1054.jpg 1536w\" sizes=\"auto, (max-width: 709px) 85vw, (max-width: 909px) 67vw, (max-width: 1362px) 62vw, 840px\" \/><\/a><\/figure>\n\n\n\n<figure class=\"wp-block-image size-large\"><a href=\"https:\/\/esztergom-anno.hu.webhost.v-comp.ch\/wp-content\/uploads\/2007\/03\/08.jpg\"><img loading=\"lazy\" decoding=\"async\" width=\"1844\" height=\"1236\" data-id=\"812\" src=\"http:\/\/esztergom-anno.hu.webhost.v-comp.ch\/wp-content\/uploads\/2007\/03\/08.jpg\" alt=\"\" class=\"wp-image-812\" srcset=\"https:\/\/esztergom-anno.hu.webhost.v-comp.ch\/wp-content\/uploads\/2007\/03\/08.jpg 1844w, https:\/\/esztergom-anno.hu.webhost.v-comp.ch\/wp-content\/uploads\/2007\/03\/08-300x201.jpg 300w, https:\/\/esztergom-anno.hu.webhost.v-comp.ch\/wp-content\/uploads\/2007\/03\/08-1024x686.jpg 1024w, https:\/\/esztergom-anno.hu.webhost.v-comp.ch\/wp-content\/uploads\/2007\/03\/08-768x515.jpg 768w, https:\/\/esztergom-anno.hu.webhost.v-comp.ch\/wp-content\/uploads\/2007\/03\/08-1536x1030.jpg 1536w\" sizes=\"auto, (max-width: 709px) 85vw, (max-width: 909px) 67vw, (max-width: 1362px) 62vw, 840px\" \/><\/a><\/figure>\n\n\n\n<figure class=\"wp-block-image size-large\"><a href=\"https:\/\/esztergom-anno.hu.webhost.v-comp.ch\/wp-content\/uploads\/2007\/03\/09.jpg\"><img loading=\"lazy\" decoding=\"async\" width=\"1832\" height=\"1224\" data-id=\"813\" src=\"http:\/\/esztergom-anno.hu.webhost.v-comp.ch\/wp-content\/uploads\/2007\/03\/09.jpg\" alt=\"\" class=\"wp-image-813\" srcset=\"https:\/\/esztergom-anno.hu.webhost.v-comp.ch\/wp-content\/uploads\/2007\/03\/09.jpg 1832w, https:\/\/esztergom-anno.hu.webhost.v-comp.ch\/wp-content\/uploads\/2007\/03\/09-300x200.jpg 300w, https:\/\/esztergom-anno.hu.webhost.v-comp.ch\/wp-content\/uploads\/2007\/03\/09-1024x684.jpg 1024w, https:\/\/esztergom-anno.hu.webhost.v-comp.ch\/wp-content\/uploads\/2007\/03\/09-768x513.jpg 768w, https:\/\/esztergom-anno.hu.webhost.v-comp.ch\/wp-content\/uploads\/2007\/03\/09-1536x1026.jpg 1536w\" sizes=\"auto, (max-width: 709px) 85vw, (max-width: 909px) 67vw, (max-width: 1362px) 62vw, 840px\" \/><\/a><\/figure>\n\n\n\n<figure class=\"wp-block-image size-large\"><a href=\"https:\/\/esztergom-anno.hu.webhost.v-comp.ch\/wp-content\/uploads\/2007\/03\/09a.jpg\"><img loading=\"lazy\" decoding=\"async\" width=\"1832\" height=\"1220\" data-id=\"814\" src=\"http:\/\/esztergom-anno.hu.webhost.v-comp.ch\/wp-content\/uploads\/2007\/03\/09a.jpg\" alt=\"\" class=\"wp-image-814\" srcset=\"https:\/\/esztergom-anno.hu.webhost.v-comp.ch\/wp-content\/uploads\/2007\/03\/09a.jpg 1832w, https:\/\/esztergom-anno.hu.webhost.v-comp.ch\/wp-content\/uploads\/2007\/03\/09a-300x200.jpg 300w, https:\/\/esztergom-anno.hu.webhost.v-comp.ch\/wp-content\/uploads\/2007\/03\/09a-1024x682.jpg 1024w, https:\/\/esztergom-anno.hu.webhost.v-comp.ch\/wp-content\/uploads\/2007\/03\/09a-768x511.jpg 768w, https:\/\/esztergom-anno.hu.webhost.v-comp.ch\/wp-content\/uploads\/2007\/03\/09a-1536x1023.jpg 1536w\" sizes=\"auto, (max-width: 709px) 85vw, (max-width: 909px) 67vw, (max-width: 1362px) 62vw, 840px\" \/><\/a><\/figure>\n\n\n\n<figure class=\"wp-block-image size-large\"><a href=\"https:\/\/esztergom-anno.hu.webhost.v-comp.ch\/wp-content\/uploads\/2007\/03\/12.jpg\"><img loading=\"lazy\" decoding=\"async\" width=\"1832\" height=\"1128\" data-id=\"815\" src=\"http:\/\/esztergom-anno.hu.webhost.v-comp.ch\/wp-content\/uploads\/2007\/03\/12.jpg\" alt=\"\" class=\"wp-image-815\" srcset=\"https:\/\/esztergom-anno.hu.webhost.v-comp.ch\/wp-content\/uploads\/2007\/03\/12.jpg 1832w, https:\/\/esztergom-anno.hu.webhost.v-comp.ch\/wp-content\/uploads\/2007\/03\/12-300x185.jpg 300w, https:\/\/esztergom-anno.hu.webhost.v-comp.ch\/wp-content\/uploads\/2007\/03\/12-1024x630.jpg 1024w, https:\/\/esztergom-anno.hu.webhost.v-comp.ch\/wp-content\/uploads\/2007\/03\/12-768x473.jpg 768w, https:\/\/esztergom-anno.hu.webhost.v-comp.ch\/wp-content\/uploads\/2007\/03\/12-1536x946.jpg 1536w\" sizes=\"auto, (max-width: 709px) 85vw, (max-width: 909px) 67vw, (max-width: 1362px) 62vw, 840px\" \/><\/a><\/figure>\n\n\n\n<figure class=\"wp-block-image size-large\"><a href=\"https:\/\/esztergom-anno.hu.webhost.v-comp.ch\/wp-content\/uploads\/2007\/03\/14-scaled.jpg\"><img loading=\"lazy\" decoding=\"async\" width=\"2560\" height=\"1783\" data-id=\"817\" src=\"http:\/\/esztergom-anno.hu.webhost.v-comp.ch\/wp-content\/uploads\/2007\/03\/14-scaled.jpg\" alt=\"\" class=\"wp-image-817\" srcset=\"https:\/\/esztergom-anno.hu.webhost.v-comp.ch\/wp-content\/uploads\/2007\/03\/14-scaled.jpg 2560w, https:\/\/esztergom-anno.hu.webhost.v-comp.ch\/wp-content\/uploads\/2007\/03\/14-300x209.jpg 300w, https:\/\/esztergom-anno.hu.webhost.v-comp.ch\/wp-content\/uploads\/2007\/03\/14-1024x713.jpg 1024w, https:\/\/esztergom-anno.hu.webhost.v-comp.ch\/wp-content\/uploads\/2007\/03\/14-768x535.jpg 768w, https:\/\/esztergom-anno.hu.webhost.v-comp.ch\/wp-content\/uploads\/2007\/03\/14-1536x1070.jpg 1536w, https:\/\/esztergom-anno.hu.webhost.v-comp.ch\/wp-content\/uploads\/2007\/03\/14-2048x1427.jpg 2048w\" sizes=\"auto, (max-width: 709px) 85vw, (max-width: 909px) 67vw, (max-width: 1362px) 62vw, 840px\" \/><\/a><\/figure>\n\n\n\n<figure class=\"wp-block-image size-large\"><a href=\"https:\/\/esztergom-anno.hu.webhost.v-comp.ch\/wp-content\/uploads\/2007\/03\/14a-scaled.jpg\"><img loading=\"lazy\" decoding=\"async\" width=\"2560\" height=\"1788\" data-id=\"818\" src=\"http:\/\/esztergom-anno.hu.webhost.v-comp.ch\/wp-content\/uploads\/2007\/03\/14a-scaled.jpg\" alt=\"\" class=\"wp-image-818\" srcset=\"https:\/\/esztergom-anno.hu.webhost.v-comp.ch\/wp-content\/uploads\/2007\/03\/14a-scaled.jpg 2560w, https:\/\/esztergom-anno.hu.webhost.v-comp.ch\/wp-content\/uploads\/2007\/03\/14a-300x210.jpg 300w, https:\/\/esztergom-anno.hu.webhost.v-comp.ch\/wp-content\/uploads\/2007\/03\/14a-1024x715.jpg 1024w, https:\/\/esztergom-anno.hu.webhost.v-comp.ch\/wp-content\/uploads\/2007\/03\/14a-768x537.jpg 768w, https:\/\/esztergom-anno.hu.webhost.v-comp.ch\/wp-content\/uploads\/2007\/03\/14a-1536x1073.jpg 1536w, https:\/\/esztergom-anno.hu.webhost.v-comp.ch\/wp-content\/uploads\/2007\/03\/14a-2048x1431.jpg 2048w\" sizes=\"auto, (max-width: 709px) 85vw, (max-width: 909px) 67vw, (max-width: 1362px) 62vw, 840px\" \/><\/a><\/figure>\n\n\n\n<figure class=\"wp-block-image size-large\"><a href=\"https:\/\/esztergom-anno.hu.webhost.v-comp.ch\/wp-content\/uploads\/2007\/03\/14b-scaled.jpg\"><img loading=\"lazy\" decoding=\"async\" width=\"2560\" height=\"1783\" data-id=\"821\" src=\"http:\/\/esztergom-anno.hu.webhost.v-comp.ch\/wp-content\/uploads\/2007\/03\/14b-scaled.jpg\" alt=\"\" class=\"wp-image-821\" srcset=\"https:\/\/esztergom-anno.hu.webhost.v-comp.ch\/wp-content\/uploads\/2007\/03\/14b-scaled.jpg 2560w, https:\/\/esztergom-anno.hu.webhost.v-comp.ch\/wp-content\/uploads\/2007\/03\/14b-300x209.jpg 300w, https:\/\/esztergom-anno.hu.webhost.v-comp.ch\/wp-content\/uploads\/2007\/03\/14b-1024x713.jpg 1024w, https:\/\/esztergom-anno.hu.webhost.v-comp.ch\/wp-content\/uploads\/2007\/03\/14b-768x535.jpg 768w, https:\/\/esztergom-anno.hu.webhost.v-comp.ch\/wp-content\/uploads\/2007\/03\/14b-1536x1070.jpg 1536w, https:\/\/esztergom-anno.hu.webhost.v-comp.ch\/wp-content\/uploads\/2007\/03\/14b-2048x1427.jpg 2048w\" sizes=\"auto, (max-width: 709px) 85vw, (max-width: 909px) 67vw, (max-width: 1362px) 62vw, 840px\" \/><\/a><\/figure>\n<\/figure>\n","protected":false},"excerpt":{"rendered":"","protected":false},"author":1,"featured_media":0,"parent":0,"menu_order":0,"comment_status":"closed","ping_status":"closed","template":"","meta":{"footnotes":""},"class_list":["post-2827","page","type-page","status-publish","hentry"],"_links":{"self":[{"href":"https:\/\/esztergom-anno.hu.webhost.v-comp.ch\/index.php?rest_route=\/wp\/v2\/pages\/2827","targetHints":{"allow":["GET"]}}],"collection":[{"href":"https:\/\/esztergom-anno.hu.webhost.v-comp.ch\/index.php?rest_route=\/wp\/v2\/pages"}],"about":[{"href":"https:\/\/esztergom-anno.hu.webhost.v-comp.ch\/index.php?rest_route=\/wp\/v2\/types\/page"}],"author":[{"embeddable":true,"href":"https:\/\/esztergom-anno.hu.webhost.v-comp.ch\/index.php?rest_route=\/wp\/v2\/users\/1"}],"replies":[{"embeddable":true,"href":"https:\/\/esztergom-anno.hu.webhost.v-comp.ch\/index.php?rest_route=%2Fwp%2Fv2%2Fcomments&post=2827"}],"version-history":[{"count":2,"href":"https:\/\/esztergom-anno.hu.webhost.v-comp.ch\/index.php?rest_route=\/wp\/v2\/pages\/2827\/revisions"}],"predecessor-version":[{"id":2829,"href":"https:\/\/esztergom-anno.hu.webhost.v-comp.ch\/index.php?rest_route=\/wp\/v2\/pages\/2827\/revisions\/2829"}],"wp:attachment":[{"href":"https:\/\/esztergom-anno.hu.webhost.v-comp.ch\/index.php?rest_route=%2Fwp%2Fv2%2Fmedia&parent=2827"}],"curies":[{"name":"wp","href":"https:\/\/api.w.org\/{rel}","templated":true}]}}