{"id":2819,"date":"2022-02-25T12:12:14","date_gmt":"2022-02-25T11:12:14","guid":{"rendered":"https:\/\/esztergom-anno.hu.webhost.v-comp.ch\/?page_id=2819"},"modified":"2022-02-25T12:12:15","modified_gmt":"2022-02-25T11:12:15","slug":"folyoiratok-ujsagok","status":"publish","type":"page","link":"https:\/\/esztergom-anno.hu.webhost.v-comp.ch\/?page_id=2819","title":{"rendered":"Foly\u00f3iratok, \u00fajs\u00e1gok"},"content":{"rendered":"\n<figure class=\"wp-block-gallery has-nested-images columns-4 is-cropped wp-block-gallery-1 is-layout-flex wp-block-gallery-is-layout-flex\">\n<figure class=\"wp-block-image size-large\"><a href=\"https:\/\/esztergom-anno.hu.webhost.v-comp.ch\/wp-content\/uploads\/2007\/07\/9.jpg\"><img loading=\"lazy\" decoding=\"async\" width=\"1241\" height=\"888\" data-id=\"1000\" src=\"http:\/\/esztergom-anno.hu.webhost.v-comp.ch\/wp-content\/uploads\/2007\/07\/9.jpg\" alt=\"\" class=\"wp-image-1000\" srcset=\"https:\/\/esztergom-anno.hu.webhost.v-comp.ch\/wp-content\/uploads\/2007\/07\/9.jpg 1241w, https:\/\/esztergom-anno.hu.webhost.v-comp.ch\/wp-content\/uploads\/2007\/07\/9-300x215.jpg 300w, https:\/\/esztergom-anno.hu.webhost.v-comp.ch\/wp-content\/uploads\/2007\/07\/9-1024x733.jpg 1024w, https:\/\/esztergom-anno.hu.webhost.v-comp.ch\/wp-content\/uploads\/2007\/07\/9-768x550.jpg 768w\" sizes=\"auto, (max-width: 709px) 85vw, (max-width: 909px) 67vw, (max-width: 1362px) 62vw, 840px\" \/><\/a><\/figure>\n\n\n\n<figure class=\"wp-block-image size-large\"><a href=\"https:\/\/esztergom-anno.hu.webhost.v-comp.ch\/wp-content\/uploads\/2007\/07\/8.jpg\"><img loading=\"lazy\" decoding=\"async\" width=\"640\" height=\"911\" data-id=\"999\" src=\"http:\/\/esztergom-anno.hu.webhost.v-comp.ch\/wp-content\/uploads\/2007\/07\/8.jpg\" alt=\"\" class=\"wp-image-999\" srcset=\"https:\/\/esztergom-anno.hu.webhost.v-comp.ch\/wp-content\/uploads\/2007\/07\/8.jpg 640w, https:\/\/esztergom-anno.hu.webhost.v-comp.ch\/wp-content\/uploads\/2007\/07\/8-211x300.jpg 211w\" sizes=\"auto, (max-width: 640px) 85vw, 640px\" \/><\/a><\/figure>\n\n\n\n<figure class=\"wp-block-image size-large\"><a href=\"https:\/\/esztergom-anno.hu.webhost.v-comp.ch\/wp-content\/uploads\/2007\/07\/7.jpg\"><img loading=\"lazy\" decoding=\"async\" width=\"647\" height=\"915\" data-id=\"998\" src=\"http:\/\/esztergom-anno.hu.webhost.v-comp.ch\/wp-content\/uploads\/2007\/07\/7.jpg\" alt=\"\" class=\"wp-image-998\" srcset=\"https:\/\/esztergom-anno.hu.webhost.v-comp.ch\/wp-content\/uploads\/2007\/07\/7.jpg 647w, https:\/\/esztergom-anno.hu.webhost.v-comp.ch\/wp-content\/uploads\/2007\/07\/7-212x300.jpg 212w\" sizes=\"auto, (max-width: 647px) 85vw, 647px\" \/><\/a><\/figure>\n\n\n\n<figure class=\"wp-block-image size-large\"><a href=\"https:\/\/esztergom-anno.hu.webhost.v-comp.ch\/wp-content\/uploads\/2007\/07\/6.jpg\"><img loading=\"lazy\" decoding=\"async\" width=\"642\" height=\"915\" data-id=\"997\" src=\"http:\/\/esztergom-anno.hu.webhost.v-comp.ch\/wp-content\/uploads\/2007\/07\/6.jpg\" alt=\"\" class=\"wp-image-997\" srcset=\"https:\/\/esztergom-anno.hu.webhost.v-comp.ch\/wp-content\/uploads\/2007\/07\/6.jpg 642w, https:\/\/esztergom-anno.hu.webhost.v-comp.ch\/wp-content\/uploads\/2007\/07\/6-210x300.jpg 210w\" sizes=\"auto, (max-width: 642px) 85vw, 642px\" \/><\/a><\/figure>\n\n\n\n<figure class=\"wp-block-image size-large\"><a href=\"https:\/\/esztergom-anno.hu.webhost.v-comp.ch\/wp-content\/uploads\/2007\/07\/5.jpg\"><img loading=\"lazy\" decoding=\"async\" width=\"641\" height=\"914\" data-id=\"996\" src=\"http:\/\/esztergom-anno.hu.webhost.v-comp.ch\/wp-content\/uploads\/2007\/07\/5.jpg\" alt=\"\" class=\"wp-image-996\" srcset=\"https:\/\/esztergom-anno.hu.webhost.v-comp.ch\/wp-content\/uploads\/2007\/07\/5.jpg 641w, https:\/\/esztergom-anno.hu.webhost.v-comp.ch\/wp-content\/uploads\/2007\/07\/5-210x300.jpg 210w\" sizes=\"auto, (max-width: 641px) 85vw, 641px\" \/><\/a><\/figure>\n\n\n\n<figure class=\"wp-block-image size-large\"><a href=\"https:\/\/esztergom-anno.hu.webhost.v-comp.ch\/wp-content\/uploads\/2007\/07\/4.jpg\"><img loading=\"lazy\" decoding=\"async\" width=\"883\" height=\"642\" data-id=\"995\" src=\"http:\/\/esztergom-anno.hu.webhost.v-comp.ch\/wp-content\/uploads\/2007\/07\/4.jpg\" alt=\"\" class=\"wp-image-995\" srcset=\"https:\/\/esztergom-anno.hu.webhost.v-comp.ch\/wp-content\/uploads\/2007\/07\/4.jpg 883w, https:\/\/esztergom-anno.hu.webhost.v-comp.ch\/wp-content\/uploads\/2007\/07\/4-300x218.jpg 300w, https:\/\/esztergom-anno.hu.webhost.v-comp.ch\/wp-content\/uploads\/2007\/07\/4-768x558.jpg 768w\" sizes=\"auto, (max-width: 709px) 85vw, (max-width: 909px) 67vw, (max-width: 1362px) 62vw, 840px\" \/><\/a><\/figure>\n\n\n\n<figure class=\"wp-block-image size-large\"><a href=\"https:\/\/esztergom-anno.hu.webhost.v-comp.ch\/wp-content\/uploads\/2007\/07\/3.jpg\"><img loading=\"lazy\" decoding=\"async\" width=\"887\" height=\"642\" data-id=\"994\" src=\"http:\/\/esztergom-anno.hu.webhost.v-comp.ch\/wp-content\/uploads\/2007\/07\/3.jpg\" alt=\"\" class=\"wp-image-994\" srcset=\"https:\/\/esztergom-anno.hu.webhost.v-comp.ch\/wp-content\/uploads\/2007\/07\/3.jpg 887w, https:\/\/esztergom-anno.hu.webhost.v-comp.ch\/wp-content\/uploads\/2007\/07\/3-300x217.jpg 300w, https:\/\/esztergom-anno.hu.webhost.v-comp.ch\/wp-content\/uploads\/2007\/07\/3-768x556.jpg 768w\" sizes=\"auto, (max-width: 709px) 85vw, (max-width: 909px) 67vw, (max-width: 1362px) 62vw, 840px\" \/><\/a><\/figure>\n\n\n\n<figure class=\"wp-block-image size-large\"><a href=\"https:\/\/esztergom-anno.hu.webhost.v-comp.ch\/wp-content\/uploads\/2007\/07\/2.jpg\"><img loading=\"lazy\" decoding=\"async\" width=\"811\" height=\"589\" data-id=\"993\" src=\"http:\/\/esztergom-anno.hu.webhost.v-comp.ch\/wp-content\/uploads\/2007\/07\/2.jpg\" alt=\"\" class=\"wp-image-993\" srcset=\"https:\/\/esztergom-anno.hu.webhost.v-comp.ch\/wp-content\/uploads\/2007\/07\/2.jpg 811w, https:\/\/esztergom-anno.hu.webhost.v-comp.ch\/wp-content\/uploads\/2007\/07\/2-300x218.jpg 300w, https:\/\/esztergom-anno.hu.webhost.v-comp.ch\/wp-content\/uploads\/2007\/07\/2-768x558.jpg 768w\" sizes=\"auto, (max-width: 811px) 85vw, 811px\" \/><\/a><\/figure>\n\n\n\n<figure class=\"wp-block-image size-large\"><a href=\"https:\/\/esztergom-anno.hu.webhost.v-comp.ch\/wp-content\/uploads\/2007\/07\/12.jpg\"><img loading=\"lazy\" decoding=\"async\" width=\"1238\" height=\"889\" data-id=\"992\" src=\"http:\/\/esztergom-anno.hu.webhost.v-comp.ch\/wp-content\/uploads\/2007\/07\/12.jpg\" alt=\"\" class=\"wp-image-992\" srcset=\"https:\/\/esztergom-anno.hu.webhost.v-comp.ch\/wp-content\/uploads\/2007\/07\/12.jpg 1238w, https:\/\/esztergom-anno.hu.webhost.v-comp.ch\/wp-content\/uploads\/2007\/07\/12-300x215.jpg 300w, https:\/\/esztergom-anno.hu.webhost.v-comp.ch\/wp-content\/uploads\/2007\/07\/12-1024x735.jpg 1024w, https:\/\/esztergom-anno.hu.webhost.v-comp.ch\/wp-content\/uploads\/2007\/07\/12-768x551.jpg 768w\" sizes=\"auto, (max-width: 709px) 85vw, (max-width: 909px) 67vw, (max-width: 1362px) 62vw, 840px\" \/><\/a><\/figure>\n\n\n\n<figure class=\"wp-block-image size-large\"><a href=\"https:\/\/esztergom-anno.hu.webhost.v-comp.ch\/wp-content\/uploads\/2007\/07\/11.jpg\"><img loading=\"lazy\" decoding=\"async\" width=\"1181\" height=\"899\" data-id=\"991\" src=\"http:\/\/esztergom-anno.hu.webhost.v-comp.ch\/wp-content\/uploads\/2007\/07\/11.jpg\" alt=\"\" class=\"wp-image-991\" srcset=\"https:\/\/esztergom-anno.hu.webhost.v-comp.ch\/wp-content\/uploads\/2007\/07\/11.jpg 1181w, https:\/\/esztergom-anno.hu.webhost.v-comp.ch\/wp-content\/uploads\/2007\/07\/11-300x228.jpg 300w, https:\/\/esztergom-anno.hu.webhost.v-comp.ch\/wp-content\/uploads\/2007\/07\/11-1024x779.jpg 1024w, https:\/\/esztergom-anno.hu.webhost.v-comp.ch\/wp-content\/uploads\/2007\/07\/11-768x585.jpg 768w\" sizes=\"auto, (max-width: 709px) 85vw, (max-width: 909px) 67vw, (max-width: 1362px) 62vw, 840px\" \/><\/a><\/figure>\n\n\n\n<figure class=\"wp-block-image size-large\"><a href=\"https:\/\/esztergom-anno.hu.webhost.v-comp.ch\/wp-content\/uploads\/2007\/07\/10.jpg\"><img loading=\"lazy\" decoding=\"async\" width=\"1172\" height=\"901\" data-id=\"990\" src=\"http:\/\/esztergom-anno.hu.webhost.v-comp.ch\/wp-content\/uploads\/2007\/07\/10.jpg\" alt=\"\" class=\"wp-image-990\" srcset=\"https:\/\/esztergom-anno.hu.webhost.v-comp.ch\/wp-content\/uploads\/2007\/07\/10.jpg 1172w, https:\/\/esztergom-anno.hu.webhost.v-comp.ch\/wp-content\/uploads\/2007\/07\/10-300x231.jpg 300w, https:\/\/esztergom-anno.hu.webhost.v-comp.ch\/wp-content\/uploads\/2007\/07\/10-1024x787.jpg 1024w, https:\/\/esztergom-anno.hu.webhost.v-comp.ch\/wp-content\/uploads\/2007\/07\/10-768x590.jpg 768w\" sizes=\"auto, (max-width: 709px) 85vw, (max-width: 909px) 67vw, (max-width: 1362px) 62vw, 840px\" \/><\/a><\/figure>\n\n\n\n<figure class=\"wp-block-image size-large\"><a href=\"https:\/\/esztergom-anno.hu.webhost.v-comp.ch\/wp-content\/uploads\/2007\/07\/1.jpg\"><img loading=\"lazy\" decoding=\"async\" width=\"903\" height=\"643\" data-id=\"989\" src=\"http:\/\/esztergom-anno.hu.webhost.v-comp.ch\/wp-content\/uploads\/2007\/07\/1.jpg\" alt=\"\" class=\"wp-image-989\" srcset=\"https:\/\/esztergom-anno.hu.webhost.v-comp.ch\/wp-content\/uploads\/2007\/07\/1.jpg 903w, https:\/\/esztergom-anno.hu.webhost.v-comp.ch\/wp-content\/uploads\/2007\/07\/1-300x214.jpg 300w, https:\/\/esztergom-anno.hu.webhost.v-comp.ch\/wp-content\/uploads\/2007\/07\/1-768x547.jpg 768w\" sizes=\"auto, (max-width: 709px) 85vw, (max-width: 909px) 67vw, (max-width: 1362px) 62vw, 840px\" \/><\/a><\/figure>\n\n\n\n<figure class=\"wp-block-image size-large\"><a href=\"https:\/\/esztergom-anno.hu.webhost.v-comp.ch\/wp-content\/uploads\/2007\/06\/ujsag6-1.jpg\"><img loading=\"lazy\" decoding=\"async\" width=\"637\" height=\"877\" data-id=\"1035\" src=\"http:\/\/esztergom-anno.hu.webhost.v-comp.ch\/wp-content\/uploads\/2007\/06\/ujsag6-1.jpg\" alt=\"\" class=\"wp-image-1035\" srcset=\"https:\/\/esztergom-anno.hu.webhost.v-comp.ch\/wp-content\/uploads\/2007\/06\/ujsag6-1.jpg 637w, https:\/\/esztergom-anno.hu.webhost.v-comp.ch\/wp-content\/uploads\/2007\/06\/ujsag6-1-218x300.jpg 218w\" sizes=\"auto, (max-width: 637px) 85vw, 637px\" \/><\/a><\/figure>\n\n\n\n<figure class=\"wp-block-image size-large\"><a href=\"https:\/\/esztergom-anno.hu.webhost.v-comp.ch\/wp-content\/uploads\/2007\/06\/ujsag5-1.jpg\"><img loading=\"lazy\" decoding=\"async\" width=\"637\" height=\"877\" data-id=\"1033\" src=\"http:\/\/esztergom-anno.hu.webhost.v-comp.ch\/wp-content\/uploads\/2007\/06\/ujsag5-1.jpg\" alt=\"\" class=\"wp-image-1033\" srcset=\"https:\/\/esztergom-anno.hu.webhost.v-comp.ch\/wp-content\/uploads\/2007\/06\/ujsag5-1.jpg 637w, https:\/\/esztergom-anno.hu.webhost.v-comp.ch\/wp-content\/uploads\/2007\/06\/ujsag5-1-218x300.jpg 218w\" sizes=\"auto, (max-width: 637px) 85vw, 637px\" \/><\/a><\/figure>\n\n\n\n<figure class=\"wp-block-image size-large\"><a href=\"https:\/\/esztergom-anno.hu.webhost.v-comp.ch\/wp-content\/uploads\/2007\/06\/ujsag4-1.jpg\"><img loading=\"lazy\" decoding=\"async\" width=\"637\" height=\"877\" data-id=\"1031\" src=\"http:\/\/esztergom-anno.hu.webhost.v-comp.ch\/wp-content\/uploads\/2007\/06\/ujsag4-1.jpg\" alt=\"\" class=\"wp-image-1031\" srcset=\"https:\/\/esztergom-anno.hu.webhost.v-comp.ch\/wp-content\/uploads\/2007\/06\/ujsag4-1.jpg 637w, https:\/\/esztergom-anno.hu.webhost.v-comp.ch\/wp-content\/uploads\/2007\/06\/ujsag4-1-218x300.jpg 218w\" sizes=\"auto, (max-width: 637px) 85vw, 637px\" \/><\/a><\/figure>\n\n\n\n<figure class=\"wp-block-image size-large\"><a href=\"https:\/\/esztergom-anno.hu.webhost.v-comp.ch\/wp-content\/uploads\/2007\/06\/ujsag3-1.jpg\"><img loading=\"lazy\" decoding=\"async\" width=\"637\" height=\"875\" data-id=\"1029\" src=\"http:\/\/esztergom-anno.hu.webhost.v-comp.ch\/wp-content\/uploads\/2007\/06\/ujsag3-1.jpg\" alt=\"\" class=\"wp-image-1029\" srcset=\"https:\/\/esztergom-anno.hu.webhost.v-comp.ch\/wp-content\/uploads\/2007\/06\/ujsag3-1.jpg 637w, https:\/\/esztergom-anno.hu.webhost.v-comp.ch\/wp-content\/uploads\/2007\/06\/ujsag3-1-218x300.jpg 218w\" sizes=\"auto, (max-width: 637px) 85vw, 637px\" \/><\/a><\/figure>\n\n\n\n<figure class=\"wp-block-image size-large\"><a href=\"https:\/\/esztergom-anno.hu.webhost.v-comp.ch\/wp-content\/uploads\/2007\/06\/ujsag2-1.jpg\"><img loading=\"lazy\" decoding=\"async\" width=\"637\" height=\"877\" data-id=\"1022\" src=\"http:\/\/esztergom-anno.hu.webhost.v-comp.ch\/wp-content\/uploads\/2007\/06\/ujsag2-1.jpg\" alt=\"\" class=\"wp-image-1022\" srcset=\"https:\/\/esztergom-anno.hu.webhost.v-comp.ch\/wp-content\/uploads\/2007\/06\/ujsag2-1.jpg 637w, https:\/\/esztergom-anno.hu.webhost.v-comp.ch\/wp-content\/uploads\/2007\/06\/ujsag2-1-218x300.jpg 218w\" sizes=\"auto, (max-width: 637px) 85vw, 637px\" \/><\/a><\/figure>\n\n\n\n<figure class=\"wp-block-image size-large\"><a href=\"https:\/\/esztergom-anno.hu.webhost.v-comp.ch\/wp-content\/uploads\/2007\/06\/ujsag1-1.jpg\"><img loading=\"lazy\" decoding=\"async\" width=\"637\" height=\"877\" data-id=\"1010\" src=\"http:\/\/esztergom-anno.hu.webhost.v-comp.ch\/wp-content\/uploads\/2007\/06\/ujsag1-1.jpg\" alt=\"\" class=\"wp-image-1010\" srcset=\"https:\/\/esztergom-anno.hu.webhost.v-comp.ch\/wp-content\/uploads\/2007\/06\/ujsag1-1.jpg 637w, https:\/\/esztergom-anno.hu.webhost.v-comp.ch\/wp-content\/uploads\/2007\/06\/ujsag1-1-218x300.jpg 218w\" sizes=\"auto, (max-width: 637px) 85vw, 637px\" \/><\/a><\/figure>\n\n\n\n<figure class=\"wp-block-image size-large\"><a href=\"https:\/\/esztergom-anno.hu.webhost.v-comp.ch\/wp-content\/uploads\/2007\/04\/Esztergom-es-Videke-Kereszteny-politikai-es-tarsadalmi-lap.jpg\"><img loading=\"lazy\" decoding=\"async\" width=\"800\" height=\"1190\" data-id=\"1005\" src=\"http:\/\/esztergom-anno.hu.webhost.v-comp.ch\/wp-content\/uploads\/2007\/04\/Esztergom-es-Videke-Kereszteny-politikai-es-tarsadalmi-lap.jpg\" alt=\"\" class=\"wp-image-1005\" srcset=\"https:\/\/esztergom-anno.hu.webhost.v-comp.ch\/wp-content\/uploads\/2007\/04\/Esztergom-es-Videke-Kereszteny-politikai-es-tarsadalmi-lap.jpg 800w, https:\/\/esztergom-anno.hu.webhost.v-comp.ch\/wp-content\/uploads\/2007\/04\/Esztergom-es-Videke-Kereszteny-politikai-es-tarsadalmi-lap-202x300.jpg 202w, https:\/\/esztergom-anno.hu.webhost.v-comp.ch\/wp-content\/uploads\/2007\/04\/Esztergom-es-Videke-Kereszteny-politikai-es-tarsadalmi-lap-688x1024.jpg 688w, https:\/\/esztergom-anno.hu.webhost.v-comp.ch\/wp-content\/uploads\/2007\/04\/Esztergom-es-Videke-Kereszteny-politikai-es-tarsadalmi-lap-768x1142.jpg 768w\" sizes=\"auto, (max-width: 800px) 85vw, 800px\" \/><\/a><figcaption>OLYMPUS DIGITAL CAMERA<\/figcaption><\/figure>\n\n\n\n<figure class=\"wp-block-image size-large\"><a href=\"https:\/\/esztergom-anno.hu.webhost.v-comp.ch\/wp-content\/uploads\/2007\/04\/Esztergom-es-Videke-Kereszteny-politikai-es-tarsadalmi-lap..jpg\"><img loading=\"lazy\" decoding=\"async\" width=\"800\" height=\"1216\" data-id=\"1004\" src=\"http:\/\/esztergom-anno.hu.webhost.v-comp.ch\/wp-content\/uploads\/2007\/04\/Esztergom-es-Videke-Kereszteny-politikai-es-tarsadalmi-lap..jpg\" alt=\"\" class=\"wp-image-1004\" srcset=\"https:\/\/esztergom-anno.hu.webhost.v-comp.ch\/wp-content\/uploads\/2007\/04\/Esztergom-es-Videke-Kereszteny-politikai-es-tarsadalmi-lap..jpg 800w, https:\/\/esztergom-anno.hu.webhost.v-comp.ch\/wp-content\/uploads\/2007\/04\/Esztergom-es-Videke-Kereszteny-politikai-es-tarsadalmi-lap.-197x300.jpg 197w, https:\/\/esztergom-anno.hu.webhost.v-comp.ch\/wp-content\/uploads\/2007\/04\/Esztergom-es-Videke-Kereszteny-politikai-es-tarsadalmi-lap.-674x1024.jpg 674w, https:\/\/esztergom-anno.hu.webhost.v-comp.ch\/wp-content\/uploads\/2007\/04\/Esztergom-es-Videke-Kereszteny-politikai-es-tarsadalmi-lap.-768x1167.jpg 768w\" sizes=\"auto, (max-width: 800px) 85vw, 800px\" \/><\/a><figcaption>OLYMPUS DIGITAL CAMERA<\/figcaption><\/figure>\n\n\n\n<figure class=\"wp-block-image size-large\"><a href=\"https:\/\/esztergom-anno.hu.webhost.v-comp.ch\/wp-content\/uploads\/2007\/04\/Esztergom-Evlapjai-IX-evfolyam.jpg\"><img loading=\"lazy\" decoding=\"async\" width=\"449\" height=\"640\" data-id=\"1002\" src=\"http:\/\/esztergom-anno.hu.webhost.v-comp.ch\/wp-content\/uploads\/2007\/04\/Esztergom-Evlapjai-IX-evfolyam.jpg\" alt=\"\" class=\"wp-image-1002\" srcset=\"https:\/\/esztergom-anno.hu.webhost.v-comp.ch\/wp-content\/uploads\/2007\/04\/Esztergom-Evlapjai-IX-evfolyam.jpg 449w, https:\/\/esztergom-anno.hu.webhost.v-comp.ch\/wp-content\/uploads\/2007\/04\/Esztergom-Evlapjai-IX-evfolyam-210x300.jpg 210w\" sizes=\"auto, (max-width: 449px) 85vw, 449px\" \/><\/a><figcaption>OLYMPUS DIGITAL CAMERA<\/figcaption><\/figure>\n\n\n\n<figure class=\"wp-block-image size-large\"><a href=\"https:\/\/esztergom-anno.hu.webhost.v-comp.ch\/wp-content\/uploads\/2007\/04\/Esztergom-Evlapjai-VIII-evfolyam.jpg\"><img loading=\"lazy\" decoding=\"async\" width=\"800\" height=\"1120\" data-id=\"1003\" src=\"http:\/\/esztergom-anno.hu.webhost.v-comp.ch\/wp-content\/uploads\/2007\/04\/Esztergom-Evlapjai-VIII-evfolyam.jpg\" alt=\"\" class=\"wp-image-1003\" srcset=\"https:\/\/esztergom-anno.hu.webhost.v-comp.ch\/wp-content\/uploads\/2007\/04\/Esztergom-Evlapjai-VIII-evfolyam.jpg 800w, https:\/\/esztergom-anno.hu.webhost.v-comp.ch\/wp-content\/uploads\/2007\/04\/Esztergom-Evlapjai-VIII-evfolyam-214x300.jpg 214w, https:\/\/esztergom-anno.hu.webhost.v-comp.ch\/wp-content\/uploads\/2007\/04\/Esztergom-Evlapjai-VIII-evfolyam-731x1024.jpg 731w, https:\/\/esztergom-anno.hu.webhost.v-comp.ch\/wp-content\/uploads\/2007\/04\/Esztergom-Evlapjai-VIII-evfolyam-768x1075.jpg 768w\" sizes=\"auto, (max-width: 800px) 85vw, 800px\" \/><\/a><figcaption>OLYMPUS DIGITAL CAMERA<\/figcaption><\/figure>\n\n\n\n<figure class=\"wp-block-image size-large\"><a href=\"https:\/\/esztergom-anno.hu.webhost.v-comp.ch\/wp-content\/uploads\/2007\/04\/Esztergom-Kereszteny-politikai-es-tarsadalmi-napilap.jpg\"><img loading=\"lazy\" decoding=\"async\" width=\"800\" height=\"1179\" data-id=\"1001\" src=\"http:\/\/esztergom-anno.hu.webhost.v-comp.ch\/wp-content\/uploads\/2007\/04\/Esztergom-Kereszteny-politikai-es-tarsadalmi-napilap.jpg\" alt=\"\" class=\"wp-image-1001\" srcset=\"https:\/\/esztergom-anno.hu.webhost.v-comp.ch\/wp-content\/uploads\/2007\/04\/Esztergom-Kereszteny-politikai-es-tarsadalmi-napilap.jpg 800w, https:\/\/esztergom-anno.hu.webhost.v-comp.ch\/wp-content\/uploads\/2007\/04\/Esztergom-Kereszteny-politikai-es-tarsadalmi-napilap-204x300.jpg 204w, https:\/\/esztergom-anno.hu.webhost.v-comp.ch\/wp-content\/uploads\/2007\/04\/Esztergom-Kereszteny-politikai-es-tarsadalmi-napilap-695x1024.jpg 695w, https:\/\/esztergom-anno.hu.webhost.v-comp.ch\/wp-content\/uploads\/2007\/04\/Esztergom-Kereszteny-politikai-es-tarsadalmi-napilap-768x1132.jpg 768w\" sizes=\"auto, (max-width: 800px) 85vw, 800px\" \/><\/a><figcaption>OLYMPUS DIGITAL CAMERA<\/figcaption><\/figure>\n\n\n\n<figure class=\"wp-block-image size-large\"><a href=\"https:\/\/esztergom-anno.hu.webhost.v-comp.ch\/wp-content\/uploads\/2007\/04\/Esztergomi-Ujsag-Vegyes-tartalmu-hetilap-Harmadik-evfolyam.jpg\"><img loading=\"lazy\" decoding=\"async\" width=\"690\" height=\"934\" data-id=\"1006\" src=\"http:\/\/esztergom-anno.hu.webhost.v-comp.ch\/wp-content\/uploads\/2007\/04\/Esztergomi-Ujsag-Vegyes-tartalmu-hetilap-Harmadik-evfolyam.jpg\" alt=\"\" class=\"wp-image-1006\" srcset=\"https:\/\/esztergom-anno.hu.webhost.v-comp.ch\/wp-content\/uploads\/2007\/04\/Esztergomi-Ujsag-Vegyes-tartalmu-hetilap-Harmadik-evfolyam.jpg 690w, https:\/\/esztergom-anno.hu.webhost.v-comp.ch\/wp-content\/uploads\/2007\/04\/Esztergomi-Ujsag-Vegyes-tartalmu-hetilap-Harmadik-evfolyam-222x300.jpg 222w\" sizes=\"auto, (max-width: 690px) 85vw, 690px\" \/><\/a><\/figure>\n\n\n\n<figure class=\"wp-block-image size-large\"><a href=\"https:\/\/esztergom-anno.hu.webhost.v-comp.ch\/wp-content\/uploads\/2007\/04\/Tajekoztato-a-haboru-tartama-alatt.jpg\"><img loading=\"lazy\" decoding=\"async\" width=\"454\" height=\"640\" data-id=\"1008\" src=\"http:\/\/esztergom-anno.hu.webhost.v-comp.ch\/wp-content\/uploads\/2007\/04\/Tajekoztato-a-haboru-tartama-alatt.jpg\" alt=\"\" class=\"wp-image-1008\" srcset=\"https:\/\/esztergom-anno.hu.webhost.v-comp.ch\/wp-content\/uploads\/2007\/04\/Tajekoztato-a-haboru-tartama-alatt.jpg 454w, https:\/\/esztergom-anno.hu.webhost.v-comp.ch\/wp-content\/uploads\/2007\/04\/Tajekoztato-a-haboru-tartama-alatt-213x300.jpg 213w\" sizes=\"auto, (max-width: 454px) 85vw, 454px\" \/><\/a><figcaption>OLYMPUS DIGITAL CAMERA<\/figcaption><\/figure>\n\n\n\n<figure class=\"wp-block-image size-large\"><a href=\"https:\/\/esztergom-anno.hu.webhost.v-comp.ch\/wp-content\/uploads\/2007\/03\/ujsag1.o..jpg\"><img loading=\"lazy\" decoding=\"async\" width=\"590\" height=\"786\" data-id=\"1011\" src=\"http:\/\/esztergom-anno.hu.webhost.v-comp.ch\/wp-content\/uploads\/2007\/03\/ujsag1.o..jpg\" alt=\"\" class=\"wp-image-1011\" srcset=\"https:\/\/esztergom-anno.hu.webhost.v-comp.ch\/wp-content\/uploads\/2007\/03\/ujsag1.o..jpg 590w, https:\/\/esztergom-anno.hu.webhost.v-comp.ch\/wp-content\/uploads\/2007\/03\/ujsag1.o.-225x300.jpg 225w\" sizes=\"auto, (max-width: 590px) 85vw, 590px\" \/><\/a><\/figure>\n\n\n\n<figure class=\"wp-block-image size-large\"><a href=\"https:\/\/esztergom-anno.hu.webhost.v-comp.ch\/wp-content\/uploads\/2007\/03\/ujsag24.o..jpg\"><img loading=\"lazy\" decoding=\"async\" width=\"531\" height=\"707\" data-id=\"1028\" src=\"http:\/\/esztergom-anno.hu.webhost.v-comp.ch\/wp-content\/uploads\/2007\/03\/ujsag24.o..jpg\" alt=\"\" class=\"wp-image-1028\" srcset=\"https:\/\/esztergom-anno.hu.webhost.v-comp.ch\/wp-content\/uploads\/2007\/03\/ujsag24.o..jpg 531w, https:\/\/esztergom-anno.hu.webhost.v-comp.ch\/wp-content\/uploads\/2007\/03\/ujsag24.o.-225x300.jpg 225w\" sizes=\"auto, (max-width: 531px) 85vw, 531px\" \/><\/a><\/figure>\n\n\n\n<figure class=\"wp-block-image size-large\"><a href=\"https:\/\/esztergom-anno.hu.webhost.v-comp.ch\/wp-content\/uploads\/2007\/03\/ujsag8.o.jpg\"><img loading=\"lazy\" decoding=\"async\" width=\"663\" height=\"885\" data-id=\"1038\" src=\"http:\/\/esztergom-anno.hu.webhost.v-comp.ch\/wp-content\/uploads\/2007\/03\/ujsag8.o.jpg\" alt=\"\" class=\"wp-image-1038\" srcset=\"https:\/\/esztergom-anno.hu.webhost.v-comp.ch\/wp-content\/uploads\/2007\/03\/ujsag8.o.jpg 663w, https:\/\/esztergom-anno.hu.webhost.v-comp.ch\/wp-content\/uploads\/2007\/03\/ujsag8.o-225x300.jpg 225w\" sizes=\"auto, (max-width: 663px) 85vw, 663px\" \/><\/a><\/figure>\n\n\n\n<figure class=\"wp-block-image size-large\"><a href=\"https:\/\/esztergom-anno.hu.webhost.v-comp.ch\/wp-content\/uploads\/2007\/03\/ujsag10.o.jpg\"><img loading=\"lazy\" decoding=\"async\" width=\"768\" height=\"1024\" data-id=\"1012\" src=\"http:\/\/esztergom-anno.hu.webhost.v-comp.ch\/wp-content\/uploads\/2007\/03\/ujsag10.o.jpg\" alt=\"\" class=\"wp-image-1012\" srcset=\"https:\/\/esztergom-anno.hu.webhost.v-comp.ch\/wp-content\/uploads\/2007\/03\/ujsag10.o.jpg 768w, https:\/\/esztergom-anno.hu.webhost.v-comp.ch\/wp-content\/uploads\/2007\/03\/ujsag10.o-225x300.jpg 225w\" sizes=\"auto, (max-width: 768px) 85vw, 768px\" \/><\/a><\/figure>\n\n\n\n<figure class=\"wp-block-image size-large\"><a href=\"https:\/\/esztergom-anno.hu.webhost.v-comp.ch\/wp-content\/uploads\/2007\/03\/ujsag11.o.jpg\"><img loading=\"lazy\" decoding=\"async\" width=\"768\" height=\"1024\" data-id=\"1013\" src=\"http:\/\/esztergom-anno.hu.webhost.v-comp.ch\/wp-content\/uploads\/2007\/03\/ujsag11.o.jpg\" alt=\"\" class=\"wp-image-1013\" srcset=\"https:\/\/esztergom-anno.hu.webhost.v-comp.ch\/wp-content\/uploads\/2007\/03\/ujsag11.o.jpg 768w, https:\/\/esztergom-anno.hu.webhost.v-comp.ch\/wp-content\/uploads\/2007\/03\/ujsag11.o-225x300.jpg 225w\" sizes=\"auto, (max-width: 768px) 85vw, 768px\" \/><\/a><\/figure>\n\n\n\n<figure class=\"wp-block-image size-large\"><a href=\"https:\/\/esztergom-anno.hu.webhost.v-comp.ch\/wp-content\/uploads\/2007\/03\/ujsag12.o.jpg\"><img loading=\"lazy\" decoding=\"async\" width=\"768\" height=\"1024\" data-id=\"1014\" src=\"http:\/\/esztergom-anno.hu.webhost.v-comp.ch\/wp-content\/uploads\/2007\/03\/ujsag12.o.jpg\" alt=\"\" class=\"wp-image-1014\" srcset=\"https:\/\/esztergom-anno.hu.webhost.v-comp.ch\/wp-content\/uploads\/2007\/03\/ujsag12.o.jpg 768w, https:\/\/esztergom-anno.hu.webhost.v-comp.ch\/wp-content\/uploads\/2007\/03\/ujsag12.o-225x300.jpg 225w\" sizes=\"auto, (max-width: 768px) 85vw, 768px\" \/><\/a><\/figure>\n\n\n\n<figure class=\"wp-block-image size-large\"><a href=\"https:\/\/esztergom-anno.hu.webhost.v-comp.ch\/wp-content\/uploads\/2007\/03\/ujsag13.o.jpg\"><img loading=\"lazy\" decoding=\"async\" width=\"768\" height=\"1024\" data-id=\"1015\" src=\"http:\/\/esztergom-anno.hu.webhost.v-comp.ch\/wp-content\/uploads\/2007\/03\/ujsag13.o.jpg\" alt=\"\" class=\"wp-image-1015\" srcset=\"https:\/\/esztergom-anno.hu.webhost.v-comp.ch\/wp-content\/uploads\/2007\/03\/ujsag13.o.jpg 768w, https:\/\/esztergom-anno.hu.webhost.v-comp.ch\/wp-content\/uploads\/2007\/03\/ujsag13.o-225x300.jpg 225w\" sizes=\"auto, (max-width: 768px) 85vw, 768px\" \/><\/a><\/figure>\n\n\n\n<figure class=\"wp-block-image size-large\"><a href=\"https:\/\/esztergom-anno.hu.webhost.v-comp.ch\/wp-content\/uploads\/2007\/03\/ujsag14.o.jpg\"><img loading=\"lazy\" decoding=\"async\" width=\"768\" height=\"1024\" data-id=\"1016\" src=\"http:\/\/esztergom-anno.hu.webhost.v-comp.ch\/wp-content\/uploads\/2007\/03\/ujsag14.o.jpg\" alt=\"\" class=\"wp-image-1016\" srcset=\"https:\/\/esztergom-anno.hu.webhost.v-comp.ch\/wp-content\/uploads\/2007\/03\/ujsag14.o.jpg 768w, https:\/\/esztergom-anno.hu.webhost.v-comp.ch\/wp-content\/uploads\/2007\/03\/ujsag14.o-225x300.jpg 225w\" sizes=\"auto, (max-width: 768px) 85vw, 768px\" \/><\/a><\/figure>\n\n\n\n<figure class=\"wp-block-image size-large\"><a href=\"https:\/\/esztergom-anno.hu.webhost.v-comp.ch\/wp-content\/uploads\/2007\/03\/ujsag15.o.jpg\"><img loading=\"lazy\" decoding=\"async\" width=\"768\" height=\"1024\" data-id=\"1017\" src=\"http:\/\/esztergom-anno.hu.webhost.v-comp.ch\/wp-content\/uploads\/2007\/03\/ujsag15.o.jpg\" alt=\"\" class=\"wp-image-1017\" srcset=\"https:\/\/esztergom-anno.hu.webhost.v-comp.ch\/wp-content\/uploads\/2007\/03\/ujsag15.o.jpg 768w, https:\/\/esztergom-anno.hu.webhost.v-comp.ch\/wp-content\/uploads\/2007\/03\/ujsag15.o-225x300.jpg 225w\" sizes=\"auto, (max-width: 768px) 85vw, 768px\" \/><\/a><\/figure>\n\n\n\n<figure class=\"wp-block-image size-large\"><a href=\"https:\/\/esztergom-anno.hu.webhost.v-comp.ch\/wp-content\/uploads\/2007\/03\/ujsag16.o.jpg\"><img loading=\"lazy\" decoding=\"async\" width=\"768\" height=\"1024\" data-id=\"1018\" src=\"http:\/\/esztergom-anno.hu.webhost.v-comp.ch\/wp-content\/uploads\/2007\/03\/ujsag16.o.jpg\" alt=\"\" class=\"wp-image-1018\" srcset=\"https:\/\/esztergom-anno.hu.webhost.v-comp.ch\/wp-content\/uploads\/2007\/03\/ujsag16.o.jpg 768w, https:\/\/esztergom-anno.hu.webhost.v-comp.ch\/wp-content\/uploads\/2007\/03\/ujsag16.o-225x300.jpg 225w\" sizes=\"auto, (max-width: 768px) 85vw, 768px\" \/><\/a><\/figure>\n\n\n\n<figure class=\"wp-block-image size-large\"><a href=\"https:\/\/esztergom-anno.hu.webhost.v-comp.ch\/wp-content\/uploads\/2007\/03\/ujsag17.o.jpg\"><img loading=\"lazy\" decoding=\"async\" width=\"768\" height=\"1024\" data-id=\"1019\" src=\"http:\/\/esztergom-anno.hu.webhost.v-comp.ch\/wp-content\/uploads\/2007\/03\/ujsag17.o.jpg\" alt=\"\" class=\"wp-image-1019\" srcset=\"https:\/\/esztergom-anno.hu.webhost.v-comp.ch\/wp-content\/uploads\/2007\/03\/ujsag17.o.jpg 768w, https:\/\/esztergom-anno.hu.webhost.v-comp.ch\/wp-content\/uploads\/2007\/03\/ujsag17.o-225x300.jpg 225w\" sizes=\"auto, (max-width: 768px) 85vw, 768px\" \/><\/a><\/figure>\n\n\n\n<figure class=\"wp-block-image size-large\"><a href=\"https:\/\/esztergom-anno.hu.webhost.v-comp.ch\/wp-content\/uploads\/2007\/03\/ujsag18.o.jpg\"><img loading=\"lazy\" decoding=\"async\" width=\"768\" height=\"1024\" data-id=\"1020\" src=\"http:\/\/esztergom-anno.hu.webhost.v-comp.ch\/wp-content\/uploads\/2007\/03\/ujsag18.o.jpg\" alt=\"\" class=\"wp-image-1020\" srcset=\"https:\/\/esztergom-anno.hu.webhost.v-comp.ch\/wp-content\/uploads\/2007\/03\/ujsag18.o.jpg 768w, https:\/\/esztergom-anno.hu.webhost.v-comp.ch\/wp-content\/uploads\/2007\/03\/ujsag18.o-225x300.jpg 225w\" sizes=\"auto, (max-width: 768px) 85vw, 768px\" \/><\/a><\/figure>\n\n\n\n<figure class=\"wp-block-image size-large\"><a href=\"https:\/\/esztergom-anno.hu.webhost.v-comp.ch\/wp-content\/uploads\/2007\/03\/ujsag19.o.jpg\"><img loading=\"lazy\" decoding=\"async\" width=\"768\" height=\"1024\" data-id=\"1021\" src=\"http:\/\/esztergom-anno.hu.webhost.v-comp.ch\/wp-content\/uploads\/2007\/03\/ujsag19.o.jpg\" alt=\"\" class=\"wp-image-1021\" srcset=\"https:\/\/esztergom-anno.hu.webhost.v-comp.ch\/wp-content\/uploads\/2007\/03\/ujsag19.o.jpg 768w, https:\/\/esztergom-anno.hu.webhost.v-comp.ch\/wp-content\/uploads\/2007\/03\/ujsag19.o-225x300.jpg 225w\" sizes=\"auto, (max-width: 768px) 85vw, 768px\" \/><\/a><\/figure>\n\n\n\n<figure class=\"wp-block-image size-large\"><a href=\"https:\/\/esztergom-anno.hu.webhost.v-comp.ch\/wp-content\/uploads\/2007\/03\/ujsag2.o.jpg\"><img loading=\"lazy\" decoding=\"async\" width=\"768\" height=\"1024\" data-id=\"1023\" src=\"http:\/\/esztergom-anno.hu.webhost.v-comp.ch\/wp-content\/uploads\/2007\/03\/ujsag2.o.jpg\" alt=\"\" class=\"wp-image-1023\" srcset=\"https:\/\/esztergom-anno.hu.webhost.v-comp.ch\/wp-content\/uploads\/2007\/03\/ujsag2.o.jpg 768w, https:\/\/esztergom-anno.hu.webhost.v-comp.ch\/wp-content\/uploads\/2007\/03\/ujsag2.o-225x300.jpg 225w\" sizes=\"auto, (max-width: 768px) 85vw, 768px\" \/><\/a><\/figure>\n\n\n\n<figure class=\"wp-block-image size-large\"><a href=\"https:\/\/esztergom-anno.hu.webhost.v-comp.ch\/wp-content\/uploads\/2007\/03\/ujsag20.o.jpg\"><img loading=\"lazy\" decoding=\"async\" width=\"768\" height=\"1024\" data-id=\"1024\" src=\"http:\/\/esztergom-anno.hu.webhost.v-comp.ch\/wp-content\/uploads\/2007\/03\/ujsag20.o.jpg\" alt=\"\" class=\"wp-image-1024\" srcset=\"https:\/\/esztergom-anno.hu.webhost.v-comp.ch\/wp-content\/uploads\/2007\/03\/ujsag20.o.jpg 768w, https:\/\/esztergom-anno.hu.webhost.v-comp.ch\/wp-content\/uploads\/2007\/03\/ujsag20.o-225x300.jpg 225w\" sizes=\"auto, (max-width: 768px) 85vw, 768px\" \/><\/a><\/figure>\n\n\n\n<figure class=\"wp-block-image size-large\"><a href=\"https:\/\/esztergom-anno.hu.webhost.v-comp.ch\/wp-content\/uploads\/2007\/03\/ujsag21.o.jpg\"><img loading=\"lazy\" decoding=\"async\" width=\"768\" height=\"1024\" data-id=\"1025\" src=\"http:\/\/esztergom-anno.hu.webhost.v-comp.ch\/wp-content\/uploads\/2007\/03\/ujsag21.o.jpg\" alt=\"\" class=\"wp-image-1025\" srcset=\"https:\/\/esztergom-anno.hu.webhost.v-comp.ch\/wp-content\/uploads\/2007\/03\/ujsag21.o.jpg 768w, https:\/\/esztergom-anno.hu.webhost.v-comp.ch\/wp-content\/uploads\/2007\/03\/ujsag21.o-225x300.jpg 225w\" sizes=\"auto, (max-width: 768px) 85vw, 768px\" \/><\/a><\/figure>\n\n\n\n<figure class=\"wp-block-image size-large\"><a href=\"https:\/\/esztergom-anno.hu.webhost.v-comp.ch\/wp-content\/uploads\/2007\/03\/ujsag22.o.jpg\"><img loading=\"lazy\" decoding=\"async\" width=\"768\" height=\"1024\" data-id=\"1026\" src=\"http:\/\/esztergom-anno.hu.webhost.v-comp.ch\/wp-content\/uploads\/2007\/03\/ujsag22.o.jpg\" alt=\"\" class=\"wp-image-1026\" srcset=\"https:\/\/esztergom-anno.hu.webhost.v-comp.ch\/wp-content\/uploads\/2007\/03\/ujsag22.o.jpg 768w, https:\/\/esztergom-anno.hu.webhost.v-comp.ch\/wp-content\/uploads\/2007\/03\/ujsag22.o-225x300.jpg 225w\" sizes=\"auto, (max-width: 768px) 85vw, 768px\" \/><\/a><\/figure>\n\n\n\n<figure class=\"wp-block-image size-large\"><a href=\"https:\/\/esztergom-anno.hu.webhost.v-comp.ch\/wp-content\/uploads\/2007\/03\/ujsag23.o.jpg\"><img loading=\"lazy\" decoding=\"async\" width=\"768\" height=\"1024\" data-id=\"1027\" src=\"http:\/\/esztergom-anno.hu.webhost.v-comp.ch\/wp-content\/uploads\/2007\/03\/ujsag23.o.jpg\" alt=\"\" class=\"wp-image-1027\" srcset=\"https:\/\/esztergom-anno.hu.webhost.v-comp.ch\/wp-content\/uploads\/2007\/03\/ujsag23.o.jpg 768w, https:\/\/esztergom-anno.hu.webhost.v-comp.ch\/wp-content\/uploads\/2007\/03\/ujsag23.o-225x300.jpg 225w\" sizes=\"auto, (max-width: 768px) 85vw, 768px\" \/><\/a><\/figure>\n\n\n\n<figure class=\"wp-block-image size-large\"><a href=\"https:\/\/esztergom-anno.hu.webhost.v-comp.ch\/wp-content\/uploads\/2007\/03\/ujsag3.o.jpg\"><img loading=\"lazy\" decoding=\"async\" width=\"768\" height=\"1024\" data-id=\"1030\" src=\"http:\/\/esztergom-anno.hu.webhost.v-comp.ch\/wp-content\/uploads\/2007\/03\/ujsag3.o.jpg\" alt=\"\" class=\"wp-image-1030\" srcset=\"https:\/\/esztergom-anno.hu.webhost.v-comp.ch\/wp-content\/uploads\/2007\/03\/ujsag3.o.jpg 768w, https:\/\/esztergom-anno.hu.webhost.v-comp.ch\/wp-content\/uploads\/2007\/03\/ujsag3.o-225x300.jpg 225w\" sizes=\"auto, (max-width: 768px) 85vw, 768px\" \/><\/a><\/figure>\n\n\n\n<figure class=\"wp-block-image size-large\"><a href=\"https:\/\/esztergom-anno.hu.webhost.v-comp.ch\/wp-content\/uploads\/2007\/03\/ujsag4.o.jpg\"><img loading=\"lazy\" decoding=\"async\" width=\"768\" height=\"1024\" data-id=\"1032\" src=\"http:\/\/esztergom-anno.hu.webhost.v-comp.ch\/wp-content\/uploads\/2007\/03\/ujsag4.o.jpg\" alt=\"\" class=\"wp-image-1032\" srcset=\"https:\/\/esztergom-anno.hu.webhost.v-comp.ch\/wp-content\/uploads\/2007\/03\/ujsag4.o.jpg 768w, https:\/\/esztergom-anno.hu.webhost.v-comp.ch\/wp-content\/uploads\/2007\/03\/ujsag4.o-225x300.jpg 225w\" sizes=\"auto, (max-width: 768px) 85vw, 768px\" \/><\/a><\/figure>\n\n\n\n<figure class=\"wp-block-image size-large\"><a href=\"https:\/\/esztergom-anno.hu.webhost.v-comp.ch\/wp-content\/uploads\/2007\/03\/ujsag5.o.jpg\"><img loading=\"lazy\" decoding=\"async\" width=\"768\" height=\"1024\" data-id=\"1034\" src=\"http:\/\/esztergom-anno.hu.webhost.v-comp.ch\/wp-content\/uploads\/2007\/03\/ujsag5.o.jpg\" alt=\"\" class=\"wp-image-1034\" srcset=\"https:\/\/esztergom-anno.hu.webhost.v-comp.ch\/wp-content\/uploads\/2007\/03\/ujsag5.o.jpg 768w, https:\/\/esztergom-anno.hu.webhost.v-comp.ch\/wp-content\/uploads\/2007\/03\/ujsag5.o-225x300.jpg 225w\" sizes=\"auto, (max-width: 768px) 85vw, 768px\" \/><\/a><\/figure>\n\n\n\n<figure class=\"wp-block-image size-large\"><a href=\"https:\/\/esztergom-anno.hu.webhost.v-comp.ch\/wp-content\/uploads\/2007\/03\/ujsag6.o.jpg\"><img loading=\"lazy\" decoding=\"async\" width=\"768\" height=\"1024\" data-id=\"1036\" src=\"http:\/\/esztergom-anno.hu.webhost.v-comp.ch\/wp-content\/uploads\/2007\/03\/ujsag6.o.jpg\" alt=\"\" class=\"wp-image-1036\" srcset=\"https:\/\/esztergom-anno.hu.webhost.v-comp.ch\/wp-content\/uploads\/2007\/03\/ujsag6.o.jpg 768w, https:\/\/esztergom-anno.hu.webhost.v-comp.ch\/wp-content\/uploads\/2007\/03\/ujsag6.o-225x300.jpg 225w\" sizes=\"auto, (max-width: 768px) 85vw, 768px\" \/><\/a><\/figure>\n\n\n\n<figure class=\"wp-block-image size-large\"><a href=\"https:\/\/esztergom-anno.hu.webhost.v-comp.ch\/wp-content\/uploads\/2007\/03\/ujsag7.o.jpg\"><img loading=\"lazy\" decoding=\"async\" width=\"768\" height=\"1024\" data-id=\"1037\" src=\"http:\/\/esztergom-anno.hu.webhost.v-comp.ch\/wp-content\/uploads\/2007\/03\/ujsag7.o.jpg\" alt=\"\" class=\"wp-image-1037\" srcset=\"https:\/\/esztergom-anno.hu.webhost.v-comp.ch\/wp-content\/uploads\/2007\/03\/ujsag7.o.jpg 768w, https:\/\/esztergom-anno.hu.webhost.v-comp.ch\/wp-content\/uploads\/2007\/03\/ujsag7.o-225x300.jpg 225w\" sizes=\"auto, (max-width: 768px) 85vw, 768px\" \/><\/a><\/figure>\n\n\n\n<figure class=\"wp-block-image size-large\"><a href=\"https:\/\/esztergom-anno.hu.webhost.v-comp.ch\/wp-content\/uploads\/2007\/03\/ujsag9.o.jpg\"><img loading=\"lazy\" decoding=\"async\" width=\"768\" height=\"1024\" data-id=\"1039\" src=\"http:\/\/esztergom-anno.hu.webhost.v-comp.ch\/wp-content\/uploads\/2007\/03\/ujsag9.o.jpg\" alt=\"\" class=\"wp-image-1039\" srcset=\"https:\/\/esztergom-anno.hu.webhost.v-comp.ch\/wp-content\/uploads\/2007\/03\/ujsag9.o.jpg 768w, https:\/\/esztergom-anno.hu.webhost.v-comp.ch\/wp-content\/uploads\/2007\/03\/ujsag9.o-225x300.jpg 225w\" sizes=\"auto, (max-width: 768px) 85vw, 768px\" \/><\/a><\/figure>\n\n\n\n<figure class=\"wp-block-image size-large\"><a href=\"https:\/\/esztergom-anno.hu.webhost.v-comp.ch\/wp-content\/uploads\/2007\/03\/Nemzeti-ujsag.jpg\"><img loading=\"lazy\" decoding=\"async\" width=\"1024\" height=\"1411\" data-id=\"1007\" src=\"http:\/\/esztergom-anno.hu.webhost.v-comp.ch\/wp-content\/uploads\/2007\/03\/Nemzeti-ujsag.jpg\" alt=\"\" class=\"wp-image-1007\" srcset=\"https:\/\/esztergom-anno.hu.webhost.v-comp.ch\/wp-content\/uploads\/2007\/03\/Nemzeti-ujsag.jpg 1024w, https:\/\/esztergom-anno.hu.webhost.v-comp.ch\/wp-content\/uploads\/2007\/03\/Nemzeti-ujsag-218x300.jpg 218w, https:\/\/esztergom-anno.hu.webhost.v-comp.ch\/wp-content\/uploads\/2007\/03\/Nemzeti-ujsag-743x1024.jpg 743w, https:\/\/esztergom-anno.hu.webhost.v-comp.ch\/wp-content\/uploads\/2007\/03\/Nemzeti-ujsag-768x1058.jpg 768w\" sizes=\"auto, (max-width: 709px) 85vw, (max-width: 909px) 67vw, (max-width: 1362px) 62vw, 840px\" \/><\/a><\/figure>\n<\/figure>\n","protected":false},"excerpt":{"rendered":"","protected":false},"author":1,"featured_media":0,"parent":0,"menu_order":0,"comment_status":"closed","ping_status":"closed","template":"","meta":{"footnotes":""},"class_list":["post-2819","page","type-page","status-publish","hentry"],"_links":{"self":[{"href":"https:\/\/esztergom-anno.hu.webhost.v-comp.ch\/index.php?rest_route=\/wp\/v2\/pages\/2819","targetHints":{"allow":["GET"]}}],"collection":[{"href":"https:\/\/esztergom-anno.hu.webhost.v-comp.ch\/index.php?rest_route=\/wp\/v2\/pages"}],"about":[{"href":"https:\/\/esztergom-anno.hu.webhost.v-comp.ch\/index.php?rest_route=\/wp\/v2\/types\/page"}],"author":[{"embeddable":true,"href":"https:\/\/esztergom-anno.hu.webhost.v-comp.ch\/index.php?rest_route=\/wp\/v2\/users\/1"}],"replies":[{"embeddable":true,"href":"https:\/\/esztergom-anno.hu.webhost.v-comp.ch\/index.php?rest_route=%2Fwp%2Fv2%2Fcomments&post=2819"}],"version-history":[{"count":1,"href":"https:\/\/esztergom-anno.hu.webhost.v-comp.ch\/index.php?rest_route=\/wp\/v2\/pages\/2819\/revisions"}],"predecessor-version":[{"id":2820,"href":"https:\/\/esztergom-anno.hu.webhost.v-comp.ch\/index.php?rest_route=\/wp\/v2\/pages\/2819\/revisions\/2820"}],"wp:attachment":[{"href":"https:\/\/esztergom-anno.hu.webhost.v-comp.ch\/index.php?rest_route=%2Fwp%2Fv2%2Fmedia&parent=2819"}],"curies":[{"name":"wp","href":"https:\/\/api.w.org\/{rel}","templated":true}]}}