{"id":2814,"date":"2022-02-25T12:09:46","date_gmt":"2022-02-25T11:09:46","guid":{"rendered":"https:\/\/esztergom-anno.hu.webhost.v-comp.ch\/?page_id=2814"},"modified":"2022-03-06T11:39:26","modified_gmt":"2022-03-06T10:39:26","slug":"kepeslapok-maria-valeria-hid","status":"publish","type":"page","link":"https:\/\/esztergom-anno.hu.webhost.v-comp.ch\/?page_id=2814","title":{"rendered":"K\u00e9peslapok \/ M\u00e1ria-Val\u00e9ria h\u00edd"},"content":{"rendered":"\n<figure class=\"wp-block-gallery has-nested-images columns-4 is-cropped wp-block-gallery-1 is-layout-flex wp-block-gallery-is-layout-flex\">\n<figure class=\"wp-block-image size-large\"><a href=\"https:\/\/esztergom-anno.hu.webhost.v-comp.ch\/wp-content\/uploads\/2007\/11\/maria-valeria-hid-1.jpg\"><img loading=\"lazy\" decoding=\"async\" width=\"502\" height=\"321\" data-id=\"1217\" src=\"http:\/\/esztergom-anno.hu.webhost.v-comp.ch\/wp-content\/uploads\/2007\/11\/maria-valeria-hid-1.jpg\" alt=\"\" class=\"wp-image-1217\" srcset=\"https:\/\/esztergom-anno.hu.webhost.v-comp.ch\/wp-content\/uploads\/2007\/11\/maria-valeria-hid-1.jpg 502w, https:\/\/esztergom-anno.hu.webhost.v-comp.ch\/wp-content\/uploads\/2007\/11\/maria-valeria-hid-1-300x192.jpg 300w\" sizes=\"auto, (max-width: 502px) 85vw, 502px\" \/><\/a><\/figure>\n\n\n\n<figure class=\"wp-block-image size-large\"><a href=\"https:\/\/esztergom-anno.hu.webhost.v-comp.ch\/wp-content\/uploads\/2007\/11\/maria-valleria-hid.jpg\"><img loading=\"lazy\" decoding=\"async\" width=\"495\" height=\"315\" data-id=\"1215\" src=\"http:\/\/esztergom-anno.hu.webhost.v-comp.ch\/wp-content\/uploads\/2007\/11\/maria-valleria-hid.jpg\" alt=\"\" class=\"wp-image-1215\" srcset=\"https:\/\/esztergom-anno.hu.webhost.v-comp.ch\/wp-content\/uploads\/2007\/11\/maria-valleria-hid.jpg 495w, https:\/\/esztergom-anno.hu.webhost.v-comp.ch\/wp-content\/uploads\/2007\/11\/maria-valleria-hid-300x191.jpg 300w\" sizes=\"auto, (max-width: 495px) 85vw, 495px\" \/><\/a><\/figure>\n\n\n\n<figure class=\"wp-block-image size-large\"><a href=\"https:\/\/esztergom-anno.hu.webhost.v-comp.ch\/wp-content\/uploads\/2007\/11\/maria-valeria-hid.jpg\"><img loading=\"lazy\" decoding=\"async\" width=\"490\" height=\"305\" data-id=\"1216\" src=\"http:\/\/esztergom-anno.hu.webhost.v-comp.ch\/wp-content\/uploads\/2007\/11\/maria-valeria-hid.jpg\" alt=\"\" class=\"wp-image-1216\" srcset=\"https:\/\/esztergom-anno.hu.webhost.v-comp.ch\/wp-content\/uploads\/2007\/11\/maria-valeria-hid.jpg 490w, https:\/\/esztergom-anno.hu.webhost.v-comp.ch\/wp-content\/uploads\/2007\/11\/maria-valeria-hid-300x187.jpg 300w\" sizes=\"auto, (max-width: 490px) 85vw, 490px\" \/><\/a><\/figure>\n\n\n\n<figure class=\"wp-block-image size-large\"><a href=\"https:\/\/esztergom-anno.hu.webhost.v-comp.ch\/wp-content\/uploads\/2007\/10\/Maria-Valeria-Hid.jpg\"><img loading=\"lazy\" decoding=\"async\" width=\"832\" height=\"544\" data-id=\"1203\" src=\"http:\/\/esztergom-anno.hu.webhost.v-comp.ch\/wp-content\/uploads\/2007\/10\/Maria-Valeria-Hid.jpg\" alt=\"\" class=\"wp-image-1203\" srcset=\"https:\/\/esztergom-anno.hu.webhost.v-comp.ch\/wp-content\/uploads\/2007\/10\/Maria-Valeria-Hid.jpg 832w, https:\/\/esztergom-anno.hu.webhost.v-comp.ch\/wp-content\/uploads\/2007\/10\/Maria-Valeria-Hid-300x196.jpg 300w, https:\/\/esztergom-anno.hu.webhost.v-comp.ch\/wp-content\/uploads\/2007\/10\/Maria-Valeria-Hid-768x502.jpg 768w\" sizes=\"auto, (max-width: 832px) 85vw, 832px\" \/><\/a><\/figure>\n\n\n\n<figure class=\"wp-block-image size-large\"><a href=\"https:\/\/esztergom-anno.hu.webhost.v-comp.ch\/wp-content\/uploads\/2007\/10\/124621.jpg\"><img loading=\"lazy\" decoding=\"async\" width=\"800\" height=\"536\" data-id=\"1191\" src=\"http:\/\/esztergom-anno.hu.webhost.v-comp.ch\/wp-content\/uploads\/2007\/10\/124621.jpg\" alt=\"\" class=\"wp-image-1191\" srcset=\"https:\/\/esztergom-anno.hu.webhost.v-comp.ch\/wp-content\/uploads\/2007\/10\/124621.jpg 800w, https:\/\/esztergom-anno.hu.webhost.v-comp.ch\/wp-content\/uploads\/2007\/10\/124621-300x201.jpg 300w, https:\/\/esztergom-anno.hu.webhost.v-comp.ch\/wp-content\/uploads\/2007\/10\/124621-768x515.jpg 768w\" sizes=\"auto, (max-width: 800px) 85vw, 800px\" \/><\/a><\/figure>\n\n\n\n<figure class=\"wp-block-image size-large\"><a href=\"https:\/\/esztergom-anno.hu.webhost.v-comp.ch\/wp-content\/uploads\/2007\/09\/img2.jpg\"><img loading=\"lazy\" decoding=\"async\" width=\"496\" height=\"315\" data-id=\"1214\" src=\"http:\/\/esztergom-anno.hu.webhost.v-comp.ch\/wp-content\/uploads\/2007\/09\/img2.jpg\" alt=\"\" class=\"wp-image-1214\" srcset=\"https:\/\/esztergom-anno.hu.webhost.v-comp.ch\/wp-content\/uploads\/2007\/09\/img2.jpg 496w, https:\/\/esztergom-anno.hu.webhost.v-comp.ch\/wp-content\/uploads\/2007\/09\/img2-300x191.jpg 300w\" sizes=\"auto, (max-width: 496px) 85vw, 496px\" \/><\/a><\/figure>\n\n\n\n<figure class=\"wp-block-image size-large\"><a href=\"https:\/\/esztergom-anno.hu.webhost.v-comp.ch\/wp-content\/uploads\/2007\/09\/img1..jpg\"><img loading=\"lazy\" decoding=\"async\" width=\"493\" height=\"310\" data-id=\"1213\" src=\"http:\/\/esztergom-anno.hu.webhost.v-comp.ch\/wp-content\/uploads\/2007\/09\/img1..jpg\" alt=\"\" class=\"wp-image-1213\" srcset=\"https:\/\/esztergom-anno.hu.webhost.v-comp.ch\/wp-content\/uploads\/2007\/09\/img1..jpg 493w, https:\/\/esztergom-anno.hu.webhost.v-comp.ch\/wp-content\/uploads\/2007\/09\/img1.-300x189.jpg 300w\" sizes=\"auto, (max-width: 493px) 85vw, 493px\" \/><\/a><\/figure>\n\n\n\n<figure class=\"wp-block-image size-large\"><a href=\"https:\/\/esztergom-anno.hu.webhost.v-comp.ch\/wp-content\/uploads\/2007\/09\/1_300422.jpg\"><img loading=\"lazy\" decoding=\"async\" width=\"300\" height=\"191\" data-id=\"1194\" src=\"http:\/\/esztergom-anno.hu.webhost.v-comp.ch\/wp-content\/uploads\/2007\/09\/1_300422.jpg\" alt=\"\" class=\"wp-image-1194\"\/><\/a><\/figure>\n\n\n\n<figure class=\"wp-block-image size-large\"><a href=\"https:\/\/esztergom-anno.hu.webhost.v-comp.ch\/wp-content\/uploads\/2007\/03\/128.jpg\"><img loading=\"lazy\" decoding=\"async\" width=\"531\" height=\"331\" data-id=\"1192\" src=\"http:\/\/esztergom-anno.hu.webhost.v-comp.ch\/wp-content\/uploads\/2007\/03\/128.jpg\" alt=\"\" class=\"wp-image-1192\" srcset=\"https:\/\/esztergom-anno.hu.webhost.v-comp.ch\/wp-content\/uploads\/2007\/03\/128.jpg 531w, https:\/\/esztergom-anno.hu.webhost.v-comp.ch\/wp-content\/uploads\/2007\/03\/128-300x187.jpg 300w\" sizes=\"auto, (max-width: 531px) 85vw, 531px\" \/><\/a><\/figure>\n\n\n\n<figure class=\"wp-block-image size-large\"><a href=\"https:\/\/esztergom-anno.hu.webhost.v-comp.ch\/wp-content\/uploads\/2007\/03\/001-1.jpg\"><img loading=\"lazy\" decoding=\"async\" width=\"1656\" height=\"1050\" data-id=\"1146\" src=\"http:\/\/esztergom-anno.hu.webhost.v-comp.ch\/wp-content\/uploads\/2007\/03\/001-1.jpg\" alt=\"\" class=\"wp-image-1146\" srcset=\"https:\/\/esztergom-anno.hu.webhost.v-comp.ch\/wp-content\/uploads\/2007\/03\/001-1.jpg 1656w, https:\/\/esztergom-anno.hu.webhost.v-comp.ch\/wp-content\/uploads\/2007\/03\/001-1-300x190.jpg 300w, https:\/\/esztergom-anno.hu.webhost.v-comp.ch\/wp-content\/uploads\/2007\/03\/001-1-1024x649.jpg 1024w, https:\/\/esztergom-anno.hu.webhost.v-comp.ch\/wp-content\/uploads\/2007\/03\/001-1-768x487.jpg 768w, https:\/\/esztergom-anno.hu.webhost.v-comp.ch\/wp-content\/uploads\/2007\/03\/001-1-1536x974.jpg 1536w\" sizes=\"auto, (max-width: 709px) 85vw, (max-width: 909px) 67vw, (max-width: 1362px) 62vw, 840px\" \/><\/a><\/figure>\n\n\n\n<figure class=\"wp-block-image size-large\"><a href=\"https:\/\/esztergom-anno.hu.webhost.v-comp.ch\/wp-content\/uploads\/2007\/03\/002.jpg\"><img loading=\"lazy\" decoding=\"async\" width=\"814\" height=\"532\" data-id=\"1147\" src=\"http:\/\/esztergom-anno.hu.webhost.v-comp.ch\/wp-content\/uploads\/2007\/03\/002.jpg\" alt=\"\" class=\"wp-image-1147\" srcset=\"https:\/\/esztergom-anno.hu.webhost.v-comp.ch\/wp-content\/uploads\/2007\/03\/002.jpg 814w, https:\/\/esztergom-anno.hu.webhost.v-comp.ch\/wp-content\/uploads\/2007\/03\/002-300x196.jpg 300w, https:\/\/esztergom-anno.hu.webhost.v-comp.ch\/wp-content\/uploads\/2007\/03\/002-768x502.jpg 768w\" sizes=\"auto, (max-width: 814px) 85vw, 814px\" \/><\/a><\/figure>\n\n\n\n<figure class=\"wp-block-image size-large\"><a href=\"https:\/\/esztergom-anno.hu.webhost.v-comp.ch\/wp-content\/uploads\/2007\/03\/003.jpg\"><img loading=\"lazy\" decoding=\"async\" width=\"1641\" height=\"1053\" data-id=\"1148\" src=\"http:\/\/esztergom-anno.hu.webhost.v-comp.ch\/wp-content\/uploads\/2007\/03\/003.jpg\" alt=\"\" class=\"wp-image-1148\" srcset=\"https:\/\/esztergom-anno.hu.webhost.v-comp.ch\/wp-content\/uploads\/2007\/03\/003.jpg 1641w, https:\/\/esztergom-anno.hu.webhost.v-comp.ch\/wp-content\/uploads\/2007\/03\/003-300x193.jpg 300w, https:\/\/esztergom-anno.hu.webhost.v-comp.ch\/wp-content\/uploads\/2007\/03\/003-1024x657.jpg 1024w, https:\/\/esztergom-anno.hu.webhost.v-comp.ch\/wp-content\/uploads\/2007\/03\/003-768x493.jpg 768w, https:\/\/esztergom-anno.hu.webhost.v-comp.ch\/wp-content\/uploads\/2007\/03\/003-1536x986.jpg 1536w\" sizes=\"auto, (max-width: 709px) 85vw, (max-width: 909px) 67vw, (max-width: 1362px) 62vw, 840px\" \/><\/a><\/figure>\n\n\n\n<figure class=\"wp-block-image size-large\"><a href=\"https:\/\/esztergom-anno.hu.webhost.v-comp.ch\/wp-content\/uploads\/2007\/03\/004.jpg\"><img loading=\"lazy\" decoding=\"async\" width=\"1671\" height=\"1056\" data-id=\"1149\" src=\"http:\/\/esztergom-anno.hu.webhost.v-comp.ch\/wp-content\/uploads\/2007\/03\/004.jpg\" alt=\"\" class=\"wp-image-1149\" srcset=\"https:\/\/esztergom-anno.hu.webhost.v-comp.ch\/wp-content\/uploads\/2007\/03\/004.jpg 1671w, https:\/\/esztergom-anno.hu.webhost.v-comp.ch\/wp-content\/uploads\/2007\/03\/004-300x190.jpg 300w, https:\/\/esztergom-anno.hu.webhost.v-comp.ch\/wp-content\/uploads\/2007\/03\/004-1024x647.jpg 1024w, https:\/\/esztergom-anno.hu.webhost.v-comp.ch\/wp-content\/uploads\/2007\/03\/004-768x485.jpg 768w, https:\/\/esztergom-anno.hu.webhost.v-comp.ch\/wp-content\/uploads\/2007\/03\/004-1536x971.jpg 1536w\" sizes=\"auto, (max-width: 709px) 85vw, (max-width: 909px) 67vw, (max-width: 1362px) 62vw, 840px\" \/><\/a><\/figure>\n\n\n\n<figure class=\"wp-block-image size-large\"><a href=\"https:\/\/esztergom-anno.hu.webhost.v-comp.ch\/wp-content\/uploads\/2007\/03\/005.jpg\"><img loading=\"lazy\" decoding=\"async\" width=\"1704\" height=\"1071\" data-id=\"1150\" src=\"http:\/\/esztergom-anno.hu.webhost.v-comp.ch\/wp-content\/uploads\/2007\/03\/005.jpg\" alt=\"\" class=\"wp-image-1150\" srcset=\"https:\/\/esztergom-anno.hu.webhost.v-comp.ch\/wp-content\/uploads\/2007\/03\/005.jpg 1704w, https:\/\/esztergom-anno.hu.webhost.v-comp.ch\/wp-content\/uploads\/2007\/03\/005-300x189.jpg 300w, https:\/\/esztergom-anno.hu.webhost.v-comp.ch\/wp-content\/uploads\/2007\/03\/005-1024x644.jpg 1024w, https:\/\/esztergom-anno.hu.webhost.v-comp.ch\/wp-content\/uploads\/2007\/03\/005-768x483.jpg 768w, https:\/\/esztergom-anno.hu.webhost.v-comp.ch\/wp-content\/uploads\/2007\/03\/005-1536x965.jpg 1536w\" sizes=\"auto, (max-width: 709px) 85vw, (max-width: 909px) 67vw, (max-width: 1362px) 62vw, 840px\" \/><\/a><\/figure>\n\n\n\n<figure class=\"wp-block-image size-large\"><a href=\"https:\/\/esztergom-anno.hu.webhost.v-comp.ch\/wp-content\/uploads\/2007\/03\/006.jpg\"><img loading=\"lazy\" decoding=\"async\" width=\"1647\" height=\"1041\" data-id=\"1151\" src=\"http:\/\/esztergom-anno.hu.webhost.v-comp.ch\/wp-content\/uploads\/2007\/03\/006.jpg\" alt=\"\" class=\"wp-image-1151\" srcset=\"https:\/\/esztergom-anno.hu.webhost.v-comp.ch\/wp-content\/uploads\/2007\/03\/006.jpg 1647w, https:\/\/esztergom-anno.hu.webhost.v-comp.ch\/wp-content\/uploads\/2007\/03\/006-300x190.jpg 300w, https:\/\/esztergom-anno.hu.webhost.v-comp.ch\/wp-content\/uploads\/2007\/03\/006-1024x647.jpg 1024w, https:\/\/esztergom-anno.hu.webhost.v-comp.ch\/wp-content\/uploads\/2007\/03\/006-768x485.jpg 768w, https:\/\/esztergom-anno.hu.webhost.v-comp.ch\/wp-content\/uploads\/2007\/03\/006-1536x971.jpg 1536w\" sizes=\"auto, (max-width: 709px) 85vw, (max-width: 909px) 67vw, (max-width: 1362px) 62vw, 840px\" \/><\/a><\/figure>\n\n\n\n<figure class=\"wp-block-image size-large\"><a href=\"https:\/\/esztergom-anno.hu.webhost.v-comp.ch\/wp-content\/uploads\/2007\/03\/007.jpg\"><img loading=\"lazy\" decoding=\"async\" width=\"1665\" height=\"1062\" data-id=\"1152\" src=\"http:\/\/esztergom-anno.hu.webhost.v-comp.ch\/wp-content\/uploads\/2007\/03\/007.jpg\" alt=\"\" class=\"wp-image-1152\" srcset=\"https:\/\/esztergom-anno.hu.webhost.v-comp.ch\/wp-content\/uploads\/2007\/03\/007.jpg 1665w, https:\/\/esztergom-anno.hu.webhost.v-comp.ch\/wp-content\/uploads\/2007\/03\/007-300x191.jpg 300w, https:\/\/esztergom-anno.hu.webhost.v-comp.ch\/wp-content\/uploads\/2007\/03\/007-1024x653.jpg 1024w, https:\/\/esztergom-anno.hu.webhost.v-comp.ch\/wp-content\/uploads\/2007\/03\/007-768x490.jpg 768w, https:\/\/esztergom-anno.hu.webhost.v-comp.ch\/wp-content\/uploads\/2007\/03\/007-1536x980.jpg 1536w\" sizes=\"auto, (max-width: 709px) 85vw, (max-width: 909px) 67vw, (max-width: 1362px) 62vw, 840px\" \/><\/a><\/figure>\n\n\n\n<figure class=\"wp-block-image size-large\"><a href=\"https:\/\/esztergom-anno.hu.webhost.v-comp.ch\/wp-content\/uploads\/2007\/03\/008.jpg\"><img loading=\"lazy\" decoding=\"async\" width=\"1656\" height=\"1035\" data-id=\"1153\" src=\"http:\/\/esztergom-anno.hu.webhost.v-comp.ch\/wp-content\/uploads\/2007\/03\/008.jpg\" alt=\"\" class=\"wp-image-1153\" srcset=\"https:\/\/esztergom-anno.hu.webhost.v-comp.ch\/wp-content\/uploads\/2007\/03\/008.jpg 1656w, https:\/\/esztergom-anno.hu.webhost.v-comp.ch\/wp-content\/uploads\/2007\/03\/008-300x188.jpg 300w, https:\/\/esztergom-anno.hu.webhost.v-comp.ch\/wp-content\/uploads\/2007\/03\/008-1024x640.jpg 1024w, https:\/\/esztergom-anno.hu.webhost.v-comp.ch\/wp-content\/uploads\/2007\/03\/008-768x480.jpg 768w, https:\/\/esztergom-anno.hu.webhost.v-comp.ch\/wp-content\/uploads\/2007\/03\/008-1536x960.jpg 1536w\" sizes=\"auto, (max-width: 709px) 85vw, (max-width: 909px) 67vw, (max-width: 1362px) 62vw, 840px\" \/><\/a><\/figure>\n\n\n\n<figure class=\"wp-block-image size-large\"><a href=\"https:\/\/esztergom-anno.hu.webhost.v-comp.ch\/wp-content\/uploads\/2007\/03\/009.jpg\"><img loading=\"lazy\" decoding=\"async\" width=\"1644\" height=\"1059\" data-id=\"1154\" src=\"http:\/\/esztergom-anno.hu.webhost.v-comp.ch\/wp-content\/uploads\/2007\/03\/009.jpg\" alt=\"\" class=\"wp-image-1154\" srcset=\"https:\/\/esztergom-anno.hu.webhost.v-comp.ch\/wp-content\/uploads\/2007\/03\/009.jpg 1644w, https:\/\/esztergom-anno.hu.webhost.v-comp.ch\/wp-content\/uploads\/2007\/03\/009-300x193.jpg 300w, https:\/\/esztergom-anno.hu.webhost.v-comp.ch\/wp-content\/uploads\/2007\/03\/009-1024x660.jpg 1024w, https:\/\/esztergom-anno.hu.webhost.v-comp.ch\/wp-content\/uploads\/2007\/03\/009-768x495.jpg 768w, https:\/\/esztergom-anno.hu.webhost.v-comp.ch\/wp-content\/uploads\/2007\/03\/009-1536x989.jpg 1536w\" sizes=\"auto, (max-width: 709px) 85vw, (max-width: 909px) 67vw, (max-width: 1362px) 62vw, 840px\" \/><\/a><\/figure>\n\n\n\n<figure class=\"wp-block-image size-large\"><a href=\"https:\/\/esztergom-anno.hu.webhost.v-comp.ch\/wp-content\/uploads\/2007\/03\/010-1.jpg\"><img loading=\"lazy\" decoding=\"async\" width=\"1611\" height=\"1011\" data-id=\"1155\" src=\"http:\/\/esztergom-anno.hu.webhost.v-comp.ch\/wp-content\/uploads\/2007\/03\/010-1.jpg\" alt=\"\" class=\"wp-image-1155\" srcset=\"https:\/\/esztergom-anno.hu.webhost.v-comp.ch\/wp-content\/uploads\/2007\/03\/010-1.jpg 1611w, https:\/\/esztergom-anno.hu.webhost.v-comp.ch\/wp-content\/uploads\/2007\/03\/010-1-300x188.jpg 300w, https:\/\/esztergom-anno.hu.webhost.v-comp.ch\/wp-content\/uploads\/2007\/03\/010-1-1024x643.jpg 1024w, https:\/\/esztergom-anno.hu.webhost.v-comp.ch\/wp-content\/uploads\/2007\/03\/010-1-768x482.jpg 768w, https:\/\/esztergom-anno.hu.webhost.v-comp.ch\/wp-content\/uploads\/2007\/03\/010-1-1536x964.jpg 1536w\" sizes=\"auto, (max-width: 709px) 85vw, (max-width: 909px) 67vw, (max-width: 1362px) 62vw, 840px\" \/><\/a><\/figure>\n\n\n\n<figure class=\"wp-block-image size-large\"><a href=\"https:\/\/esztergom-anno.hu.webhost.v-comp.ch\/wp-content\/uploads\/2007\/03\/011-1.jpg\"><img loading=\"lazy\" decoding=\"async\" width=\"1635\" height=\"1062\" data-id=\"1156\" src=\"http:\/\/esztergom-anno.hu.webhost.v-comp.ch\/wp-content\/uploads\/2007\/03\/011-1.jpg\" alt=\"\" class=\"wp-image-1156\" srcset=\"https:\/\/esztergom-anno.hu.webhost.v-comp.ch\/wp-content\/uploads\/2007\/03\/011-1.jpg 1635w, https:\/\/esztergom-anno.hu.webhost.v-comp.ch\/wp-content\/uploads\/2007\/03\/011-1-300x195.jpg 300w, https:\/\/esztergom-anno.hu.webhost.v-comp.ch\/wp-content\/uploads\/2007\/03\/011-1-1024x665.jpg 1024w, https:\/\/esztergom-anno.hu.webhost.v-comp.ch\/wp-content\/uploads\/2007\/03\/011-1-768x499.jpg 768w, https:\/\/esztergom-anno.hu.webhost.v-comp.ch\/wp-content\/uploads\/2007\/03\/011-1-1536x998.jpg 1536w\" sizes=\"auto, (max-width: 709px) 85vw, (max-width: 909px) 67vw, (max-width: 1362px) 62vw, 840px\" \/><\/a><\/figure>\n\n\n\n<figure class=\"wp-block-image size-large\"><a href=\"https:\/\/esztergom-anno.hu.webhost.v-comp.ch\/wp-content\/uploads\/2007\/03\/012.jpg\"><img loading=\"lazy\" decoding=\"async\" width=\"1644\" height=\"1053\" data-id=\"1157\" src=\"http:\/\/esztergom-anno.hu.webhost.v-comp.ch\/wp-content\/uploads\/2007\/03\/012.jpg\" alt=\"\" class=\"wp-image-1157\" srcset=\"https:\/\/esztergom-anno.hu.webhost.v-comp.ch\/wp-content\/uploads\/2007\/03\/012.jpg 1644w, https:\/\/esztergom-anno.hu.webhost.v-comp.ch\/wp-content\/uploads\/2007\/03\/012-300x192.jpg 300w, https:\/\/esztergom-anno.hu.webhost.v-comp.ch\/wp-content\/uploads\/2007\/03\/012-1024x656.jpg 1024w, https:\/\/esztergom-anno.hu.webhost.v-comp.ch\/wp-content\/uploads\/2007\/03\/012-768x492.jpg 768w, https:\/\/esztergom-anno.hu.webhost.v-comp.ch\/wp-content\/uploads\/2007\/03\/012-1536x984.jpg 1536w\" sizes=\"auto, (max-width: 709px) 85vw, (max-width: 909px) 67vw, (max-width: 1362px) 62vw, 840px\" \/><\/a><\/figure>\n\n\n\n<figure class=\"wp-block-image size-large\"><a href=\"https:\/\/esztergom-anno.hu.webhost.v-comp.ch\/wp-content\/uploads\/2007\/03\/013.jpg\"><img loading=\"lazy\" decoding=\"async\" width=\"1638\" height=\"1020\" data-id=\"1158\" src=\"http:\/\/esztergom-anno.hu.webhost.v-comp.ch\/wp-content\/uploads\/2007\/03\/013.jpg\" alt=\"\" class=\"wp-image-1158\" srcset=\"https:\/\/esztergom-anno.hu.webhost.v-comp.ch\/wp-content\/uploads\/2007\/03\/013.jpg 1638w, https:\/\/esztergom-anno.hu.webhost.v-comp.ch\/wp-content\/uploads\/2007\/03\/013-300x187.jpg 300w, https:\/\/esztergom-anno.hu.webhost.v-comp.ch\/wp-content\/uploads\/2007\/03\/013-1024x638.jpg 1024w, https:\/\/esztergom-anno.hu.webhost.v-comp.ch\/wp-content\/uploads\/2007\/03\/013-768x478.jpg 768w, https:\/\/esztergom-anno.hu.webhost.v-comp.ch\/wp-content\/uploads\/2007\/03\/013-1536x956.jpg 1536w\" sizes=\"auto, (max-width: 709px) 85vw, (max-width: 909px) 67vw, (max-width: 1362px) 62vw, 840px\" \/><\/a><\/figure>\n\n\n\n<figure class=\"wp-block-image size-large\"><a href=\"https:\/\/esztergom-anno.hu.webhost.v-comp.ch\/wp-content\/uploads\/2007\/03\/014.jpg\"><img loading=\"lazy\" decoding=\"async\" width=\"1665\" height=\"1050\" data-id=\"1159\" src=\"http:\/\/esztergom-anno.hu.webhost.v-comp.ch\/wp-content\/uploads\/2007\/03\/014.jpg\" alt=\"\" class=\"wp-image-1159\" srcset=\"https:\/\/esztergom-anno.hu.webhost.v-comp.ch\/wp-content\/uploads\/2007\/03\/014.jpg 1665w, https:\/\/esztergom-anno.hu.webhost.v-comp.ch\/wp-content\/uploads\/2007\/03\/014-300x189.jpg 300w, https:\/\/esztergom-anno.hu.webhost.v-comp.ch\/wp-content\/uploads\/2007\/03\/014-1024x646.jpg 1024w, https:\/\/esztergom-anno.hu.webhost.v-comp.ch\/wp-content\/uploads\/2007\/03\/014-768x484.jpg 768w, https:\/\/esztergom-anno.hu.webhost.v-comp.ch\/wp-content\/uploads\/2007\/03\/014-1536x969.jpg 1536w\" sizes=\"auto, (max-width: 709px) 85vw, (max-width: 909px) 67vw, (max-width: 1362px) 62vw, 840px\" \/><\/a><\/figure>\n\n\n\n<figure class=\"wp-block-image size-large\"><a href=\"https:\/\/esztergom-anno.hu.webhost.v-comp.ch\/wp-content\/uploads\/2007\/03\/015.jpg\"><img loading=\"lazy\" decoding=\"async\" width=\"1647\" height=\"1047\" data-id=\"1160\" src=\"http:\/\/esztergom-anno.hu.webhost.v-comp.ch\/wp-content\/uploads\/2007\/03\/015.jpg\" alt=\"\" class=\"wp-image-1160\" srcset=\"https:\/\/esztergom-anno.hu.webhost.v-comp.ch\/wp-content\/uploads\/2007\/03\/015.jpg 1647w, https:\/\/esztergom-anno.hu.webhost.v-comp.ch\/wp-content\/uploads\/2007\/03\/015-300x191.jpg 300w, https:\/\/esztergom-anno.hu.webhost.v-comp.ch\/wp-content\/uploads\/2007\/03\/015-1024x651.jpg 1024w, https:\/\/esztergom-anno.hu.webhost.v-comp.ch\/wp-content\/uploads\/2007\/03\/015-768x488.jpg 768w, https:\/\/esztergom-anno.hu.webhost.v-comp.ch\/wp-content\/uploads\/2007\/03\/015-1536x976.jpg 1536w\" sizes=\"auto, (max-width: 709px) 85vw, (max-width: 909px) 67vw, (max-width: 1362px) 62vw, 840px\" \/><\/a><\/figure>\n\n\n\n<figure class=\"wp-block-image size-large\"><a href=\"https:\/\/esztergom-anno.hu.webhost.v-comp.ch\/wp-content\/uploads\/2007\/03\/016.jpg\"><img loading=\"lazy\" decoding=\"async\" width=\"1653\" height=\"1059\" data-id=\"1161\" src=\"http:\/\/esztergom-anno.hu.webhost.v-comp.ch\/wp-content\/uploads\/2007\/03\/016.jpg\" alt=\"\" class=\"wp-image-1161\" srcset=\"https:\/\/esztergom-anno.hu.webhost.v-comp.ch\/wp-content\/uploads\/2007\/03\/016.jpg 1653w, https:\/\/esztergom-anno.hu.webhost.v-comp.ch\/wp-content\/uploads\/2007\/03\/016-300x192.jpg 300w, https:\/\/esztergom-anno.hu.webhost.v-comp.ch\/wp-content\/uploads\/2007\/03\/016-1024x656.jpg 1024w, https:\/\/esztergom-anno.hu.webhost.v-comp.ch\/wp-content\/uploads\/2007\/03\/016-768x492.jpg 768w, https:\/\/esztergom-anno.hu.webhost.v-comp.ch\/wp-content\/uploads\/2007\/03\/016-1536x984.jpg 1536w\" sizes=\"auto, (max-width: 709px) 85vw, (max-width: 909px) 67vw, (max-width: 1362px) 62vw, 840px\" \/><\/a><\/figure>\n\n\n\n<figure class=\"wp-block-image size-large\"><a href=\"https:\/\/esztergom-anno.hu.webhost.v-comp.ch\/wp-content\/uploads\/2007\/03\/017.jpg\"><img loading=\"lazy\" decoding=\"async\" width=\"1629\" height=\"1056\" data-id=\"1162\" src=\"http:\/\/esztergom-anno.hu.webhost.v-comp.ch\/wp-content\/uploads\/2007\/03\/017.jpg\" alt=\"\" class=\"wp-image-1162\" srcset=\"https:\/\/esztergom-anno.hu.webhost.v-comp.ch\/wp-content\/uploads\/2007\/03\/017.jpg 1629w, https:\/\/esztergom-anno.hu.webhost.v-comp.ch\/wp-content\/uploads\/2007\/03\/017-300x194.jpg 300w, https:\/\/esztergom-anno.hu.webhost.v-comp.ch\/wp-content\/uploads\/2007\/03\/017-1024x664.jpg 1024w, https:\/\/esztergom-anno.hu.webhost.v-comp.ch\/wp-content\/uploads\/2007\/03\/017-768x498.jpg 768w, https:\/\/esztergom-anno.hu.webhost.v-comp.ch\/wp-content\/uploads\/2007\/03\/017-1536x996.jpg 1536w\" sizes=\"auto, (max-width: 709px) 85vw, (max-width: 909px) 67vw, (max-width: 1362px) 62vw, 840px\" \/><\/a><\/figure>\n\n\n\n<figure class=\"wp-block-image size-large\"><a href=\"https:\/\/esztergom-anno.hu.webhost.v-comp.ch\/wp-content\/uploads\/2007\/03\/018.jpg\"><img loading=\"lazy\" decoding=\"async\" width=\"1635\" height=\"1029\" data-id=\"1163\" src=\"http:\/\/esztergom-anno.hu.webhost.v-comp.ch\/wp-content\/uploads\/2007\/03\/018.jpg\" alt=\"\" class=\"wp-image-1163\" srcset=\"https:\/\/esztergom-anno.hu.webhost.v-comp.ch\/wp-content\/uploads\/2007\/03\/018.jpg 1635w, https:\/\/esztergom-anno.hu.webhost.v-comp.ch\/wp-content\/uploads\/2007\/03\/018-300x189.jpg 300w, https:\/\/esztergom-anno.hu.webhost.v-comp.ch\/wp-content\/uploads\/2007\/03\/018-1024x644.jpg 1024w, https:\/\/esztergom-anno.hu.webhost.v-comp.ch\/wp-content\/uploads\/2007\/03\/018-768x483.jpg 768w, https:\/\/esztergom-anno.hu.webhost.v-comp.ch\/wp-content\/uploads\/2007\/03\/018-1536x967.jpg 1536w\" sizes=\"auto, (max-width: 709px) 85vw, (max-width: 909px) 67vw, (max-width: 1362px) 62vw, 840px\" \/><\/a><\/figure>\n\n\n\n<figure class=\"wp-block-image size-large\"><a href=\"https:\/\/esztergom-anno.hu.webhost.v-comp.ch\/wp-content\/uploads\/2007\/03\/019.jpg\"><img loading=\"lazy\" decoding=\"async\" width=\"1638\" height=\"1023\" data-id=\"1164\" src=\"http:\/\/esztergom-anno.hu.webhost.v-comp.ch\/wp-content\/uploads\/2007\/03\/019.jpg\" alt=\"\" class=\"wp-image-1164\" srcset=\"https:\/\/esztergom-anno.hu.webhost.v-comp.ch\/wp-content\/uploads\/2007\/03\/019.jpg 1638w, https:\/\/esztergom-anno.hu.webhost.v-comp.ch\/wp-content\/uploads\/2007\/03\/019-300x187.jpg 300w, https:\/\/esztergom-anno.hu.webhost.v-comp.ch\/wp-content\/uploads\/2007\/03\/019-1024x640.jpg 1024w, https:\/\/esztergom-anno.hu.webhost.v-comp.ch\/wp-content\/uploads\/2007\/03\/019-768x480.jpg 768w, https:\/\/esztergom-anno.hu.webhost.v-comp.ch\/wp-content\/uploads\/2007\/03\/019-1536x959.jpg 1536w\" sizes=\"auto, (max-width: 709px) 85vw, (max-width: 909px) 67vw, (max-width: 1362px) 62vw, 840px\" \/><\/a><\/figure>\n\n\n\n<figure class=\"wp-block-image size-large\"><a href=\"https:\/\/esztergom-anno.hu.webhost.v-comp.ch\/wp-content\/uploads\/2007\/03\/020.jpg\"><img loading=\"lazy\" decoding=\"async\" width=\"1650\" height=\"1041\" data-id=\"1165\" src=\"http:\/\/esztergom-anno.hu.webhost.v-comp.ch\/wp-content\/uploads\/2007\/03\/020.jpg\" alt=\"\" class=\"wp-image-1165\" srcset=\"https:\/\/esztergom-anno.hu.webhost.v-comp.ch\/wp-content\/uploads\/2007\/03\/020.jpg 1650w, https:\/\/esztergom-anno.hu.webhost.v-comp.ch\/wp-content\/uploads\/2007\/03\/020-300x189.jpg 300w, https:\/\/esztergom-anno.hu.webhost.v-comp.ch\/wp-content\/uploads\/2007\/03\/020-1024x646.jpg 1024w, https:\/\/esztergom-anno.hu.webhost.v-comp.ch\/wp-content\/uploads\/2007\/03\/020-768x485.jpg 768w, https:\/\/esztergom-anno.hu.webhost.v-comp.ch\/wp-content\/uploads\/2007\/03\/020-1536x969.jpg 1536w\" sizes=\"auto, (max-width: 709px) 85vw, (max-width: 909px) 67vw, (max-width: 1362px) 62vw, 840px\" \/><\/a><\/figure>\n\n\n\n<figure class=\"wp-block-image size-large\"><a href=\"https:\/\/esztergom-anno.hu.webhost.v-comp.ch\/wp-content\/uploads\/2007\/03\/021.jpg\"><img loading=\"lazy\" decoding=\"async\" width=\"1659\" height=\"1044\" data-id=\"1166\" src=\"http:\/\/esztergom-anno.hu.webhost.v-comp.ch\/wp-content\/uploads\/2007\/03\/021.jpg\" alt=\"\" class=\"wp-image-1166\" srcset=\"https:\/\/esztergom-anno.hu.webhost.v-comp.ch\/wp-content\/uploads\/2007\/03\/021.jpg 1659w, https:\/\/esztergom-anno.hu.webhost.v-comp.ch\/wp-content\/uploads\/2007\/03\/021-300x189.jpg 300w, https:\/\/esztergom-anno.hu.webhost.v-comp.ch\/wp-content\/uploads\/2007\/03\/021-1024x644.jpg 1024w, https:\/\/esztergom-anno.hu.webhost.v-comp.ch\/wp-content\/uploads\/2007\/03\/021-768x483.jpg 768w, https:\/\/esztergom-anno.hu.webhost.v-comp.ch\/wp-content\/uploads\/2007\/03\/021-1536x967.jpg 1536w\" sizes=\"auto, (max-width: 709px) 85vw, (max-width: 909px) 67vw, (max-width: 1362px) 62vw, 840px\" \/><\/a><\/figure>\n\n\n\n<figure class=\"wp-block-image size-large\"><a href=\"https:\/\/esztergom-anno.hu.webhost.v-comp.ch\/wp-content\/uploads\/2007\/03\/022.jpg\"><img loading=\"lazy\" decoding=\"async\" width=\"1632\" height=\"1041\" data-id=\"1167\" src=\"http:\/\/esztergom-anno.hu.webhost.v-comp.ch\/wp-content\/uploads\/2007\/03\/022.jpg\" alt=\"\" class=\"wp-image-1167\" srcset=\"https:\/\/esztergom-anno.hu.webhost.v-comp.ch\/wp-content\/uploads\/2007\/03\/022.jpg 1632w, https:\/\/esztergom-anno.hu.webhost.v-comp.ch\/wp-content\/uploads\/2007\/03\/022-300x191.jpg 300w, https:\/\/esztergom-anno.hu.webhost.v-comp.ch\/wp-content\/uploads\/2007\/03\/022-1024x653.jpg 1024w, https:\/\/esztergom-anno.hu.webhost.v-comp.ch\/wp-content\/uploads\/2007\/03\/022-768x490.jpg 768w, https:\/\/esztergom-anno.hu.webhost.v-comp.ch\/wp-content\/uploads\/2007\/03\/022-1536x980.jpg 1536w\" sizes=\"auto, (max-width: 709px) 85vw, (max-width: 909px) 67vw, (max-width: 1362px) 62vw, 840px\" \/><\/a><\/figure>\n\n\n\n<figure class=\"wp-block-image size-large\"><a href=\"https:\/\/esztergom-anno.hu.webhost.v-comp.ch\/wp-content\/uploads\/2007\/03\/023.jpg\"><img loading=\"lazy\" decoding=\"async\" width=\"1656\" height=\"1041\" data-id=\"1168\" src=\"http:\/\/esztergom-anno.hu.webhost.v-comp.ch\/wp-content\/uploads\/2007\/03\/023.jpg\" alt=\"\" class=\"wp-image-1168\" srcset=\"https:\/\/esztergom-anno.hu.webhost.v-comp.ch\/wp-content\/uploads\/2007\/03\/023.jpg 1656w, https:\/\/esztergom-anno.hu.webhost.v-comp.ch\/wp-content\/uploads\/2007\/03\/023-300x189.jpg 300w, https:\/\/esztergom-anno.hu.webhost.v-comp.ch\/wp-content\/uploads\/2007\/03\/023-1024x644.jpg 1024w, https:\/\/esztergom-anno.hu.webhost.v-comp.ch\/wp-content\/uploads\/2007\/03\/023-768x483.jpg 768w, https:\/\/esztergom-anno.hu.webhost.v-comp.ch\/wp-content\/uploads\/2007\/03\/023-1536x966.jpg 1536w\" sizes=\"auto, (max-width: 709px) 85vw, (max-width: 909px) 67vw, (max-width: 1362px) 62vw, 840px\" \/><\/a><\/figure>\n\n\n\n<figure class=\"wp-block-image size-large\"><a href=\"https:\/\/esztergom-anno.hu.webhost.v-comp.ch\/wp-content\/uploads\/2007\/03\/024.jpg\"><img loading=\"lazy\" decoding=\"async\" width=\"1659\" height=\"1068\" data-id=\"1169\" src=\"http:\/\/esztergom-anno.hu.webhost.v-comp.ch\/wp-content\/uploads\/2007\/03\/024.jpg\" alt=\"\" class=\"wp-image-1169\" srcset=\"https:\/\/esztergom-anno.hu.webhost.v-comp.ch\/wp-content\/uploads\/2007\/03\/024.jpg 1659w, https:\/\/esztergom-anno.hu.webhost.v-comp.ch\/wp-content\/uploads\/2007\/03\/024-300x193.jpg 300w, https:\/\/esztergom-anno.hu.webhost.v-comp.ch\/wp-content\/uploads\/2007\/03\/024-1024x659.jpg 1024w, https:\/\/esztergom-anno.hu.webhost.v-comp.ch\/wp-content\/uploads\/2007\/03\/024-768x494.jpg 768w, https:\/\/esztergom-anno.hu.webhost.v-comp.ch\/wp-content\/uploads\/2007\/03\/024-1536x989.jpg 1536w\" sizes=\"auto, (max-width: 709px) 85vw, (max-width: 909px) 67vw, (max-width: 1362px) 62vw, 840px\" \/><\/a><\/figure>\n\n\n\n<figure class=\"wp-block-image size-large\"><a href=\"https:\/\/esztergom-anno.hu.webhost.v-comp.ch\/wp-content\/uploads\/2007\/03\/025.jpg\"><img loading=\"lazy\" decoding=\"async\" width=\"1626\" height=\"1038\" data-id=\"1170\" src=\"http:\/\/esztergom-anno.hu.webhost.v-comp.ch\/wp-content\/uploads\/2007\/03\/025.jpg\" alt=\"\" class=\"wp-image-1170\" srcset=\"https:\/\/esztergom-anno.hu.webhost.v-comp.ch\/wp-content\/uploads\/2007\/03\/025.jpg 1626w, https:\/\/esztergom-anno.hu.webhost.v-comp.ch\/wp-content\/uploads\/2007\/03\/025-300x192.jpg 300w, https:\/\/esztergom-anno.hu.webhost.v-comp.ch\/wp-content\/uploads\/2007\/03\/025-1024x654.jpg 1024w, https:\/\/esztergom-anno.hu.webhost.v-comp.ch\/wp-content\/uploads\/2007\/03\/025-768x490.jpg 768w, https:\/\/esztergom-anno.hu.webhost.v-comp.ch\/wp-content\/uploads\/2007\/03\/025-1536x981.jpg 1536w\" sizes=\"auto, (max-width: 709px) 85vw, (max-width: 909px) 67vw, (max-width: 1362px) 62vw, 840px\" \/><\/a><\/figure>\n\n\n\n<figure class=\"wp-block-image size-large\"><a href=\"https:\/\/esztergom-anno.hu.webhost.v-comp.ch\/wp-content\/uploads\/2007\/03\/026.jpg\"><img loading=\"lazy\" decoding=\"async\" width=\"1629\" height=\"1023\" data-id=\"1171\" src=\"http:\/\/esztergom-anno.hu.webhost.v-comp.ch\/wp-content\/uploads\/2007\/03\/026.jpg\" alt=\"\" class=\"wp-image-1171\" srcset=\"https:\/\/esztergom-anno.hu.webhost.v-comp.ch\/wp-content\/uploads\/2007\/03\/026.jpg 1629w, https:\/\/esztergom-anno.hu.webhost.v-comp.ch\/wp-content\/uploads\/2007\/03\/026-300x188.jpg 300w, https:\/\/esztergom-anno.hu.webhost.v-comp.ch\/wp-content\/uploads\/2007\/03\/026-1024x643.jpg 1024w, https:\/\/esztergom-anno.hu.webhost.v-comp.ch\/wp-content\/uploads\/2007\/03\/026-768x482.jpg 768w, https:\/\/esztergom-anno.hu.webhost.v-comp.ch\/wp-content\/uploads\/2007\/03\/026-1536x965.jpg 1536w\" sizes=\"auto, (max-width: 709px) 85vw, (max-width: 909px) 67vw, (max-width: 1362px) 62vw, 840px\" \/><\/a><\/figure>\n\n\n\n<figure class=\"wp-block-image size-large\"><a href=\"https:\/\/esztergom-anno.hu.webhost.v-comp.ch\/wp-content\/uploads\/2007\/03\/027.jpg\"><img loading=\"lazy\" decoding=\"async\" width=\"1608\" height=\"987\" data-id=\"1172\" src=\"http:\/\/esztergom-anno.hu.webhost.v-comp.ch\/wp-content\/uploads\/2007\/03\/027.jpg\" alt=\"\" class=\"wp-image-1172\" srcset=\"https:\/\/esztergom-anno.hu.webhost.v-comp.ch\/wp-content\/uploads\/2007\/03\/027.jpg 1608w, https:\/\/esztergom-anno.hu.webhost.v-comp.ch\/wp-content\/uploads\/2007\/03\/027-300x184.jpg 300w, https:\/\/esztergom-anno.hu.webhost.v-comp.ch\/wp-content\/uploads\/2007\/03\/027-1024x629.jpg 1024w, https:\/\/esztergom-anno.hu.webhost.v-comp.ch\/wp-content\/uploads\/2007\/03\/027-768x471.jpg 768w, https:\/\/esztergom-anno.hu.webhost.v-comp.ch\/wp-content\/uploads\/2007\/03\/027-1536x943.jpg 1536w\" sizes=\"auto, (max-width: 709px) 85vw, (max-width: 909px) 67vw, (max-width: 1362px) 62vw, 840px\" \/><\/a><\/figure>\n\n\n\n<figure class=\"wp-block-image size-large\"><a href=\"https:\/\/esztergom-anno.hu.webhost.v-comp.ch\/wp-content\/uploads\/2007\/03\/028.jpg\"><img loading=\"lazy\" decoding=\"async\" width=\"1659\" height=\"1050\" data-id=\"1173\" src=\"http:\/\/esztergom-anno.hu.webhost.v-comp.ch\/wp-content\/uploads\/2007\/03\/028.jpg\" alt=\"\" class=\"wp-image-1173\" srcset=\"https:\/\/esztergom-anno.hu.webhost.v-comp.ch\/wp-content\/uploads\/2007\/03\/028.jpg 1659w, https:\/\/esztergom-anno.hu.webhost.v-comp.ch\/wp-content\/uploads\/2007\/03\/028-300x190.jpg 300w, https:\/\/esztergom-anno.hu.webhost.v-comp.ch\/wp-content\/uploads\/2007\/03\/028-1024x648.jpg 1024w, https:\/\/esztergom-anno.hu.webhost.v-comp.ch\/wp-content\/uploads\/2007\/03\/028-768x486.jpg 768w, https:\/\/esztergom-anno.hu.webhost.v-comp.ch\/wp-content\/uploads\/2007\/03\/028-1536x972.jpg 1536w\" sizes=\"auto, (max-width: 709px) 85vw, (max-width: 909px) 67vw, (max-width: 1362px) 62vw, 840px\" \/><\/a><\/figure>\n\n\n\n<figure class=\"wp-block-image size-large\"><a href=\"https:\/\/esztergom-anno.hu.webhost.v-comp.ch\/wp-content\/uploads\/2007\/03\/029.jpg\"><img loading=\"lazy\" decoding=\"async\" width=\"547\" height=\"344\" data-id=\"1174\" src=\"http:\/\/esztergom-anno.hu.webhost.v-comp.ch\/wp-content\/uploads\/2007\/03\/029.jpg\" alt=\"\" class=\"wp-image-1174\" srcset=\"https:\/\/esztergom-anno.hu.webhost.v-comp.ch\/wp-content\/uploads\/2007\/03\/029.jpg 547w, https:\/\/esztergom-anno.hu.webhost.v-comp.ch\/wp-content\/uploads\/2007\/03\/029-300x189.jpg 300w\" sizes=\"auto, (max-width: 547px) 85vw, 547px\" \/><\/a><\/figure>\n\n\n\n<figure class=\"wp-block-image size-large\"><a href=\"https:\/\/esztergom-anno.hu.webhost.v-comp.ch\/wp-content\/uploads\/2007\/03\/030.jpg\"><img loading=\"lazy\" decoding=\"async\" width=\"1671\" height=\"1059\" data-id=\"1175\" src=\"http:\/\/esztergom-anno.hu.webhost.v-comp.ch\/wp-content\/uploads\/2007\/03\/030.jpg\" alt=\"\" class=\"wp-image-1175\" srcset=\"https:\/\/esztergom-anno.hu.webhost.v-comp.ch\/wp-content\/uploads\/2007\/03\/030.jpg 1671w, https:\/\/esztergom-anno.hu.webhost.v-comp.ch\/wp-content\/uploads\/2007\/03\/030-300x190.jpg 300w, https:\/\/esztergom-anno.hu.webhost.v-comp.ch\/wp-content\/uploads\/2007\/03\/030-1024x649.jpg 1024w, https:\/\/esztergom-anno.hu.webhost.v-comp.ch\/wp-content\/uploads\/2007\/03\/030-768x487.jpg 768w, https:\/\/esztergom-anno.hu.webhost.v-comp.ch\/wp-content\/uploads\/2007\/03\/030-1536x973.jpg 1536w\" sizes=\"auto, (max-width: 709px) 85vw, (max-width: 909px) 67vw, (max-width: 1362px) 62vw, 840px\" \/><\/a><\/figure>\n\n\n\n<figure class=\"wp-block-image size-large\"><a href=\"https:\/\/esztergom-anno.hu.webhost.v-comp.ch\/wp-content\/uploads\/2007\/03\/031.jpg\"><img loading=\"lazy\" decoding=\"async\" width=\"1641\" height=\"1035\" data-id=\"1176\" src=\"http:\/\/esztergom-anno.hu.webhost.v-comp.ch\/wp-content\/uploads\/2007\/03\/031.jpg\" alt=\"\" class=\"wp-image-1176\" srcset=\"https:\/\/esztergom-anno.hu.webhost.v-comp.ch\/wp-content\/uploads\/2007\/03\/031.jpg 1641w, https:\/\/esztergom-anno.hu.webhost.v-comp.ch\/wp-content\/uploads\/2007\/03\/031-300x189.jpg 300w, https:\/\/esztergom-anno.hu.webhost.v-comp.ch\/wp-content\/uploads\/2007\/03\/031-1024x646.jpg 1024w, https:\/\/esztergom-anno.hu.webhost.v-comp.ch\/wp-content\/uploads\/2007\/03\/031-768x484.jpg 768w, https:\/\/esztergom-anno.hu.webhost.v-comp.ch\/wp-content\/uploads\/2007\/03\/031-1536x969.jpg 1536w\" sizes=\"auto, (max-width: 709px) 85vw, (max-width: 909px) 67vw, (max-width: 1362px) 62vw, 840px\" \/><\/a><\/figure>\n\n\n\n<figure class=\"wp-block-image size-large\"><a href=\"https:\/\/esztergom-anno.hu.webhost.v-comp.ch\/wp-content\/uploads\/2007\/03\/032.jpg\"><img loading=\"lazy\" decoding=\"async\" width=\"1644\" height=\"1047\" data-id=\"1177\" src=\"http:\/\/esztergom-anno.hu.webhost.v-comp.ch\/wp-content\/uploads\/2007\/03\/032.jpg\" alt=\"\" class=\"wp-image-1177\" srcset=\"https:\/\/esztergom-anno.hu.webhost.v-comp.ch\/wp-content\/uploads\/2007\/03\/032.jpg 1644w, https:\/\/esztergom-anno.hu.webhost.v-comp.ch\/wp-content\/uploads\/2007\/03\/032-300x191.jpg 300w, https:\/\/esztergom-anno.hu.webhost.v-comp.ch\/wp-content\/uploads\/2007\/03\/032-1024x652.jpg 1024w, https:\/\/esztergom-anno.hu.webhost.v-comp.ch\/wp-content\/uploads\/2007\/03\/032-768x489.jpg 768w, https:\/\/esztergom-anno.hu.webhost.v-comp.ch\/wp-content\/uploads\/2007\/03\/032-1536x978.jpg 1536w\" sizes=\"auto, (max-width: 709px) 85vw, (max-width: 909px) 67vw, (max-width: 1362px) 62vw, 840px\" \/><\/a><\/figure>\n\n\n\n<figure class=\"wp-block-image size-large\"><a href=\"https:\/\/esztergom-anno.hu.webhost.v-comp.ch\/wp-content\/uploads\/2007\/03\/033.jpg\"><img loading=\"lazy\" decoding=\"async\" width=\"1653\" height=\"1059\" data-id=\"1178\" src=\"http:\/\/esztergom-anno.hu.webhost.v-comp.ch\/wp-content\/uploads\/2007\/03\/033.jpg\" alt=\"\" class=\"wp-image-1178\" srcset=\"https:\/\/esztergom-anno.hu.webhost.v-comp.ch\/wp-content\/uploads\/2007\/03\/033.jpg 1653w, https:\/\/esztergom-anno.hu.webhost.v-comp.ch\/wp-content\/uploads\/2007\/03\/033-300x192.jpg 300w, https:\/\/esztergom-anno.hu.webhost.v-comp.ch\/wp-content\/uploads\/2007\/03\/033-1024x656.jpg 1024w, https:\/\/esztergom-anno.hu.webhost.v-comp.ch\/wp-content\/uploads\/2007\/03\/033-768x492.jpg 768w, https:\/\/esztergom-anno.hu.webhost.v-comp.ch\/wp-content\/uploads\/2007\/03\/033-1536x984.jpg 1536w\" sizes=\"auto, (max-width: 709px) 85vw, (max-width: 909px) 67vw, (max-width: 1362px) 62vw, 840px\" \/><\/a><\/figure>\n\n\n\n<figure class=\"wp-block-image size-large\"><a href=\"https:\/\/esztergom-anno.hu.webhost.v-comp.ch\/wp-content\/uploads\/2007\/03\/034.jpg\"><img loading=\"lazy\" decoding=\"async\" width=\"1653\" height=\"1044\" data-id=\"1179\" src=\"http:\/\/esztergom-anno.hu.webhost.v-comp.ch\/wp-content\/uploads\/2007\/03\/034.jpg\" alt=\"\" class=\"wp-image-1179\" srcset=\"https:\/\/esztergom-anno.hu.webhost.v-comp.ch\/wp-content\/uploads\/2007\/03\/034.jpg 1653w, https:\/\/esztergom-anno.hu.webhost.v-comp.ch\/wp-content\/uploads\/2007\/03\/034-300x189.jpg 300w, https:\/\/esztergom-anno.hu.webhost.v-comp.ch\/wp-content\/uploads\/2007\/03\/034-1024x647.jpg 1024w, https:\/\/esztergom-anno.hu.webhost.v-comp.ch\/wp-content\/uploads\/2007\/03\/034-768x485.jpg 768w, https:\/\/esztergom-anno.hu.webhost.v-comp.ch\/wp-content\/uploads\/2007\/03\/034-1536x970.jpg 1536w\" sizes=\"auto, (max-width: 709px) 85vw, (max-width: 909px) 67vw, (max-width: 1362px) 62vw, 840px\" \/><\/a><\/figure>\n\n\n\n<figure class=\"wp-block-image size-large\"><a href=\"https:\/\/esztergom-anno.hu.webhost.v-comp.ch\/wp-content\/uploads\/2007\/03\/035.jpg\"><img loading=\"lazy\" decoding=\"async\" width=\"1674\" height=\"1044\" data-id=\"1180\" src=\"http:\/\/esztergom-anno.hu.webhost.v-comp.ch\/wp-content\/uploads\/2007\/03\/035.jpg\" alt=\"\" class=\"wp-image-1180\" srcset=\"https:\/\/esztergom-anno.hu.webhost.v-comp.ch\/wp-content\/uploads\/2007\/03\/035.jpg 1674w, https:\/\/esztergom-anno.hu.webhost.v-comp.ch\/wp-content\/uploads\/2007\/03\/035-300x187.jpg 300w, https:\/\/esztergom-anno.hu.webhost.v-comp.ch\/wp-content\/uploads\/2007\/03\/035-1024x639.jpg 1024w, https:\/\/esztergom-anno.hu.webhost.v-comp.ch\/wp-content\/uploads\/2007\/03\/035-768x479.jpg 768w, https:\/\/esztergom-anno.hu.webhost.v-comp.ch\/wp-content\/uploads\/2007\/03\/035-1536x958.jpg 1536w\" sizes=\"auto, (max-width: 709px) 85vw, (max-width: 909px) 67vw, (max-width: 1362px) 62vw, 840px\" \/><\/a><\/figure>\n\n\n\n<figure class=\"wp-block-image size-large\"><a href=\"https:\/\/esztergom-anno.hu.webhost.v-comp.ch\/wp-content\/uploads\/2007\/03\/036.jpg\"><img loading=\"lazy\" decoding=\"async\" width=\"1656\" height=\"1038\" data-id=\"1181\" src=\"http:\/\/esztergom-anno.hu.webhost.v-comp.ch\/wp-content\/uploads\/2007\/03\/036.jpg\" alt=\"\" class=\"wp-image-1181\" srcset=\"https:\/\/esztergom-anno.hu.webhost.v-comp.ch\/wp-content\/uploads\/2007\/03\/036.jpg 1656w, https:\/\/esztergom-anno.hu.webhost.v-comp.ch\/wp-content\/uploads\/2007\/03\/036-300x188.jpg 300w, https:\/\/esztergom-anno.hu.webhost.v-comp.ch\/wp-content\/uploads\/2007\/03\/036-1024x642.jpg 1024w, https:\/\/esztergom-anno.hu.webhost.v-comp.ch\/wp-content\/uploads\/2007\/03\/036-768x481.jpg 768w, https:\/\/esztergom-anno.hu.webhost.v-comp.ch\/wp-content\/uploads\/2007\/03\/036-1536x963.jpg 1536w\" sizes=\"auto, (max-width: 709px) 85vw, (max-width: 909px) 67vw, (max-width: 1362px) 62vw, 840px\" \/><\/a><\/figure>\n\n\n\n<figure class=\"wp-block-image size-large\"><a href=\"https:\/\/esztergom-anno.hu.webhost.v-comp.ch\/wp-content\/uploads\/2007\/03\/037.jpg\"><img loading=\"lazy\" decoding=\"async\" width=\"557\" height=\"347\" data-id=\"1182\" src=\"http:\/\/esztergom-anno.hu.webhost.v-comp.ch\/wp-content\/uploads\/2007\/03\/037.jpg\" alt=\"\" class=\"wp-image-1182\" srcset=\"https:\/\/esztergom-anno.hu.webhost.v-comp.ch\/wp-content\/uploads\/2007\/03\/037.jpg 557w, https:\/\/esztergom-anno.hu.webhost.v-comp.ch\/wp-content\/uploads\/2007\/03\/037-300x187.jpg 300w\" sizes=\"auto, (max-width: 557px) 85vw, 557px\" \/><\/a><\/figure>\n\n\n\n<figure class=\"wp-block-image size-large\"><a href=\"https:\/\/esztergom-anno.hu.webhost.v-comp.ch\/wp-content\/uploads\/2007\/03\/038.jpg\"><img loading=\"lazy\" decoding=\"async\" width=\"1668\" height=\"1035\" data-id=\"1183\" src=\"http:\/\/esztergom-anno.hu.webhost.v-comp.ch\/wp-content\/uploads\/2007\/03\/038.jpg\" alt=\"\" class=\"wp-image-1183\" srcset=\"https:\/\/esztergom-anno.hu.webhost.v-comp.ch\/wp-content\/uploads\/2007\/03\/038.jpg 1668w, https:\/\/esztergom-anno.hu.webhost.v-comp.ch\/wp-content\/uploads\/2007\/03\/038-300x186.jpg 300w, https:\/\/esztergom-anno.hu.webhost.v-comp.ch\/wp-content\/uploads\/2007\/03\/038-1024x635.jpg 1024w, https:\/\/esztergom-anno.hu.webhost.v-comp.ch\/wp-content\/uploads\/2007\/03\/038-768x477.jpg 768w, https:\/\/esztergom-anno.hu.webhost.v-comp.ch\/wp-content\/uploads\/2007\/03\/038-1536x953.jpg 1536w\" sizes=\"auto, (max-width: 709px) 85vw, (max-width: 909px) 67vw, (max-width: 1362px) 62vw, 840px\" \/><\/a><\/figure>\n\n\n\n<figure class=\"wp-block-image size-large\"><a href=\"https:\/\/esztergom-anno.hu.webhost.v-comp.ch\/wp-content\/uploads\/2007\/03\/039.jpg\"><img loading=\"lazy\" decoding=\"async\" width=\"1665\" height=\"1050\" data-id=\"1184\" src=\"http:\/\/esztergom-anno.hu.webhost.v-comp.ch\/wp-content\/uploads\/2007\/03\/039.jpg\" alt=\"\" class=\"wp-image-1184\" srcset=\"https:\/\/esztergom-anno.hu.webhost.v-comp.ch\/wp-content\/uploads\/2007\/03\/039.jpg 1665w, https:\/\/esztergom-anno.hu.webhost.v-comp.ch\/wp-content\/uploads\/2007\/03\/039-300x189.jpg 300w, https:\/\/esztergom-anno.hu.webhost.v-comp.ch\/wp-content\/uploads\/2007\/03\/039-1024x646.jpg 1024w, https:\/\/esztergom-anno.hu.webhost.v-comp.ch\/wp-content\/uploads\/2007\/03\/039-768x484.jpg 768w, https:\/\/esztergom-anno.hu.webhost.v-comp.ch\/wp-content\/uploads\/2007\/03\/039-1536x969.jpg 1536w\" sizes=\"auto, (max-width: 709px) 85vw, (max-width: 909px) 67vw, (max-width: 1362px) 62vw, 840px\" \/><\/a><\/figure>\n\n\n\n<figure class=\"wp-block-image size-large\"><a href=\"https:\/\/esztergom-anno.hu.webhost.v-comp.ch\/wp-content\/uploads\/2007\/03\/040.jpg\"><img loading=\"lazy\" decoding=\"async\" width=\"1671\" height=\"1083\" data-id=\"1185\" src=\"http:\/\/esztergom-anno.hu.webhost.v-comp.ch\/wp-content\/uploads\/2007\/03\/040.jpg\" alt=\"\" class=\"wp-image-1185\" srcset=\"https:\/\/esztergom-anno.hu.webhost.v-comp.ch\/wp-content\/uploads\/2007\/03\/040.jpg 1671w, https:\/\/esztergom-anno.hu.webhost.v-comp.ch\/wp-content\/uploads\/2007\/03\/040-300x194.jpg 300w, https:\/\/esztergom-anno.hu.webhost.v-comp.ch\/wp-content\/uploads\/2007\/03\/040-1024x664.jpg 1024w, https:\/\/esztergom-anno.hu.webhost.v-comp.ch\/wp-content\/uploads\/2007\/03\/040-768x498.jpg 768w, https:\/\/esztergom-anno.hu.webhost.v-comp.ch\/wp-content\/uploads\/2007\/03\/040-1536x996.jpg 1536w\" sizes=\"auto, (max-width: 709px) 85vw, (max-width: 909px) 67vw, (max-width: 1362px) 62vw, 840px\" \/><\/a><\/figure>\n\n\n\n<figure class=\"wp-block-image size-large\"><a href=\"https:\/\/esztergom-anno.hu.webhost.v-comp.ch\/wp-content\/uploads\/2007\/03\/041.jpg\"><img loading=\"lazy\" decoding=\"async\" width=\"1668\" height=\"1035\" data-id=\"1186\" src=\"http:\/\/esztergom-anno.hu.webhost.v-comp.ch\/wp-content\/uploads\/2007\/03\/041.jpg\" alt=\"\" class=\"wp-image-1186\" srcset=\"https:\/\/esztergom-anno.hu.webhost.v-comp.ch\/wp-content\/uploads\/2007\/03\/041.jpg 1668w, https:\/\/esztergom-anno.hu.webhost.v-comp.ch\/wp-content\/uploads\/2007\/03\/041-300x186.jpg 300w, https:\/\/esztergom-anno.hu.webhost.v-comp.ch\/wp-content\/uploads\/2007\/03\/041-1024x635.jpg 1024w, https:\/\/esztergom-anno.hu.webhost.v-comp.ch\/wp-content\/uploads\/2007\/03\/041-768x477.jpg 768w, https:\/\/esztergom-anno.hu.webhost.v-comp.ch\/wp-content\/uploads\/2007\/03\/041-1536x953.jpg 1536w\" sizes=\"auto, (max-width: 709px) 85vw, (max-width: 909px) 67vw, (max-width: 1362px) 62vw, 840px\" \/><\/a><\/figure>\n\n\n\n<figure class=\"wp-block-image size-large\"><a href=\"https:\/\/esztergom-anno.hu.webhost.v-comp.ch\/wp-content\/uploads\/2007\/03\/042.jpg\"><img loading=\"lazy\" decoding=\"async\" width=\"1110\" height=\"694\" data-id=\"1187\" src=\"http:\/\/esztergom-anno.hu.webhost.v-comp.ch\/wp-content\/uploads\/2007\/03\/042.jpg\" alt=\"\" class=\"wp-image-1187\" srcset=\"https:\/\/esztergom-anno.hu.webhost.v-comp.ch\/wp-content\/uploads\/2007\/03\/042.jpg 1110w, https:\/\/esztergom-anno.hu.webhost.v-comp.ch\/wp-content\/uploads\/2007\/03\/042-300x188.jpg 300w, https:\/\/esztergom-anno.hu.webhost.v-comp.ch\/wp-content\/uploads\/2007\/03\/042-1024x640.jpg 1024w, https:\/\/esztergom-anno.hu.webhost.v-comp.ch\/wp-content\/uploads\/2007\/03\/042-768x480.jpg 768w\" sizes=\"auto, (max-width: 709px) 85vw, (max-width: 909px) 67vw, (max-width: 1362px) 62vw, 840px\" \/><\/a><\/figure>\n\n\n\n<figure class=\"wp-block-image size-large\"><a href=\"https:\/\/esztergom-anno.hu.webhost.v-comp.ch\/wp-content\/uploads\/2007\/03\/043.jpg\"><img loading=\"lazy\" decoding=\"async\" width=\"2515\" height=\"1579\" data-id=\"1188\" src=\"http:\/\/esztergom-anno.hu.webhost.v-comp.ch\/wp-content\/uploads\/2007\/03\/043.jpg\" alt=\"\" class=\"wp-image-1188\" srcset=\"https:\/\/esztergom-anno.hu.webhost.v-comp.ch\/wp-content\/uploads\/2007\/03\/043.jpg 2515w, https:\/\/esztergom-anno.hu.webhost.v-comp.ch\/wp-content\/uploads\/2007\/03\/043-300x188.jpg 300w, https:\/\/esztergom-anno.hu.webhost.v-comp.ch\/wp-content\/uploads\/2007\/03\/043-1024x643.jpg 1024w, https:\/\/esztergom-anno.hu.webhost.v-comp.ch\/wp-content\/uploads\/2007\/03\/043-768x482.jpg 768w, https:\/\/esztergom-anno.hu.webhost.v-comp.ch\/wp-content\/uploads\/2007\/03\/043-1536x964.jpg 1536w, https:\/\/esztergom-anno.hu.webhost.v-comp.ch\/wp-content\/uploads\/2007\/03\/043-2048x1286.jpg 2048w\" sizes=\"auto, (max-width: 709px) 85vw, (max-width: 909px) 67vw, (max-width: 1362px) 62vw, 840px\" \/><\/a><\/figure>\n\n\n\n<figure class=\"wp-block-image size-large\"><a href=\"https:\/\/esztergom-anno.hu.webhost.v-comp.ch\/wp-content\/uploads\/2007\/03\/044.jpg\"><img loading=\"lazy\" decoding=\"async\" width=\"1660\" height=\"1060\" data-id=\"1189\" src=\"http:\/\/esztergom-anno.hu.webhost.v-comp.ch\/wp-content\/uploads\/2007\/03\/044.jpg\" alt=\"\" class=\"wp-image-1189\" srcset=\"https:\/\/esztergom-anno.hu.webhost.v-comp.ch\/wp-content\/uploads\/2007\/03\/044.jpg 1660w, https:\/\/esztergom-anno.hu.webhost.v-comp.ch\/wp-content\/uploads\/2007\/03\/044-300x192.jpg 300w, https:\/\/esztergom-anno.hu.webhost.v-comp.ch\/wp-content\/uploads\/2007\/03\/044-1024x654.jpg 1024w, https:\/\/esztergom-anno.hu.webhost.v-comp.ch\/wp-content\/uploads\/2007\/03\/044-768x490.jpg 768w, https:\/\/esztergom-anno.hu.webhost.v-comp.ch\/wp-content\/uploads\/2007\/03\/044-1536x981.jpg 1536w\" sizes=\"auto, (max-width: 709px) 85vw, (max-width: 909px) 67vw, (max-width: 1362px) 62vw, 840px\" \/><\/a><\/figure>\n\n\n\n<figure class=\"wp-block-image size-large\"><a href=\"https:\/\/esztergom-anno.hu.webhost.v-comp.ch\/wp-content\/uploads\/2007\/03\/045.jpg\"><img loading=\"lazy\" decoding=\"async\" width=\"1608\" height=\"1039\" data-id=\"1190\" src=\"http:\/\/esztergom-anno.hu.webhost.v-comp.ch\/wp-content\/uploads\/2007\/03\/045.jpg\" alt=\"\" class=\"wp-image-1190\" srcset=\"https:\/\/esztergom-anno.hu.webhost.v-comp.ch\/wp-content\/uploads\/2007\/03\/045.jpg 1608w, https:\/\/esztergom-anno.hu.webhost.v-comp.ch\/wp-content\/uploads\/2007\/03\/045-300x194.jpg 300w, https:\/\/esztergom-anno.hu.webhost.v-comp.ch\/wp-content\/uploads\/2007\/03\/045-1024x662.jpg 1024w, https:\/\/esztergom-anno.hu.webhost.v-comp.ch\/wp-content\/uploads\/2007\/03\/045-768x496.jpg 768w, https:\/\/esztergom-anno.hu.webhost.v-comp.ch\/wp-content\/uploads\/2007\/03\/045-1536x992.jpg 1536w\" sizes=\"auto, (max-width: 709px) 85vw, (max-width: 909px) 67vw, (max-width: 1362px) 62vw, 840px\" \/><\/a><\/figure>\n\n\n\n<figure class=\"wp-block-image size-large\"><a href=\"https:\/\/esztergom-anno.hu.webhost.v-comp.ch\/wp-content\/uploads\/2007\/03\/hid002.jpg\"><img loading=\"lazy\" decoding=\"async\" width=\"1609\" height=\"1030\" data-id=\"1205\" src=\"http:\/\/esztergom-anno.hu.webhost.v-comp.ch\/wp-content\/uploads\/2007\/03\/hid002.jpg\" alt=\"\" class=\"wp-image-1205\" srcset=\"https:\/\/esztergom-anno.hu.webhost.v-comp.ch\/wp-content\/uploads\/2007\/03\/hid002.jpg 1609w, https:\/\/esztergom-anno.hu.webhost.v-comp.ch\/wp-content\/uploads\/2007\/03\/hid002-300x192.jpg 300w, https:\/\/esztergom-anno.hu.webhost.v-comp.ch\/wp-content\/uploads\/2007\/03\/hid002-1024x656.jpg 1024w, https:\/\/esztergom-anno.hu.webhost.v-comp.ch\/wp-content\/uploads\/2007\/03\/hid002-768x492.jpg 768w, https:\/\/esztergom-anno.hu.webhost.v-comp.ch\/wp-content\/uploads\/2007\/03\/hid002-1536x983.jpg 1536w\" sizes=\"auto, (max-width: 709px) 85vw, (max-width: 909px) 67vw, (max-width: 1362px) 62vw, 840px\" \/><\/a><\/figure>\n\n\n\n<figure class=\"wp-block-image size-large\"><a href=\"https:\/\/esztergom-anno.hu.webhost.v-comp.ch\/wp-content\/uploads\/2007\/03\/hid003.jpg\"><img loading=\"lazy\" decoding=\"async\" width=\"1580\" height=\"1030\" data-id=\"1206\" src=\"http:\/\/esztergom-anno.hu.webhost.v-comp.ch\/wp-content\/uploads\/2007\/03\/hid003.jpg\" alt=\"\" class=\"wp-image-1206\" srcset=\"https:\/\/esztergom-anno.hu.webhost.v-comp.ch\/wp-content\/uploads\/2007\/03\/hid003.jpg 1580w, https:\/\/esztergom-anno.hu.webhost.v-comp.ch\/wp-content\/uploads\/2007\/03\/hid003-300x196.jpg 300w, https:\/\/esztergom-anno.hu.webhost.v-comp.ch\/wp-content\/uploads\/2007\/03\/hid003-1024x668.jpg 1024w, https:\/\/esztergom-anno.hu.webhost.v-comp.ch\/wp-content\/uploads\/2007\/03\/hid003-768x501.jpg 768w, https:\/\/esztergom-anno.hu.webhost.v-comp.ch\/wp-content\/uploads\/2007\/03\/hid003-1536x1001.jpg 1536w\" sizes=\"auto, (max-width: 709px) 85vw, (max-width: 909px) 67vw, (max-width: 1362px) 62vw, 840px\" \/><\/a><\/figure>\n\n\n\n<figure class=\"wp-block-image size-large\"><a href=\"https:\/\/esztergom-anno.hu.webhost.v-comp.ch\/wp-content\/uploads\/2007\/03\/hid004.jpg\"><img loading=\"lazy\" decoding=\"async\" width=\"740\" height=\"453\" data-id=\"1207\" src=\"http:\/\/esztergom-anno.hu.webhost.v-comp.ch\/wp-content\/uploads\/2007\/03\/hid004.jpg\" alt=\"\" class=\"wp-image-1207\" srcset=\"https:\/\/esztergom-anno.hu.webhost.v-comp.ch\/wp-content\/uploads\/2007\/03\/hid004.jpg 740w, https:\/\/esztergom-anno.hu.webhost.v-comp.ch\/wp-content\/uploads\/2007\/03\/hid004-300x184.jpg 300w\" sizes=\"auto, (max-width: 740px) 85vw, 740px\" \/><\/a><\/figure>\n\n\n\n<figure class=\"wp-block-image size-large\"><a href=\"https:\/\/esztergom-anno.hu.webhost.v-comp.ch\/wp-content\/uploads\/2007\/03\/hid005.jpg\"><img loading=\"lazy\" decoding=\"async\" width=\"1066\" height=\"620\" data-id=\"1208\" src=\"http:\/\/esztergom-anno.hu.webhost.v-comp.ch\/wp-content\/uploads\/2007\/03\/hid005.jpg\" alt=\"\" class=\"wp-image-1208\" srcset=\"https:\/\/esztergom-anno.hu.webhost.v-comp.ch\/wp-content\/uploads\/2007\/03\/hid005.jpg 1066w, https:\/\/esztergom-anno.hu.webhost.v-comp.ch\/wp-content\/uploads\/2007\/03\/hid005-300x174.jpg 300w, https:\/\/esztergom-anno.hu.webhost.v-comp.ch\/wp-content\/uploads\/2007\/03\/hid005-1024x596.jpg 1024w, https:\/\/esztergom-anno.hu.webhost.v-comp.ch\/wp-content\/uploads\/2007\/03\/hid005-768x447.jpg 768w\" sizes=\"auto, (max-width: 709px) 85vw, (max-width: 909px) 67vw, (max-width: 1362px) 62vw, 840px\" \/><\/a><\/figure>\n\n\n\n<figure class=\"wp-block-image size-large\"><a href=\"https:\/\/esztergom-anno.hu.webhost.v-comp.ch\/wp-content\/uploads\/2007\/03\/hid005-1.jpg\"><img loading=\"lazy\" decoding=\"async\" width=\"1660\" height=\"1050\" data-id=\"1212\" src=\"http:\/\/esztergom-anno.hu.webhost.v-comp.ch\/wp-content\/uploads\/2007\/03\/hid005-1.jpg\" alt=\"\" class=\"wp-image-1212\" srcset=\"https:\/\/esztergom-anno.hu.webhost.v-comp.ch\/wp-content\/uploads\/2007\/03\/hid005-1.jpg 1660w, https:\/\/esztergom-anno.hu.webhost.v-comp.ch\/wp-content\/uploads\/2007\/03\/hid005-1-300x190.jpg 300w, https:\/\/esztergom-anno.hu.webhost.v-comp.ch\/wp-content\/uploads\/2007\/03\/hid005-1-1024x648.jpg 1024w, https:\/\/esztergom-anno.hu.webhost.v-comp.ch\/wp-content\/uploads\/2007\/03\/hid005-1-768x486.jpg 768w, https:\/\/esztergom-anno.hu.webhost.v-comp.ch\/wp-content\/uploads\/2007\/03\/hid005-1-1536x972.jpg 1536w\" sizes=\"auto, (max-width: 709px) 85vw, (max-width: 909px) 67vw, (max-width: 1362px) 62vw, 840px\" \/><\/a><\/figure>\n\n\n\n<figure class=\"wp-block-image size-large\"><a href=\"https:\/\/esztergom-anno.hu.webhost.v-comp.ch\/wp-content\/uploads\/2007\/03\/hid006.jpg\"><img loading=\"lazy\" decoding=\"async\" width=\"1026\" height=\"660\" data-id=\"1209\" src=\"http:\/\/esztergom-anno.hu.webhost.v-comp.ch\/wp-content\/uploads\/2007\/03\/hid006.jpg\" alt=\"\" class=\"wp-image-1209\" srcset=\"https:\/\/esztergom-anno.hu.webhost.v-comp.ch\/wp-content\/uploads\/2007\/03\/hid006.jpg 1026w, https:\/\/esztergom-anno.hu.webhost.v-comp.ch\/wp-content\/uploads\/2007\/03\/hid006-300x193.jpg 300w, https:\/\/esztergom-anno.hu.webhost.v-comp.ch\/wp-content\/uploads\/2007\/03\/hid006-1024x659.jpg 1024w, https:\/\/esztergom-anno.hu.webhost.v-comp.ch\/wp-content\/uploads\/2007\/03\/hid006-768x494.jpg 768w\" sizes=\"auto, (max-width: 709px) 85vw, (max-width: 909px) 67vw, (max-width: 1362px) 62vw, 840px\" \/><\/a><\/figure>\n\n\n\n<figure class=\"wp-block-image size-large\"><a href=\"https:\/\/esztergom-anno.hu.webhost.v-comp.ch\/wp-content\/uploads\/2007\/03\/hid009.jpg\"><img loading=\"lazy\" decoding=\"async\" width=\"1026\" height=\"660\" data-id=\"1210\" src=\"http:\/\/esztergom-anno.hu.webhost.v-comp.ch\/wp-content\/uploads\/2007\/03\/hid009.jpg\" alt=\"\" class=\"wp-image-1210\" srcset=\"https:\/\/esztergom-anno.hu.webhost.v-comp.ch\/wp-content\/uploads\/2007\/03\/hid009.jpg 1026w, https:\/\/esztergom-anno.hu.webhost.v-comp.ch\/wp-content\/uploads\/2007\/03\/hid009-300x193.jpg 300w, https:\/\/esztergom-anno.hu.webhost.v-comp.ch\/wp-content\/uploads\/2007\/03\/hid009-1024x659.jpg 1024w, https:\/\/esztergom-anno.hu.webhost.v-comp.ch\/wp-content\/uploads\/2007\/03\/hid009-768x494.jpg 768w\" sizes=\"auto, (max-width: 709px) 85vw, (max-width: 909px) 67vw, (max-width: 1362px) 62vw, 840px\" \/><\/a><\/figure>\n\n\n\n<figure class=\"wp-block-image size-large\"><a href=\"https:\/\/esztergom-anno.hu.webhost.v-comp.ch\/wp-content\/uploads\/2007\/03\/hid010.jpg\"><img loading=\"lazy\" decoding=\"async\" width=\"1613\" height=\"1666\" data-id=\"1211\" src=\"http:\/\/esztergom-anno.hu.webhost.v-comp.ch\/wp-content\/uploads\/2007\/03\/hid010.jpg\" alt=\"\" class=\"wp-image-1211\" srcset=\"https:\/\/esztergom-anno.hu.webhost.v-comp.ch\/wp-content\/uploads\/2007\/03\/hid010.jpg 1613w, https:\/\/esztergom-anno.hu.webhost.v-comp.ch\/wp-content\/uploads\/2007\/03\/hid010-290x300.jpg 290w, https:\/\/esztergom-anno.hu.webhost.v-comp.ch\/wp-content\/uploads\/2007\/03\/hid010-991x1024.jpg 991w, https:\/\/esztergom-anno.hu.webhost.v-comp.ch\/wp-content\/uploads\/2007\/03\/hid010-768x793.jpg 768w, https:\/\/esztergom-anno.hu.webhost.v-comp.ch\/wp-content\/uploads\/2007\/03\/hid010-1487x1536.jpg 1487w\" sizes=\"auto, (max-width: 709px) 85vw, (max-width: 909px) 67vw, (max-width: 1362px) 62vw, 840px\" \/><\/a><\/figure>\n\n\n\n<figure class=\"wp-block-image size-large\"><a href=\"https:\/\/esztergom-anno.hu.webhost.v-comp.ch\/wp-content\/uploads\/2007\/03\/Prokopp-Janos-hid-terve-a-piacnal-1.jpg\"><img loading=\"lazy\" decoding=\"async\" width=\"400\" height=\"289\" data-id=\"1204\" src=\"http:\/\/esztergom-anno.hu.webhost.v-comp.ch\/wp-content\/uploads\/2007\/03\/Prokopp-Janos-hid-terve-a-piacnal-1.jpg\" alt=\"\" class=\"wp-image-1204\" srcset=\"https:\/\/esztergom-anno.hu.webhost.v-comp.ch\/wp-content\/uploads\/2007\/03\/Prokopp-Janos-hid-terve-a-piacnal-1.jpg 400w, https:\/\/esztergom-anno.hu.webhost.v-comp.ch\/wp-content\/uploads\/2007\/03\/Prokopp-Janos-hid-terve-a-piacnal-1-300x217.jpg 300w\" sizes=\"auto, (max-width: 400px) 85vw, 400px\" \/><\/a><\/figure>\n\n\n\n<figure class=\"wp-block-image size-large\"><a href=\"https:\/\/esztergom-anno.hu.webhost.v-comp.ch\/wp-content\/uploads\/2007\/03\/Kepeslap-Balassa-Balint-Muzeum-Esztergom.jpg\"><img loading=\"lazy\" decoding=\"async\" width=\"400\" height=\"232\" data-id=\"1202\" src=\"http:\/\/esztergom-anno.hu.webhost.v-comp.ch\/wp-content\/uploads\/2007\/03\/Kepeslap-Balassa-Balint-Muzeum-Esztergom.jpg\" alt=\"\" class=\"wp-image-1202\" srcset=\"https:\/\/esztergom-anno.hu.webhost.v-comp.ch\/wp-content\/uploads\/2007\/03\/Kepeslap-Balassa-Balint-Muzeum-Esztergom.jpg 400w, https:\/\/esztergom-anno.hu.webhost.v-comp.ch\/wp-content\/uploads\/2007\/03\/Kepeslap-Balassa-Balint-Muzeum-Esztergom-300x174.jpg 300w\" sizes=\"auto, (max-width: 400px) 85vw, 400px\" \/><\/a><\/figure>\n\n\n\n<figure class=\"wp-block-image size-large\"><a href=\"https:\/\/esztergom-anno.hu.webhost.v-comp.ch\/wp-content\/uploads\/2007\/03\/Esztergom-Tat-kozott-kozuti-Zsidodi-patak-hid-a-11.-sz.-fout-71983-km-szelvenyeben.jpg\"><img loading=\"lazy\" decoding=\"async\" width=\"600\" height=\"210\" data-id=\"1200\" src=\"http:\/\/esztergom-anno.hu.webhost.v-comp.ch\/wp-content\/uploads\/2007\/03\/Esztergom-Tat-kozott-kozuti-Zsidodi-patak-hid-a-11.-sz.-fout-71983-km-szelvenyeben.jpg\" alt=\"\" class=\"wp-image-1200\" srcset=\"https:\/\/esztergom-anno.hu.webhost.v-comp.ch\/wp-content\/uploads\/2007\/03\/Esztergom-Tat-kozott-kozuti-Zsidodi-patak-hid-a-11.-sz.-fout-71983-km-szelvenyeben.jpg 600w, https:\/\/esztergom-anno.hu.webhost.v-comp.ch\/wp-content\/uploads\/2007\/03\/Esztergom-Tat-kozott-kozuti-Zsidodi-patak-hid-a-11.-sz.-fout-71983-km-szelvenyeben-300x105.jpg 300w\" sizes=\"auto, (max-width: 600px) 85vw, 600px\" \/><\/a><\/figure>\n\n\n\n<figure class=\"wp-block-image size-large\"><a href=\"https:\/\/esztergom-anno.hu.webhost.v-comp.ch\/wp-content\/uploads\/2007\/03\/Esztergomi-kozuti-Primas-szigeti-Kis-Duna-hid-a-11326.-j.-ut-0223-km-szelvenyeben.jpg\"><img loading=\"lazy\" decoding=\"async\" width=\"690\" height=\"186\" data-id=\"1201\" src=\"http:\/\/esztergom-anno.hu.webhost.v-comp.ch\/wp-content\/uploads\/2007\/03\/Esztergomi-kozuti-Primas-szigeti-Kis-Duna-hid-a-11326.-j.-ut-0223-km-szelvenyeben.jpg\" alt=\"\" class=\"wp-image-1201\" srcset=\"https:\/\/esztergom-anno.hu.webhost.v-comp.ch\/wp-content\/uploads\/2007\/03\/Esztergomi-kozuti-Primas-szigeti-Kis-Duna-hid-a-11326.-j.-ut-0223-km-szelvenyeben.jpg 690w, https:\/\/esztergom-anno.hu.webhost.v-comp.ch\/wp-content\/uploads\/2007\/03\/Esztergomi-kozuti-Primas-szigeti-Kis-Duna-hid-a-11326.-j.-ut-0223-km-szelvenyeben-300x81.jpg 300w\" sizes=\"auto, (max-width: 690px) 85vw, 690px\" \/><\/a><\/figure>\n\n\n\n<figure class=\"wp-block-image size-large\"><a href=\"https:\/\/esztergom-anno.hu.webhost.v-comp.ch\/wp-content\/uploads\/2007\/03\/Az-ujjaepitett-hid-a-regi-hid-tengelyeben-epult-a-megmaradt-alepitmenyek-felhasznalasaval..jpg\"><img loading=\"lazy\" decoding=\"async\" width=\"447\" height=\"149\" data-id=\"1199\" src=\"http:\/\/esztergom-anno.hu.webhost.v-comp.ch\/wp-content\/uploads\/2007\/03\/Az-ujjaepitett-hid-a-regi-hid-tengelyeben-epult-a-megmaradt-alepitmenyek-felhasznalasaval..jpg\" alt=\"\" class=\"wp-image-1199\" srcset=\"https:\/\/esztergom-anno.hu.webhost.v-comp.ch\/wp-content\/uploads\/2007\/03\/Az-ujjaepitett-hid-a-regi-hid-tengelyeben-epult-a-megmaradt-alepitmenyek-felhasznalasaval..jpg 447w, https:\/\/esztergom-anno.hu.webhost.v-comp.ch\/wp-content\/uploads\/2007\/03\/Az-ujjaepitett-hid-a-regi-hid-tengelyeben-epult-a-megmaradt-alepitmenyek-felhasznalasaval.-300x100.jpg 300w\" sizes=\"auto, (max-width: 447px) 85vw, 447px\" \/><\/a><\/figure>\n\n\n\n<figure class=\"wp-block-image size-large\"><a href=\"https:\/\/esztergom-anno.hu.webhost.v-comp.ch\/wp-content\/uploads\/2007\/03\/Az-esztergomi-Duna-hid-roncsainak-kiemelese-1949-Melyepito-es-Melyfuro-NV.jpg\"><img loading=\"lazy\" decoding=\"async\" width=\"338\" height=\"447\" data-id=\"1198\" src=\"http:\/\/esztergom-anno.hu.webhost.v-comp.ch\/wp-content\/uploads\/2007\/03\/Az-esztergomi-Duna-hid-roncsainak-kiemelese-1949-Melyepito-es-Melyfuro-NV.jpg\" alt=\"\" class=\"wp-image-1198\" srcset=\"https:\/\/esztergom-anno.hu.webhost.v-comp.ch\/wp-content\/uploads\/2007\/03\/Az-esztergomi-Duna-hid-roncsainak-kiemelese-1949-Melyepito-es-Melyfuro-NV.jpg 338w, https:\/\/esztergom-anno.hu.webhost.v-comp.ch\/wp-content\/uploads\/2007\/03\/Az-esztergomi-Duna-hid-roncsainak-kiemelese-1949-Melyepito-es-Melyfuro-NV-227x300.jpg 227w\" sizes=\"auto, (max-width: 338px) 85vw, 338px\" \/><\/a><\/figure>\n\n\n\n<figure class=\"wp-block-image size-large\"><a href=\"https:\/\/esztergom-anno.hu.webhost.v-comp.ch\/wp-content\/uploads\/2007\/03\/Avatas-elott-az-esztergomi-Duna-hid-korabeli-felvetelen-Centenariumi-kiadas.jpg\"><img loading=\"lazy\" decoding=\"async\" width=\"410\" height=\"264\" data-id=\"1197\" src=\"http:\/\/esztergom-anno.hu.webhost.v-comp.ch\/wp-content\/uploads\/2007\/03\/Avatas-elott-az-esztergomi-Duna-hid-korabeli-felvetelen-Centenariumi-kiadas.jpg\" alt=\"\" class=\"wp-image-1197\" srcset=\"https:\/\/esztergom-anno.hu.webhost.v-comp.ch\/wp-content\/uploads\/2007\/03\/Avatas-elott-az-esztergomi-Duna-hid-korabeli-felvetelen-Centenariumi-kiadas.jpg 410w, https:\/\/esztergom-anno.hu.webhost.v-comp.ch\/wp-content\/uploads\/2007\/03\/Avatas-elott-az-esztergomi-Duna-hid-korabeli-felvetelen-Centenariumi-kiadas-300x193.jpg 300w\" sizes=\"auto, (max-width: 410px) 85vw, 410px\" \/><\/a><\/figure>\n\n\n\n<figure class=\"wp-block-image size-large\"><a href=\"https:\/\/esztergom-anno.hu.webhost.v-comp.ch\/wp-content\/uploads\/2007\/03\/A-Kolos-hid-kepeslapon-Balassa-Balint-Muzeum.jpg\"><img loading=\"lazy\" decoding=\"async\" width=\"400\" height=\"243\" data-id=\"1195\" src=\"http:\/\/esztergom-anno.hu.webhost.v-comp.ch\/wp-content\/uploads\/2007\/03\/A-Kolos-hid-kepeslapon-Balassa-Balint-Muzeum.jpg\" alt=\"\" class=\"wp-image-1195\" srcset=\"https:\/\/esztergom-anno.hu.webhost.v-comp.ch\/wp-content\/uploads\/2007\/03\/A-Kolos-hid-kepeslapon-Balassa-Balint-Muzeum.jpg 400w, https:\/\/esztergom-anno.hu.webhost.v-comp.ch\/wp-content\/uploads\/2007\/03\/A-Kolos-hid-kepeslapon-Balassa-Balint-Muzeum-300x182.jpg 300w\" sizes=\"auto, (max-width: 400px) 85vw, 400px\" \/><\/a><\/figure>\n\n\n\n<figure class=\"wp-block-image size-large\"><a href=\"https:\/\/esztergom-anno.hu.webhost.v-comp.ch\/wp-content\/uploads\/2007\/03\/A-hid-ujjaepitesi-terve-2.jpg\"><img loading=\"lazy\" decoding=\"async\" width=\"400\" height=\"200\" data-id=\"1196\" src=\"http:\/\/esztergom-anno.hu.webhost.v-comp.ch\/wp-content\/uploads\/2007\/03\/A-hid-ujjaepitesi-terve-2.jpg\" alt=\"\" class=\"wp-image-1196\" srcset=\"https:\/\/esztergom-anno.hu.webhost.v-comp.ch\/wp-content\/uploads\/2007\/03\/A-hid-ujjaepitesi-terve-2.jpg 400w, https:\/\/esztergom-anno.hu.webhost.v-comp.ch\/wp-content\/uploads\/2007\/03\/A-hid-ujjaepitesi-terve-2-300x150.jpg 300w\" sizes=\"auto, (max-width: 400px) 85vw, 400px\" \/><\/a><\/figure>\n\n\n\n<figure class=\"wp-block-image size-large\"><a href=\"https:\/\/esztergom-anno.hu.webhost.v-comp.ch\/wp-content\/uploads\/2007\/03\/1947-ben-10-tonna-terhelesu-ideiglenes-hidat-epitettek-mely-a-regi-hid-ujjaepiteseig-allt-fenn..jpg\"><img loading=\"lazy\" decoding=\"async\" width=\"222\" height=\"149\" data-id=\"1193\" src=\"http:\/\/esztergom-anno.hu.webhost.v-comp.ch\/wp-content\/uploads\/2007\/03\/1947-ben-10-tonna-terhelesu-ideiglenes-hidat-epitettek-mely-a-regi-hid-ujjaepiteseig-allt-fenn..jpg\" alt=\"\" class=\"wp-image-1193\"\/><\/a><\/figure>\n<\/figure>\n","protected":false},"excerpt":{"rendered":"","protected":false},"author":1,"featured_media":0,"parent":0,"menu_order":0,"comment_status":"closed","ping_status":"closed","template":"","meta":{"footnotes":""},"class_list":["post-2814","page","type-page","status-publish","hentry"],"_links":{"self":[{"href":"https:\/\/esztergom-anno.hu.webhost.v-comp.ch\/index.php?rest_route=\/wp\/v2\/pages\/2814","targetHints":{"allow":["GET"]}}],"collection":[{"href":"https:\/\/esztergom-anno.hu.webhost.v-comp.ch\/index.php?rest_route=\/wp\/v2\/pages"}],"about":[{"href":"https:\/\/esztergom-anno.hu.webhost.v-comp.ch\/index.php?rest_route=\/wp\/v2\/types\/page"}],"author":[{"embeddable":true,"href":"https:\/\/esztergom-anno.hu.webhost.v-comp.ch\/index.php?rest_route=\/wp\/v2\/users\/1"}],"replies":[{"embeddable":true,"href":"https:\/\/esztergom-anno.hu.webhost.v-comp.ch\/index.php?rest_route=%2Fwp%2Fv2%2Fcomments&post=2814"}],"version-history":[{"count":2,"href":"https:\/\/esztergom-anno.hu.webhost.v-comp.ch\/index.php?rest_route=\/wp\/v2\/pages\/2814\/revisions"}],"predecessor-version":[{"id":3041,"href":"https:\/\/esztergom-anno.hu.webhost.v-comp.ch\/index.php?rest_route=\/wp\/v2\/pages\/2814\/revisions\/3041"}],"wp:attachment":[{"href":"https:\/\/esztergom-anno.hu.webhost.v-comp.ch\/index.php?rest_route=%2Fwp%2Fv2%2Fmedia&parent=2814"}],"curies":[{"name":"wp","href":"https:\/\/api.w.org\/{rel}","templated":true}]}}