{"id":2788,"date":"2022-02-25T11:53:21","date_gmt":"2022-02-25T10:53:21","guid":{"rendered":"https:\/\/esztergom-anno.hu.webhost.v-comp.ch\/?page_id=2788"},"modified":"2022-03-06T11:40:24","modified_gmt":"2022-03-06T10:40:24","slug":"kepeslapok-szent-istvan-furdo","status":"publish","type":"page","link":"https:\/\/esztergom-anno.hu.webhost.v-comp.ch\/?page_id=2788","title":{"rendered":"K\u00e9peslapok \/ Szent-Istv\u00e1n f\u00fcrd\u0151"},"content":{"rendered":"\n<figure class=\"wp-block-gallery has-nested-images columns-4 is-cropped wp-block-gallery-1 is-layout-flex wp-block-gallery-is-layout-flex\">\n<figure class=\"wp-block-image size-large\"><a href=\"https:\/\/esztergom-anno.hu.webhost.v-comp.ch\/wp-content\/uploads\/2007\/11\/furdo-szallo.jpg\"><img loading=\"lazy\" decoding=\"async\" width=\"494\" height=\"318\" data-id=\"1932\" src=\"http:\/\/esztergom-anno.hu.webhost.v-comp.ch\/wp-content\/uploads\/2007\/11\/furdo-szallo.jpg\" alt=\"\" class=\"wp-image-1932\" srcset=\"https:\/\/esztergom-anno.hu.webhost.v-comp.ch\/wp-content\/uploads\/2007\/11\/furdo-szallo.jpg 494w, https:\/\/esztergom-anno.hu.webhost.v-comp.ch\/wp-content\/uploads\/2007\/11\/furdo-szallo-300x193.jpg 300w\" sizes=\"auto, (max-width: 494px) 85vw, 494px\" \/><\/a><\/figure>\n\n\n\n<figure class=\"wp-block-image size-large\"><a href=\"https:\/\/esztergom-anno.hu.webhost.v-comp.ch\/wp-content\/uploads\/2007\/11\/esztergom-hotel-szt.-istvan-restaurant.jpg\"><img loading=\"lazy\" decoding=\"async\" width=\"501\" height=\"316\" data-id=\"1931\" src=\"http:\/\/esztergom-anno.hu.webhost.v-comp.ch\/wp-content\/uploads\/2007\/11\/esztergom-hotel-szt.-istvan-restaurant.jpg\" alt=\"\" class=\"wp-image-1931\" srcset=\"https:\/\/esztergom-anno.hu.webhost.v-comp.ch\/wp-content\/uploads\/2007\/11\/esztergom-hotel-szt.-istvan-restaurant.jpg 501w, https:\/\/esztergom-anno.hu.webhost.v-comp.ch\/wp-content\/uploads\/2007\/11\/esztergom-hotel-szt.-istvan-restaurant-300x189.jpg 300w\" sizes=\"auto, (max-width: 501px) 85vw, 501px\" \/><\/a><\/figure>\n\n\n\n<figure class=\"wp-block-image size-large\"><a href=\"https:\/\/esztergom-anno.hu.webhost.v-comp.ch\/wp-content\/uploads\/2007\/09\/1_big1-1.jpg\"><img loading=\"lazy\" decoding=\"async\" width=\"315\" height=\"480\" data-id=\"1930\" src=\"http:\/\/esztergom-anno.hu.webhost.v-comp.ch\/wp-content\/uploads\/2007\/09\/1_big1-1.jpg\" alt=\"\" class=\"wp-image-1930\" srcset=\"https:\/\/esztergom-anno.hu.webhost.v-comp.ch\/wp-content\/uploads\/2007\/09\/1_big1-1.jpg 315w, https:\/\/esztergom-anno.hu.webhost.v-comp.ch\/wp-content\/uploads\/2007\/09\/1_big1-1-197x300.jpg 197w\" sizes=\"auto, (max-width: 315px) 85vw, 315px\" \/><\/a><\/figure>\n\n\n\n<figure class=\"wp-block-image size-large\"><a href=\"https:\/\/esztergom-anno.hu.webhost.v-comp.ch\/wp-content\/uploads\/2007\/03\/000a.jpg\"><img loading=\"lazy\" decoding=\"async\" width=\"1644\" height=\"1053\" data-id=\"1896\" src=\"http:\/\/esztergom-anno.hu.webhost.v-comp.ch\/wp-content\/uploads\/2007\/03\/000a.jpg\" alt=\"\" class=\"wp-image-1896\" srcset=\"https:\/\/esztergom-anno.hu.webhost.v-comp.ch\/wp-content\/uploads\/2007\/03\/000a.jpg 1644w, https:\/\/esztergom-anno.hu.webhost.v-comp.ch\/wp-content\/uploads\/2007\/03\/000a-300x192.jpg 300w, https:\/\/esztergom-anno.hu.webhost.v-comp.ch\/wp-content\/uploads\/2007\/03\/000a-1024x656.jpg 1024w, https:\/\/esztergom-anno.hu.webhost.v-comp.ch\/wp-content\/uploads\/2007\/03\/000a-768x492.jpg 768w, https:\/\/esztergom-anno.hu.webhost.v-comp.ch\/wp-content\/uploads\/2007\/03\/000a-1536x984.jpg 1536w\" sizes=\"auto, (max-width: 709px) 85vw, (max-width: 909px) 67vw, (max-width: 1362px) 62vw, 840px\" \/><\/a><\/figure>\n\n\n\n<figure class=\"wp-block-image size-large\"><a href=\"https:\/\/esztergom-anno.hu.webhost.v-comp.ch\/wp-content\/uploads\/2007\/03\/000b.jpg\"><img loading=\"lazy\" decoding=\"async\" width=\"830\" height=\"520\" data-id=\"1897\" src=\"http:\/\/esztergom-anno.hu.webhost.v-comp.ch\/wp-content\/uploads\/2007\/03\/000b.jpg\" alt=\"\" class=\"wp-image-1897\" srcset=\"https:\/\/esztergom-anno.hu.webhost.v-comp.ch\/wp-content\/uploads\/2007\/03\/000b.jpg 830w, https:\/\/esztergom-anno.hu.webhost.v-comp.ch\/wp-content\/uploads\/2007\/03\/000b-300x188.jpg 300w, https:\/\/esztergom-anno.hu.webhost.v-comp.ch\/wp-content\/uploads\/2007\/03\/000b-768x481.jpg 768w\" sizes=\"auto, (max-width: 830px) 85vw, 830px\" \/><\/a><\/figure>\n\n\n\n<figure class=\"wp-block-image size-large\"><a href=\"https:\/\/esztergom-anno.hu.webhost.v-comp.ch\/wp-content\/uploads\/2007\/03\/000c.jpg\"><img loading=\"lazy\" decoding=\"async\" width=\"1653\" height=\"1047\" data-id=\"1898\" src=\"http:\/\/esztergom-anno.hu.webhost.v-comp.ch\/wp-content\/uploads\/2007\/03\/000c.jpg\" alt=\"\" class=\"wp-image-1898\" srcset=\"https:\/\/esztergom-anno.hu.webhost.v-comp.ch\/wp-content\/uploads\/2007\/03\/000c.jpg 1653w, https:\/\/esztergom-anno.hu.webhost.v-comp.ch\/wp-content\/uploads\/2007\/03\/000c-300x190.jpg 300w, https:\/\/esztergom-anno.hu.webhost.v-comp.ch\/wp-content\/uploads\/2007\/03\/000c-1024x649.jpg 1024w, https:\/\/esztergom-anno.hu.webhost.v-comp.ch\/wp-content\/uploads\/2007\/03\/000c-768x486.jpg 768w, https:\/\/esztergom-anno.hu.webhost.v-comp.ch\/wp-content\/uploads\/2007\/03\/000c-1536x973.jpg 1536w\" sizes=\"auto, (max-width: 709px) 85vw, (max-width: 909px) 67vw, (max-width: 1362px) 62vw, 840px\" \/><\/a><\/figure>\n\n\n\n<figure class=\"wp-block-image size-large\"><a href=\"https:\/\/esztergom-anno.hu.webhost.v-comp.ch\/wp-content\/uploads\/2007\/03\/000d.jpg\"><img loading=\"lazy\" decoding=\"async\" width=\"842\" height=\"522\" data-id=\"1899\" src=\"http:\/\/esztergom-anno.hu.webhost.v-comp.ch\/wp-content\/uploads\/2007\/03\/000d.jpg\" alt=\"\" class=\"wp-image-1899\" srcset=\"https:\/\/esztergom-anno.hu.webhost.v-comp.ch\/wp-content\/uploads\/2007\/03\/000d.jpg 842w, https:\/\/esztergom-anno.hu.webhost.v-comp.ch\/wp-content\/uploads\/2007\/03\/000d-300x186.jpg 300w, https:\/\/esztergom-anno.hu.webhost.v-comp.ch\/wp-content\/uploads\/2007\/03\/000d-768x476.jpg 768w\" sizes=\"auto, (max-width: 709px) 85vw, (max-width: 909px) 67vw, (max-width: 1362px) 62vw, 840px\" \/><\/a><\/figure>\n\n\n\n<figure class=\"wp-block-image size-large\"><a href=\"https:\/\/esztergom-anno.hu.webhost.v-comp.ch\/wp-content\/uploads\/2007\/03\/000e.jpg\"><img loading=\"lazy\" decoding=\"async\" width=\"1662\" height=\"1050\" data-id=\"1900\" src=\"http:\/\/esztergom-anno.hu.webhost.v-comp.ch\/wp-content\/uploads\/2007\/03\/000e.jpg\" alt=\"\" class=\"wp-image-1900\" srcset=\"https:\/\/esztergom-anno.hu.webhost.v-comp.ch\/wp-content\/uploads\/2007\/03\/000e.jpg 1662w, https:\/\/esztergom-anno.hu.webhost.v-comp.ch\/wp-content\/uploads\/2007\/03\/000e-300x190.jpg 300w, https:\/\/esztergom-anno.hu.webhost.v-comp.ch\/wp-content\/uploads\/2007\/03\/000e-1024x647.jpg 1024w, https:\/\/esztergom-anno.hu.webhost.v-comp.ch\/wp-content\/uploads\/2007\/03\/000e-768x485.jpg 768w, https:\/\/esztergom-anno.hu.webhost.v-comp.ch\/wp-content\/uploads\/2007\/03\/000e-1536x970.jpg 1536w\" sizes=\"auto, (max-width: 709px) 85vw, (max-width: 909px) 67vw, (max-width: 1362px) 62vw, 840px\" \/><\/a><\/figure>\n\n\n\n<figure class=\"wp-block-image size-large\"><a href=\"https:\/\/esztergom-anno.hu.webhost.v-comp.ch\/wp-content\/uploads\/2007\/03\/001-12.jpg\"><img loading=\"lazy\" decoding=\"async\" width=\"576\" height=\"387\" data-id=\"1901\" src=\"http:\/\/esztergom-anno.hu.webhost.v-comp.ch\/wp-content\/uploads\/2007\/03\/001-12.jpg\" alt=\"\" class=\"wp-image-1901\" srcset=\"https:\/\/esztergom-anno.hu.webhost.v-comp.ch\/wp-content\/uploads\/2007\/03\/001-12.jpg 576w, https:\/\/esztergom-anno.hu.webhost.v-comp.ch\/wp-content\/uploads\/2007\/03\/001-12-300x202.jpg 300w\" sizes=\"auto, (max-width: 576px) 85vw, 576px\" \/><\/a><\/figure>\n\n\n\n<figure class=\"wp-block-image size-large\"><a href=\"https:\/\/esztergom-anno.hu.webhost.v-comp.ch\/wp-content\/uploads\/2007\/03\/002-11.jpg\"><img loading=\"lazy\" decoding=\"async\" width=\"1680\" height=\"1056\" data-id=\"1902\" src=\"http:\/\/esztergom-anno.hu.webhost.v-comp.ch\/wp-content\/uploads\/2007\/03\/002-11.jpg\" alt=\"\" class=\"wp-image-1902\" srcset=\"https:\/\/esztergom-anno.hu.webhost.v-comp.ch\/wp-content\/uploads\/2007\/03\/002-11.jpg 1680w, https:\/\/esztergom-anno.hu.webhost.v-comp.ch\/wp-content\/uploads\/2007\/03\/002-11-300x189.jpg 300w, https:\/\/esztergom-anno.hu.webhost.v-comp.ch\/wp-content\/uploads\/2007\/03\/002-11-1024x644.jpg 1024w, https:\/\/esztergom-anno.hu.webhost.v-comp.ch\/wp-content\/uploads\/2007\/03\/002-11-768x483.jpg 768w, https:\/\/esztergom-anno.hu.webhost.v-comp.ch\/wp-content\/uploads\/2007\/03\/002-11-1536x965.jpg 1536w\" sizes=\"auto, (max-width: 709px) 85vw, (max-width: 909px) 67vw, (max-width: 1362px) 62vw, 840px\" \/><\/a><\/figure>\n\n\n\n<figure class=\"wp-block-image size-large\"><a href=\"https:\/\/esztergom-anno.hu.webhost.v-comp.ch\/wp-content\/uploads\/2007\/03\/003-11.jpg\"><img loading=\"lazy\" decoding=\"async\" width=\"1080\" height=\"1645\" data-id=\"1903\" src=\"http:\/\/esztergom-anno.hu.webhost.v-comp.ch\/wp-content\/uploads\/2007\/03\/003-11.jpg\" alt=\"\" class=\"wp-image-1903\" srcset=\"https:\/\/esztergom-anno.hu.webhost.v-comp.ch\/wp-content\/uploads\/2007\/03\/003-11.jpg 1080w, https:\/\/esztergom-anno.hu.webhost.v-comp.ch\/wp-content\/uploads\/2007\/03\/003-11-197x300.jpg 197w, https:\/\/esztergom-anno.hu.webhost.v-comp.ch\/wp-content\/uploads\/2007\/03\/003-11-672x1024.jpg 672w, https:\/\/esztergom-anno.hu.webhost.v-comp.ch\/wp-content\/uploads\/2007\/03\/003-11-768x1170.jpg 768w, https:\/\/esztergom-anno.hu.webhost.v-comp.ch\/wp-content\/uploads\/2007\/03\/003-11-1008x1536.jpg 1008w\" sizes=\"auto, (max-width: 709px) 85vw, (max-width: 909px) 67vw, (max-width: 1362px) 62vw, 840px\" \/><\/a><\/figure>\n\n\n\n<figure class=\"wp-block-image size-large\"><a href=\"https:\/\/esztergom-anno.hu.webhost.v-comp.ch\/wp-content\/uploads\/2007\/03\/004-11.jpg\"><img loading=\"lazy\" decoding=\"async\" width=\"1758\" height=\"1120\" data-id=\"1904\" src=\"http:\/\/esztergom-anno.hu.webhost.v-comp.ch\/wp-content\/uploads\/2007\/03\/004-11.jpg\" alt=\"\" class=\"wp-image-1904\" srcset=\"https:\/\/esztergom-anno.hu.webhost.v-comp.ch\/wp-content\/uploads\/2007\/03\/004-11.jpg 1758w, https:\/\/esztergom-anno.hu.webhost.v-comp.ch\/wp-content\/uploads\/2007\/03\/004-11-300x191.jpg 300w, https:\/\/esztergom-anno.hu.webhost.v-comp.ch\/wp-content\/uploads\/2007\/03\/004-11-1024x652.jpg 1024w, https:\/\/esztergom-anno.hu.webhost.v-comp.ch\/wp-content\/uploads\/2007\/03\/004-11-768x489.jpg 768w, https:\/\/esztergom-anno.hu.webhost.v-comp.ch\/wp-content\/uploads\/2007\/03\/004-11-1536x979.jpg 1536w\" sizes=\"auto, (max-width: 709px) 85vw, (max-width: 909px) 67vw, (max-width: 1362px) 62vw, 840px\" \/><\/a><\/figure>\n\n\n\n<figure class=\"wp-block-image size-large\"><a href=\"https:\/\/esztergom-anno.hu.webhost.v-comp.ch\/wp-content\/uploads\/2007\/03\/005-11.jpg\"><img loading=\"lazy\" decoding=\"async\" width=\"1099\" height=\"1758\" data-id=\"1905\" src=\"http:\/\/esztergom-anno.hu.webhost.v-comp.ch\/wp-content\/uploads\/2007\/03\/005-11.jpg\" alt=\"\" class=\"wp-image-1905\" srcset=\"https:\/\/esztergom-anno.hu.webhost.v-comp.ch\/wp-content\/uploads\/2007\/03\/005-11.jpg 1099w, https:\/\/esztergom-anno.hu.webhost.v-comp.ch\/wp-content\/uploads\/2007\/03\/005-11-188x300.jpg 188w, https:\/\/esztergom-anno.hu.webhost.v-comp.ch\/wp-content\/uploads\/2007\/03\/005-11-640x1024.jpg 640w, https:\/\/esztergom-anno.hu.webhost.v-comp.ch\/wp-content\/uploads\/2007\/03\/005-11-768x1229.jpg 768w, https:\/\/esztergom-anno.hu.webhost.v-comp.ch\/wp-content\/uploads\/2007\/03\/005-11-960x1536.jpg 960w\" sizes=\"auto, (max-width: 709px) 85vw, (max-width: 909px) 67vw, (max-width: 1362px) 62vw, 840px\" \/><\/a><\/figure>\n\n\n\n<figure class=\"wp-block-image size-large\"><a href=\"https:\/\/esztergom-anno.hu.webhost.v-comp.ch\/wp-content\/uploads\/2007\/03\/006-11.jpg\"><img loading=\"lazy\" decoding=\"async\" width=\"1758\" height=\"1128\" data-id=\"1906\" src=\"http:\/\/esztergom-anno.hu.webhost.v-comp.ch\/wp-content\/uploads\/2007\/03\/006-11.jpg\" alt=\"\" class=\"wp-image-1906\" srcset=\"https:\/\/esztergom-anno.hu.webhost.v-comp.ch\/wp-content\/uploads\/2007\/03\/006-11.jpg 1758w, https:\/\/esztergom-anno.hu.webhost.v-comp.ch\/wp-content\/uploads\/2007\/03\/006-11-300x192.jpg 300w, https:\/\/esztergom-anno.hu.webhost.v-comp.ch\/wp-content\/uploads\/2007\/03\/006-11-1024x657.jpg 1024w, https:\/\/esztergom-anno.hu.webhost.v-comp.ch\/wp-content\/uploads\/2007\/03\/006-11-768x493.jpg 768w, https:\/\/esztergom-anno.hu.webhost.v-comp.ch\/wp-content\/uploads\/2007\/03\/006-11-1536x986.jpg 1536w\" sizes=\"auto, (max-width: 709px) 85vw, (max-width: 909px) 67vw, (max-width: 1362px) 62vw, 840px\" \/><\/a><\/figure>\n\n\n\n<figure class=\"wp-block-image size-large\"><a href=\"https:\/\/esztergom-anno.hu.webhost.v-comp.ch\/wp-content\/uploads\/2007\/03\/006b.jpg\"><img loading=\"lazy\" decoding=\"async\" width=\"531\" height=\"331\" data-id=\"1907\" src=\"http:\/\/esztergom-anno.hu.webhost.v-comp.ch\/wp-content\/uploads\/2007\/03\/006b.jpg\" alt=\"\" class=\"wp-image-1907\" srcset=\"https:\/\/esztergom-anno.hu.webhost.v-comp.ch\/wp-content\/uploads\/2007\/03\/006b.jpg 531w, https:\/\/esztergom-anno.hu.webhost.v-comp.ch\/wp-content\/uploads\/2007\/03\/006b-300x187.jpg 300w\" sizes=\"auto, (max-width: 531px) 85vw, 531px\" \/><\/a><\/figure>\n\n\n\n<figure class=\"wp-block-image size-large\"><a href=\"https:\/\/esztergom-anno.hu.webhost.v-comp.ch\/wp-content\/uploads\/2007\/03\/007-9.jpg\"><img loading=\"lazy\" decoding=\"async\" width=\"1232\" height=\"1724\" data-id=\"1908\" src=\"http:\/\/esztergom-anno.hu.webhost.v-comp.ch\/wp-content\/uploads\/2007\/03\/007-9.jpg\" alt=\"\" class=\"wp-image-1908\" srcset=\"https:\/\/esztergom-anno.hu.webhost.v-comp.ch\/wp-content\/uploads\/2007\/03\/007-9.jpg 1232w, https:\/\/esztergom-anno.hu.webhost.v-comp.ch\/wp-content\/uploads\/2007\/03\/007-9-214x300.jpg 214w, https:\/\/esztergom-anno.hu.webhost.v-comp.ch\/wp-content\/uploads\/2007\/03\/007-9-732x1024.jpg 732w, https:\/\/esztergom-anno.hu.webhost.v-comp.ch\/wp-content\/uploads\/2007\/03\/007-9-768x1075.jpg 768w, https:\/\/esztergom-anno.hu.webhost.v-comp.ch\/wp-content\/uploads\/2007\/03\/007-9-1098x1536.jpg 1098w\" sizes=\"auto, (max-width: 709px) 85vw, (max-width: 909px) 67vw, (max-width: 1362px) 62vw, 840px\" \/><\/a><\/figure>\n\n\n\n<figure class=\"wp-block-image size-large\"><a href=\"https:\/\/esztergom-anno.hu.webhost.v-comp.ch\/wp-content\/uploads\/2007\/03\/008-8.jpg\"><img loading=\"lazy\" decoding=\"async\" width=\"1656\" height=\"1024\" data-id=\"1909\" src=\"http:\/\/esztergom-anno.hu.webhost.v-comp.ch\/wp-content\/uploads\/2007\/03\/008-8.jpg\" alt=\"\" class=\"wp-image-1909\" srcset=\"https:\/\/esztergom-anno.hu.webhost.v-comp.ch\/wp-content\/uploads\/2007\/03\/008-8.jpg 1656w, https:\/\/esztergom-anno.hu.webhost.v-comp.ch\/wp-content\/uploads\/2007\/03\/008-8-300x186.jpg 300w, https:\/\/esztergom-anno.hu.webhost.v-comp.ch\/wp-content\/uploads\/2007\/03\/008-8-1024x633.jpg 1024w, https:\/\/esztergom-anno.hu.webhost.v-comp.ch\/wp-content\/uploads\/2007\/03\/008-8-768x475.jpg 768w, https:\/\/esztergom-anno.hu.webhost.v-comp.ch\/wp-content\/uploads\/2007\/03\/008-8-1536x950.jpg 1536w\" sizes=\"auto, (max-width: 709px) 85vw, (max-width: 909px) 67vw, (max-width: 1362px) 62vw, 840px\" \/><\/a><\/figure>\n\n\n\n<figure class=\"wp-block-image size-large\"><a href=\"https:\/\/esztergom-anno.hu.webhost.v-comp.ch\/wp-content\/uploads\/2007\/03\/009-9.jpg\"><img loading=\"lazy\" decoding=\"async\" width=\"566\" height=\"362\" data-id=\"1910\" src=\"http:\/\/esztergom-anno.hu.webhost.v-comp.ch\/wp-content\/uploads\/2007\/03\/009-9.jpg\" alt=\"\" class=\"wp-image-1910\" srcset=\"https:\/\/esztergom-anno.hu.webhost.v-comp.ch\/wp-content\/uploads\/2007\/03\/009-9.jpg 566w, https:\/\/esztergom-anno.hu.webhost.v-comp.ch\/wp-content\/uploads\/2007\/03\/009-9-300x192.jpg 300w\" sizes=\"auto, (max-width: 566px) 85vw, 566px\" \/><\/a><\/figure>\n\n\n\n<figure class=\"wp-block-image size-large\"><a href=\"https:\/\/esztergom-anno.hu.webhost.v-comp.ch\/wp-content\/uploads\/2007\/03\/010-10.jpg\"><img loading=\"lazy\" decoding=\"async\" width=\"1664\" height=\"1016\" data-id=\"1911\" src=\"http:\/\/esztergom-anno.hu.webhost.v-comp.ch\/wp-content\/uploads\/2007\/03\/010-10.jpg\" alt=\"\" class=\"wp-image-1911\" srcset=\"https:\/\/esztergom-anno.hu.webhost.v-comp.ch\/wp-content\/uploads\/2007\/03\/010-10.jpg 1664w, https:\/\/esztergom-anno.hu.webhost.v-comp.ch\/wp-content\/uploads\/2007\/03\/010-10-300x183.jpg 300w, https:\/\/esztergom-anno.hu.webhost.v-comp.ch\/wp-content\/uploads\/2007\/03\/010-10-1024x625.jpg 1024w, https:\/\/esztergom-anno.hu.webhost.v-comp.ch\/wp-content\/uploads\/2007\/03\/010-10-768x469.jpg 768w, https:\/\/esztergom-anno.hu.webhost.v-comp.ch\/wp-content\/uploads\/2007\/03\/010-10-1536x938.jpg 1536w\" sizes=\"auto, (max-width: 709px) 85vw, (max-width: 909px) 67vw, (max-width: 1362px) 62vw, 840px\" \/><\/a><\/figure>\n\n\n\n<figure class=\"wp-block-image size-large\"><a href=\"https:\/\/esztergom-anno.hu.webhost.v-comp.ch\/wp-content\/uploads\/2007\/03\/011-9.jpg\"><img loading=\"lazy\" decoding=\"async\" width=\"1660\" height=\"1032\" data-id=\"1912\" src=\"http:\/\/esztergom-anno.hu.webhost.v-comp.ch\/wp-content\/uploads\/2007\/03\/011-9.jpg\" alt=\"\" class=\"wp-image-1912\" srcset=\"https:\/\/esztergom-anno.hu.webhost.v-comp.ch\/wp-content\/uploads\/2007\/03\/011-9.jpg 1660w, https:\/\/esztergom-anno.hu.webhost.v-comp.ch\/wp-content\/uploads\/2007\/03\/011-9-300x187.jpg 300w, https:\/\/esztergom-anno.hu.webhost.v-comp.ch\/wp-content\/uploads\/2007\/03\/011-9-1024x637.jpg 1024w, https:\/\/esztergom-anno.hu.webhost.v-comp.ch\/wp-content\/uploads\/2007\/03\/011-9-768x477.jpg 768w, https:\/\/esztergom-anno.hu.webhost.v-comp.ch\/wp-content\/uploads\/2007\/03\/011-9-1536x955.jpg 1536w\" sizes=\"auto, (max-width: 709px) 85vw, (max-width: 909px) 67vw, (max-width: 1362px) 62vw, 840px\" \/><\/a><\/figure>\n\n\n\n<figure class=\"wp-block-image size-large\"><a href=\"https:\/\/esztergom-anno.hu.webhost.v-comp.ch\/wp-content\/uploads\/2007\/03\/012-8.jpg\"><img loading=\"lazy\" decoding=\"async\" width=\"1665\" height=\"1032\" data-id=\"1913\" src=\"http:\/\/esztergom-anno.hu.webhost.v-comp.ch\/wp-content\/uploads\/2007\/03\/012-8.jpg\" alt=\"\" class=\"wp-image-1913\" srcset=\"https:\/\/esztergom-anno.hu.webhost.v-comp.ch\/wp-content\/uploads\/2007\/03\/012-8.jpg 1665w, https:\/\/esztergom-anno.hu.webhost.v-comp.ch\/wp-content\/uploads\/2007\/03\/012-8-300x186.jpg 300w, https:\/\/esztergom-anno.hu.webhost.v-comp.ch\/wp-content\/uploads\/2007\/03\/012-8-1024x635.jpg 1024w, https:\/\/esztergom-anno.hu.webhost.v-comp.ch\/wp-content\/uploads\/2007\/03\/012-8-768x476.jpg 768w, https:\/\/esztergom-anno.hu.webhost.v-comp.ch\/wp-content\/uploads\/2007\/03\/012-8-1536x952.jpg 1536w\" sizes=\"auto, (max-width: 709px) 85vw, (max-width: 909px) 67vw, (max-width: 1362px) 62vw, 840px\" \/><\/a><\/figure>\n\n\n\n<figure class=\"wp-block-image size-large\"><a href=\"https:\/\/esztergom-anno.hu.webhost.v-comp.ch\/wp-content\/uploads\/2007\/03\/013-8.jpg\"><img loading=\"lazy\" decoding=\"async\" width=\"1671\" height=\"1002\" data-id=\"1914\" src=\"http:\/\/esztergom-anno.hu.webhost.v-comp.ch\/wp-content\/uploads\/2007\/03\/013-8.jpg\" alt=\"\" class=\"wp-image-1914\" srcset=\"https:\/\/esztergom-anno.hu.webhost.v-comp.ch\/wp-content\/uploads\/2007\/03\/013-8.jpg 1671w, https:\/\/esztergom-anno.hu.webhost.v-comp.ch\/wp-content\/uploads\/2007\/03\/013-8-300x180.jpg 300w, https:\/\/esztergom-anno.hu.webhost.v-comp.ch\/wp-content\/uploads\/2007\/03\/013-8-1024x614.jpg 1024w, https:\/\/esztergom-anno.hu.webhost.v-comp.ch\/wp-content\/uploads\/2007\/03\/013-8-768x461.jpg 768w, https:\/\/esztergom-anno.hu.webhost.v-comp.ch\/wp-content\/uploads\/2007\/03\/013-8-1536x921.jpg 1536w\" sizes=\"auto, (max-width: 709px) 85vw, (max-width: 909px) 67vw, (max-width: 1362px) 62vw, 840px\" \/><\/a><\/figure>\n\n\n\n<figure class=\"wp-block-image size-large\"><a href=\"https:\/\/esztergom-anno.hu.webhost.v-comp.ch\/wp-content\/uploads\/2007\/03\/014-7.jpg\"><img loading=\"lazy\" decoding=\"async\" width=\"1659\" height=\"1026\" data-id=\"1915\" src=\"http:\/\/esztergom-anno.hu.webhost.v-comp.ch\/wp-content\/uploads\/2007\/03\/014-7.jpg\" alt=\"\" class=\"wp-image-1915\" srcset=\"https:\/\/esztergom-anno.hu.webhost.v-comp.ch\/wp-content\/uploads\/2007\/03\/014-7.jpg 1659w, https:\/\/esztergom-anno.hu.webhost.v-comp.ch\/wp-content\/uploads\/2007\/03\/014-7-300x186.jpg 300w, https:\/\/esztergom-anno.hu.webhost.v-comp.ch\/wp-content\/uploads\/2007\/03\/014-7-1024x633.jpg 1024w, https:\/\/esztergom-anno.hu.webhost.v-comp.ch\/wp-content\/uploads\/2007\/03\/014-7-768x475.jpg 768w, https:\/\/esztergom-anno.hu.webhost.v-comp.ch\/wp-content\/uploads\/2007\/03\/014-7-1536x950.jpg 1536w\" sizes=\"auto, (max-width: 709px) 85vw, (max-width: 909px) 67vw, (max-width: 1362px) 62vw, 840px\" \/><\/a><\/figure>\n\n\n\n<figure class=\"wp-block-image size-large\"><a href=\"https:\/\/esztergom-anno.hu.webhost.v-comp.ch\/wp-content\/uploads\/2007\/03\/015-7.jpg\"><img loading=\"lazy\" decoding=\"async\" width=\"1668\" height=\"1047\" data-id=\"1916\" src=\"http:\/\/esztergom-anno.hu.webhost.v-comp.ch\/wp-content\/uploads\/2007\/03\/015-7.jpg\" alt=\"\" class=\"wp-image-1916\" srcset=\"https:\/\/esztergom-anno.hu.webhost.v-comp.ch\/wp-content\/uploads\/2007\/03\/015-7.jpg 1668w, https:\/\/esztergom-anno.hu.webhost.v-comp.ch\/wp-content\/uploads\/2007\/03\/015-7-300x188.jpg 300w, https:\/\/esztergom-anno.hu.webhost.v-comp.ch\/wp-content\/uploads\/2007\/03\/015-7-1024x643.jpg 1024w, https:\/\/esztergom-anno.hu.webhost.v-comp.ch\/wp-content\/uploads\/2007\/03\/015-7-768x482.jpg 768w, https:\/\/esztergom-anno.hu.webhost.v-comp.ch\/wp-content\/uploads\/2007\/03\/015-7-1536x964.jpg 1536w\" sizes=\"auto, (max-width: 709px) 85vw, (max-width: 909px) 67vw, (max-width: 1362px) 62vw, 840px\" \/><\/a><\/figure>\n\n\n\n<figure class=\"wp-block-image size-large\"><a href=\"https:\/\/esztergom-anno.hu.webhost.v-comp.ch\/wp-content\/uploads\/2007\/03\/016-6.jpg\"><img loading=\"lazy\" decoding=\"async\" width=\"1629\" height=\"1008\" data-id=\"1917\" src=\"http:\/\/esztergom-anno.hu.webhost.v-comp.ch\/wp-content\/uploads\/2007\/03\/016-6.jpg\" alt=\"\" class=\"wp-image-1917\" srcset=\"https:\/\/esztergom-anno.hu.webhost.v-comp.ch\/wp-content\/uploads\/2007\/03\/016-6.jpg 1629w, https:\/\/esztergom-anno.hu.webhost.v-comp.ch\/wp-content\/uploads\/2007\/03\/016-6-300x186.jpg 300w, https:\/\/esztergom-anno.hu.webhost.v-comp.ch\/wp-content\/uploads\/2007\/03\/016-6-1024x634.jpg 1024w, https:\/\/esztergom-anno.hu.webhost.v-comp.ch\/wp-content\/uploads\/2007\/03\/016-6-768x475.jpg 768w, https:\/\/esztergom-anno.hu.webhost.v-comp.ch\/wp-content\/uploads\/2007\/03\/016-6-1536x950.jpg 1536w\" sizes=\"auto, (max-width: 709px) 85vw, (max-width: 909px) 67vw, (max-width: 1362px) 62vw, 840px\" \/><\/a><\/figure>\n\n\n\n<figure class=\"wp-block-image size-large\"><a href=\"https:\/\/esztergom-anno.hu.webhost.v-comp.ch\/wp-content\/uploads\/2007\/03\/017-6.jpg\"><img loading=\"lazy\" decoding=\"async\" width=\"1635\" height=\"1014\" data-id=\"1918\" src=\"http:\/\/esztergom-anno.hu.webhost.v-comp.ch\/wp-content\/uploads\/2007\/03\/017-6.jpg\" alt=\"\" class=\"wp-image-1918\" srcset=\"https:\/\/esztergom-anno.hu.webhost.v-comp.ch\/wp-content\/uploads\/2007\/03\/017-6.jpg 1635w, https:\/\/esztergom-anno.hu.webhost.v-comp.ch\/wp-content\/uploads\/2007\/03\/017-6-300x186.jpg 300w, https:\/\/esztergom-anno.hu.webhost.v-comp.ch\/wp-content\/uploads\/2007\/03\/017-6-1024x635.jpg 1024w, https:\/\/esztergom-anno.hu.webhost.v-comp.ch\/wp-content\/uploads\/2007\/03\/017-6-768x476.jpg 768w, https:\/\/esztergom-anno.hu.webhost.v-comp.ch\/wp-content\/uploads\/2007\/03\/017-6-1536x953.jpg 1536w\" sizes=\"auto, (max-width: 709px) 85vw, (max-width: 909px) 67vw, (max-width: 1362px) 62vw, 840px\" \/><\/a><\/figure>\n\n\n\n<figure class=\"wp-block-image size-large\"><a href=\"https:\/\/esztergom-anno.hu.webhost.v-comp.ch\/wp-content\/uploads\/2007\/03\/018-6.jpg\"><img loading=\"lazy\" decoding=\"async\" width=\"1647\" height=\"1032\" data-id=\"1919\" src=\"http:\/\/esztergom-anno.hu.webhost.v-comp.ch\/wp-content\/uploads\/2007\/03\/018-6.jpg\" alt=\"\" class=\"wp-image-1919\" srcset=\"https:\/\/esztergom-anno.hu.webhost.v-comp.ch\/wp-content\/uploads\/2007\/03\/018-6.jpg 1647w, https:\/\/esztergom-anno.hu.webhost.v-comp.ch\/wp-content\/uploads\/2007\/03\/018-6-300x188.jpg 300w, https:\/\/esztergom-anno.hu.webhost.v-comp.ch\/wp-content\/uploads\/2007\/03\/018-6-1024x642.jpg 1024w, https:\/\/esztergom-anno.hu.webhost.v-comp.ch\/wp-content\/uploads\/2007\/03\/018-6-768x481.jpg 768w, https:\/\/esztergom-anno.hu.webhost.v-comp.ch\/wp-content\/uploads\/2007\/03\/018-6-1536x962.jpg 1536w\" sizes=\"auto, (max-width: 709px) 85vw, (max-width: 909px) 67vw, (max-width: 1362px) 62vw, 840px\" \/><\/a><\/figure>\n\n\n\n<figure class=\"wp-block-image size-large\"><a href=\"https:\/\/esztergom-anno.hu.webhost.v-comp.ch\/wp-content\/uploads\/2007\/03\/019-5.jpg\"><img loading=\"lazy\" decoding=\"async\" width=\"1659\" height=\"1038\" data-id=\"1920\" src=\"http:\/\/esztergom-anno.hu.webhost.v-comp.ch\/wp-content\/uploads\/2007\/03\/019-5.jpg\" alt=\"\" class=\"wp-image-1920\" srcset=\"https:\/\/esztergom-anno.hu.webhost.v-comp.ch\/wp-content\/uploads\/2007\/03\/019-5.jpg 1659w, https:\/\/esztergom-anno.hu.webhost.v-comp.ch\/wp-content\/uploads\/2007\/03\/019-5-300x188.jpg 300w, https:\/\/esztergom-anno.hu.webhost.v-comp.ch\/wp-content\/uploads\/2007\/03\/019-5-1024x641.jpg 1024w, https:\/\/esztergom-anno.hu.webhost.v-comp.ch\/wp-content\/uploads\/2007\/03\/019-5-768x481.jpg 768w, https:\/\/esztergom-anno.hu.webhost.v-comp.ch\/wp-content\/uploads\/2007\/03\/019-5-1536x961.jpg 1536w\" sizes=\"auto, (max-width: 709px) 85vw, (max-width: 909px) 67vw, (max-width: 1362px) 62vw, 840px\" \/><\/a><\/figure>\n\n\n\n<figure class=\"wp-block-image size-large\"><a href=\"https:\/\/esztergom-anno.hu.webhost.v-comp.ch\/wp-content\/uploads\/2007\/03\/020-6.jpg\"><img loading=\"lazy\" decoding=\"async\" width=\"1692\" height=\"1052\" data-id=\"1921\" src=\"http:\/\/esztergom-anno.hu.webhost.v-comp.ch\/wp-content\/uploads\/2007\/03\/020-6.jpg\" alt=\"\" class=\"wp-image-1921\" srcset=\"https:\/\/esztergom-anno.hu.webhost.v-comp.ch\/wp-content\/uploads\/2007\/03\/020-6.jpg 1692w, https:\/\/esztergom-anno.hu.webhost.v-comp.ch\/wp-content\/uploads\/2007\/03\/020-6-300x187.jpg 300w, https:\/\/esztergom-anno.hu.webhost.v-comp.ch\/wp-content\/uploads\/2007\/03\/020-6-1024x637.jpg 1024w, https:\/\/esztergom-anno.hu.webhost.v-comp.ch\/wp-content\/uploads\/2007\/03\/020-6-768x478.jpg 768w, https:\/\/esztergom-anno.hu.webhost.v-comp.ch\/wp-content\/uploads\/2007\/03\/020-6-1536x955.jpg 1536w\" sizes=\"auto, (max-width: 709px) 85vw, (max-width: 909px) 67vw, (max-width: 1362px) 62vw, 840px\" \/><\/a><\/figure>\n\n\n\n<figure class=\"wp-block-image size-large\"><a href=\"https:\/\/esztergom-anno.hu.webhost.v-comp.ch\/wp-content\/uploads\/2007\/03\/021-6.jpg\"><img loading=\"lazy\" decoding=\"async\" width=\"1641\" height=\"1032\" data-id=\"1922\" src=\"http:\/\/esztergom-anno.hu.webhost.v-comp.ch\/wp-content\/uploads\/2007\/03\/021-6.jpg\" alt=\"\" class=\"wp-image-1922\" srcset=\"https:\/\/esztergom-anno.hu.webhost.v-comp.ch\/wp-content\/uploads\/2007\/03\/021-6.jpg 1641w, https:\/\/esztergom-anno.hu.webhost.v-comp.ch\/wp-content\/uploads\/2007\/03\/021-6-300x189.jpg 300w, https:\/\/esztergom-anno.hu.webhost.v-comp.ch\/wp-content\/uploads\/2007\/03\/021-6-1024x644.jpg 1024w, https:\/\/esztergom-anno.hu.webhost.v-comp.ch\/wp-content\/uploads\/2007\/03\/021-6-768x483.jpg 768w, https:\/\/esztergom-anno.hu.webhost.v-comp.ch\/wp-content\/uploads\/2007\/03\/021-6-1536x966.jpg 1536w\" sizes=\"auto, (max-width: 709px) 85vw, (max-width: 909px) 67vw, (max-width: 1362px) 62vw, 840px\" \/><\/a><\/figure>\n\n\n\n<figure class=\"wp-block-image size-large\"><a href=\"https:\/\/esztergom-anno.hu.webhost.v-comp.ch\/wp-content\/uploads\/2007\/03\/022-7.jpg\"><img loading=\"lazy\" decoding=\"async\" width=\"1680\" height=\"1044\" data-id=\"1923\" src=\"http:\/\/esztergom-anno.hu.webhost.v-comp.ch\/wp-content\/uploads\/2007\/03\/022-7.jpg\" alt=\"\" class=\"wp-image-1923\" srcset=\"https:\/\/esztergom-anno.hu.webhost.v-comp.ch\/wp-content\/uploads\/2007\/03\/022-7.jpg 1680w, https:\/\/esztergom-anno.hu.webhost.v-comp.ch\/wp-content\/uploads\/2007\/03\/022-7-300x186.jpg 300w, https:\/\/esztergom-anno.hu.webhost.v-comp.ch\/wp-content\/uploads\/2007\/03\/022-7-1024x636.jpg 1024w, https:\/\/esztergom-anno.hu.webhost.v-comp.ch\/wp-content\/uploads\/2007\/03\/022-7-768x477.jpg 768w, https:\/\/esztergom-anno.hu.webhost.v-comp.ch\/wp-content\/uploads\/2007\/03\/022-7-1536x955.jpg 1536w\" sizes=\"auto, (max-width: 709px) 85vw, (max-width: 909px) 67vw, (max-width: 1362px) 62vw, 840px\" \/><\/a><\/figure>\n\n\n\n<figure class=\"wp-block-image size-large\"><a href=\"https:\/\/esztergom-anno.hu.webhost.v-comp.ch\/wp-content\/uploads\/2007\/03\/023-7.jpg\"><img loading=\"lazy\" decoding=\"async\" width=\"1644\" height=\"1014\" data-id=\"1924\" src=\"http:\/\/esztergom-anno.hu.webhost.v-comp.ch\/wp-content\/uploads\/2007\/03\/023-7.jpg\" alt=\"\" class=\"wp-image-1924\" srcset=\"https:\/\/esztergom-anno.hu.webhost.v-comp.ch\/wp-content\/uploads\/2007\/03\/023-7.jpg 1644w, https:\/\/esztergom-anno.hu.webhost.v-comp.ch\/wp-content\/uploads\/2007\/03\/023-7-300x185.jpg 300w, https:\/\/esztergom-anno.hu.webhost.v-comp.ch\/wp-content\/uploads\/2007\/03\/023-7-1024x632.jpg 1024w, https:\/\/esztergom-anno.hu.webhost.v-comp.ch\/wp-content\/uploads\/2007\/03\/023-7-768x474.jpg 768w, https:\/\/esztergom-anno.hu.webhost.v-comp.ch\/wp-content\/uploads\/2007\/03\/023-7-1536x947.jpg 1536w\" sizes=\"auto, (max-width: 709px) 85vw, (max-width: 909px) 67vw, (max-width: 1362px) 62vw, 840px\" \/><\/a><\/figure>\n\n\n\n<figure class=\"wp-block-image size-large\"><a href=\"https:\/\/esztergom-anno.hu.webhost.v-comp.ch\/wp-content\/uploads\/2007\/03\/024-6.jpg\"><img loading=\"lazy\" decoding=\"async\" width=\"2039\" height=\"1576\" data-id=\"1925\" src=\"http:\/\/esztergom-anno.hu.webhost.v-comp.ch\/wp-content\/uploads\/2007\/03\/024-6.jpg\" alt=\"\" class=\"wp-image-1925\" srcset=\"https:\/\/esztergom-anno.hu.webhost.v-comp.ch\/wp-content\/uploads\/2007\/03\/024-6.jpg 2039w, https:\/\/esztergom-anno.hu.webhost.v-comp.ch\/wp-content\/uploads\/2007\/03\/024-6-300x232.jpg 300w, https:\/\/esztergom-anno.hu.webhost.v-comp.ch\/wp-content\/uploads\/2007\/03\/024-6-1024x791.jpg 1024w, https:\/\/esztergom-anno.hu.webhost.v-comp.ch\/wp-content\/uploads\/2007\/03\/024-6-768x594.jpg 768w, https:\/\/esztergom-anno.hu.webhost.v-comp.ch\/wp-content\/uploads\/2007\/03\/024-6-1536x1187.jpg 1536w\" sizes=\"auto, (max-width: 709px) 85vw, (max-width: 909px) 67vw, (max-width: 1362px) 62vw, 840px\" \/><\/a><\/figure>\n\n\n\n<figure class=\"wp-block-image size-large\"><a href=\"https:\/\/esztergom-anno.hu.webhost.v-comp.ch\/wp-content\/uploads\/2007\/03\/025-6.jpg\"><img loading=\"lazy\" decoding=\"async\" width=\"1596\" height=\"1020\" data-id=\"1926\" src=\"http:\/\/esztergom-anno.hu.webhost.v-comp.ch\/wp-content\/uploads\/2007\/03\/025-6.jpg\" alt=\"\" class=\"wp-image-1926\" srcset=\"https:\/\/esztergom-anno.hu.webhost.v-comp.ch\/wp-content\/uploads\/2007\/03\/025-6.jpg 1596w, https:\/\/esztergom-anno.hu.webhost.v-comp.ch\/wp-content\/uploads\/2007\/03\/025-6-300x192.jpg 300w, https:\/\/esztergom-anno.hu.webhost.v-comp.ch\/wp-content\/uploads\/2007\/03\/025-6-1024x654.jpg 1024w, https:\/\/esztergom-anno.hu.webhost.v-comp.ch\/wp-content\/uploads\/2007\/03\/025-6-768x491.jpg 768w, https:\/\/esztergom-anno.hu.webhost.v-comp.ch\/wp-content\/uploads\/2007\/03\/025-6-1536x982.jpg 1536w\" sizes=\"auto, (max-width: 709px) 85vw, (max-width: 909px) 67vw, (max-width: 1362px) 62vw, 840px\" \/><\/a><\/figure>\n\n\n\n<figure class=\"wp-block-image size-large\"><a href=\"https:\/\/esztergom-anno.hu.webhost.v-comp.ch\/wp-content\/uploads\/2007\/03\/027-5.jpg\"><img loading=\"lazy\" decoding=\"async\" width=\"1701\" height=\"1038\" data-id=\"1927\" src=\"http:\/\/esztergom-anno.hu.webhost.v-comp.ch\/wp-content\/uploads\/2007\/03\/027-5.jpg\" alt=\"\" class=\"wp-image-1927\" srcset=\"https:\/\/esztergom-anno.hu.webhost.v-comp.ch\/wp-content\/uploads\/2007\/03\/027-5.jpg 1701w, https:\/\/esztergom-anno.hu.webhost.v-comp.ch\/wp-content\/uploads\/2007\/03\/027-5-300x183.jpg 300w, https:\/\/esztergom-anno.hu.webhost.v-comp.ch\/wp-content\/uploads\/2007\/03\/027-5-1024x625.jpg 1024w, https:\/\/esztergom-anno.hu.webhost.v-comp.ch\/wp-content\/uploads\/2007\/03\/027-5-768x469.jpg 768w, https:\/\/esztergom-anno.hu.webhost.v-comp.ch\/wp-content\/uploads\/2007\/03\/027-5-1536x937.jpg 1536w\" sizes=\"auto, (max-width: 709px) 85vw, (max-width: 909px) 67vw, (max-width: 1362px) 62vw, 840px\" \/><\/a><\/figure>\n\n\n\n<figure class=\"wp-block-image size-large\"><a href=\"https:\/\/esztergom-anno.hu.webhost.v-comp.ch\/wp-content\/uploads\/2007\/03\/028-6.jpg\"><img loading=\"lazy\" decoding=\"async\" width=\"1700\" height=\"1048\" data-id=\"1928\" src=\"http:\/\/esztergom-anno.hu.webhost.v-comp.ch\/wp-content\/uploads\/2007\/03\/028-6.jpg\" alt=\"\" class=\"wp-image-1928\" srcset=\"https:\/\/esztergom-anno.hu.webhost.v-comp.ch\/wp-content\/uploads\/2007\/03\/028-6.jpg 1700w, https:\/\/esztergom-anno.hu.webhost.v-comp.ch\/wp-content\/uploads\/2007\/03\/028-6-300x185.jpg 300w, https:\/\/esztergom-anno.hu.webhost.v-comp.ch\/wp-content\/uploads\/2007\/03\/028-6-1024x631.jpg 1024w, https:\/\/esztergom-anno.hu.webhost.v-comp.ch\/wp-content\/uploads\/2007\/03\/028-6-768x473.jpg 768w, https:\/\/esztergom-anno.hu.webhost.v-comp.ch\/wp-content\/uploads\/2007\/03\/028-6-1536x947.jpg 1536w\" sizes=\"auto, (max-width: 709px) 85vw, (max-width: 909px) 67vw, (max-width: 1362px) 62vw, 840px\" \/><\/a><\/figure>\n\n\n\n<figure class=\"wp-block-image size-large\"><a href=\"https:\/\/esztergom-anno.hu.webhost.v-comp.ch\/wp-content\/uploads\/2007\/03\/029-6.jpg\"><img loading=\"lazy\" decoding=\"async\" width=\"1688\" height=\"1040\" data-id=\"1929\" src=\"http:\/\/esztergom-anno.hu.webhost.v-comp.ch\/wp-content\/uploads\/2007\/03\/029-6.jpg\" alt=\"\" class=\"wp-image-1929\" srcset=\"https:\/\/esztergom-anno.hu.webhost.v-comp.ch\/wp-content\/uploads\/2007\/03\/029-6.jpg 1688w, https:\/\/esztergom-anno.hu.webhost.v-comp.ch\/wp-content\/uploads\/2007\/03\/029-6-300x185.jpg 300w, https:\/\/esztergom-anno.hu.webhost.v-comp.ch\/wp-content\/uploads\/2007\/03\/029-6-1024x631.jpg 1024w, https:\/\/esztergom-anno.hu.webhost.v-comp.ch\/wp-content\/uploads\/2007\/03\/029-6-768x473.jpg 768w, https:\/\/esztergom-anno.hu.webhost.v-comp.ch\/wp-content\/uploads\/2007\/03\/029-6-1536x946.jpg 1536w\" sizes=\"auto, (max-width: 709px) 85vw, (max-width: 909px) 67vw, (max-width: 1362px) 62vw, 840px\" \/><\/a><\/figure>\n<\/figure>\n","protected":false},"excerpt":{"rendered":"","protected":false},"author":1,"featured_media":0,"parent":0,"menu_order":0,"comment_status":"closed","ping_status":"closed","template":"","meta":{"footnotes":""},"class_list":["post-2788","page","type-page","status-publish","hentry"],"_links":{"self":[{"href":"https:\/\/esztergom-anno.hu.webhost.v-comp.ch\/index.php?rest_route=\/wp\/v2\/pages\/2788","targetHints":{"allow":["GET"]}}],"collection":[{"href":"https:\/\/esztergom-anno.hu.webhost.v-comp.ch\/index.php?rest_route=\/wp\/v2\/pages"}],"about":[{"href":"https:\/\/esztergom-anno.hu.webhost.v-comp.ch\/index.php?rest_route=\/wp\/v2\/types\/page"}],"author":[{"embeddable":true,"href":"https:\/\/esztergom-anno.hu.webhost.v-comp.ch\/index.php?rest_route=\/wp\/v2\/users\/1"}],"replies":[{"embeddable":true,"href":"https:\/\/esztergom-anno.hu.webhost.v-comp.ch\/index.php?rest_route=%2Fwp%2Fv2%2Fcomments&post=2788"}],"version-history":[{"count":3,"href":"https:\/\/esztergom-anno.hu.webhost.v-comp.ch\/index.php?rest_route=\/wp\/v2\/pages\/2788\/revisions"}],"predecessor-version":[{"id":3045,"href":"https:\/\/esztergom-anno.hu.webhost.v-comp.ch\/index.php?rest_route=\/wp\/v2\/pages\/2788\/revisions\/3045"}],"wp:attachment":[{"href":"https:\/\/esztergom-anno.hu.webhost.v-comp.ch\/index.php?rest_route=%2Fwp%2Fv2%2Fmedia&parent=2788"}],"curies":[{"name":"wp","href":"https:\/\/api.w.org\/{rel}","templated":true}]}}